{"id":9976,"date":"2024-12-02T13:13:10","date_gmt":"2024-12-02T13:13:10","guid":{"rendered":"https:\/\/festival.hfd.digital\/de\/?page_id=9976"},"modified":"2025-05-21T08:03:05","modified_gmt":"2025-05-21T08:03:05","slug":"partner-2025","status":"publish","type":"page","link":"https:\/\/festival.hfd.digital\/de\/partner-2025\/","title":{"rendered":"Partner 2025"},"content":{"rendered":"\n<p><\/p>\n\n\n\n<p>Wir verstehen uns als Teil eines Netzwerks. Daher freuen wir uns besonders \u00fcber die Unterst\u00fctzung unserer Partner ohne die das University:Future Festival nicht m\u00f6glich w\u00e4re!<br><br><a href=\"#Veranstaltungspartner\">Kooperationspartner<\/a><br><a href=\"#b\u00fchne\">B\u00fchnenpartner<\/a><br><a href=\"#Netzwerkpartner\">Netzwerkpartner<\/a><\/p>\n\n\n\n<h2 class=\"wp-block-heading\" id=\"Veranstaltungspartner\">Kooperationspartner<\/h2>\n\n\n\n<p>Das University:Future Festival ist eine Kooperation zwischen <a href=\"https:\/\/eur04.safelinks.protection.outlook.com\/?url=https%3A%2F%2Fhochschulforumdigitalisierung.de%2F&amp;data=05%7C01%7CSebastian.Horndasch%40stifterverband.de%7C41d2cf1a01d7405f964508db3f3e8c25%7Cc6ff58bc993e4bdb8d106013e2cd361f%7C0%7C0%7C638173310096782011%7CUnknown%7CTWFpbGZsb3d8eyJWIjoiMC4wLjAwMDAiLCJQIjoiV2luMzIiLCJBTiI6Ik1haWwiLCJXVCI6Mn0%3D%7C3000%7C%7C%7C&amp;sdata=syb49JBr%2B43W6pA3OYqxumlJYcYHjcOTCJbluuyxMOQ%3D&amp;reserved=0\" target=\"_blank\" rel=\"noreferrer noopener\">Hochschulforum Digitalisierung<\/a>, <a href=\"https:\/\/eur04.safelinks.protection.outlook.com\/?url=https%3A%2F%2Fstiftung-hochschullehre.de%2F&amp;data=05%7C01%7CSebastian.Horndasch%40stifterverband.de%7C41d2cf1a01d7405f964508db3f3e8c25%7Cc6ff58bc993e4bdb8d106013e2cd361f%7C0%7C0%7C638173310096782011%7CUnknown%7CTWFpbGZsb3d8eyJWIjoiMC4wLjAwMDAiLCJQIjoiV2luMzIiLCJBTiI6Ik1haWwiLCJXVCI6Mn0%3D%7C3000%7C%7C%7C&amp;sdata=t0Hmwac6qeo%2BZC%2B6gsaPAoi567HLvq71hwHLqfyL%2FCM%3D&amp;reserved=0\" target=\"_blank\" rel=\"noreferrer noopener\">Stiftung Innovation in der Hochschullehre<\/a> und <a href=\"https:\/\/www.stifterverband.org\/\" target=\"_blank\" rel=\"noreferrer noopener\">Stifterverband<\/a>.<\/p>\n\n\n<div class=\"wp-block-image\">\n<figure class=\"aligncenter size-medium is-resized\"><img loading=\"lazy\" decoding=\"async\" width=\"250\" height=\"266\" src=\"https:\/\/festival.hfd.digital\/de\/wp-content\/uploads\/sites\/3\/2021\/08\/HFD_Logo_rgb_Verlauf-250x266.jpg\" alt=\"Logo vom HFD\" class=\"wp-image-2135\" style=\"aspect-ratio:0.9398496240601504;width:198px;height:auto\" srcset=\"https:\/\/festival.hfd.digital\/de\/wp-content\/uploads\/sites\/3\/2021\/08\/HFD_Logo_rgb_Verlauf-250x266.jpg 250w, https:\/\/festival.hfd.digital\/de\/wp-content\/uploads\/sites\/3\/2021\/08\/HFD_Logo_rgb_Verlauf-700x746.jpg 700w, https:\/\/festival.hfd.digital\/de\/wp-content\/uploads\/sites\/3\/2021\/08\/HFD_Logo_rgb_Verlauf-768x818.jpg 768w, https:\/\/festival.hfd.digital\/de\/wp-content\/uploads\/sites\/3\/2021\/08\/HFD_Logo_rgb_Verlauf-1442x1536.jpg 1442w, https:\/\/festival.hfd.digital\/de\/wp-content\/uploads\/sites\/3\/2021\/08\/HFD_Logo_rgb_Verlauf-1922x2048.jpg 1922w, https:\/\/festival.hfd.digital\/de\/wp-content\/uploads\/sites\/3\/2021\/08\/HFD_Logo_rgb_Verlauf-120x128.jpg 120w\" sizes=\"auto, (max-width: 250px) 100vw, 250px\" \/><\/figure>\n<\/div>\n\n\n<p><\/p>\n\n\n\n<p>Das&nbsp;<a href=\"https:\/\/hochschulforumdigitalisierung.de\/\" target=\"_blank\" rel=\"noreferrer noopener\">Hochschulforum Digitalisierung<\/a>&nbsp;orchestriert den Diskurs zur Hochschulbildung im digitalen Zeitalter. Als zentraler Impulsgeber informiert, ber\u00e4t und vernetzt es Akteure aus Hochschulen, Politik, Wirtschaft und Gesellschaft. Das Hochschulforum Digitalisierung wurde 2014 gegr\u00fcndet. Es ist eine gemeinsame Initiative des Stifterverbandes f\u00fcr die Deutsche Wissenschaft mit dem CHE Centrum f\u00fcr Hochschulentwicklung und der Hochschulrektorenkonferenz (HRK). Gef\u00f6rdert wird es vom Bundesministerium f\u00fcr Bildung und Forschung.<\/p>\n\n\n<div class=\"wp-block-image is-resized\">\n<figure class=\"aligncenter size-full\"><img loading=\"lazy\" decoding=\"async\" width=\"569\" height=\"250\" src=\"https:\/\/festival.hfd.digital\/de\/wp-content\/uploads\/sites\/3\/2021\/07\/Logo_Schriftzug_Stiftung_Hochschullehre_orange_rgb_72.png\" alt=\"Logo der Stiftung Innovation in der Hochschullehre\" class=\"wp-image-1698\" style=\"aspect-ratio:2.276;width:377px;height:auto\" srcset=\"https:\/\/festival.hfd.digital\/de\/wp-content\/uploads\/sites\/3\/2021\/07\/Logo_Schriftzug_Stiftung_Hochschullehre_orange_rgb_72.png 569w, https:\/\/festival.hfd.digital\/de\/wp-content\/uploads\/sites\/3\/2021\/07\/Logo_Schriftzug_Stiftung_Hochschullehre_orange_rgb_72-250x110.png 250w, https:\/\/festival.hfd.digital\/de\/wp-content\/uploads\/sites\/3\/2021\/07\/Logo_Schriftzug_Stiftung_Hochschullehre_orange_rgb_72-120x53.png 120w\" sizes=\"auto, (max-width: 569px) 100vw, 569px\" \/><\/figure>\n<\/div>\n\n\n<p>Die&nbsp;<a href=\"https:\/\/stiftung-hochschullehre.de\/\" target=\"_blank\" rel=\"noreferrer noopener\">Stiftung Innovation in der Hochschullehre<\/a> engagiert sich seit 2021 bundesweit f\u00fcr Innovationen in Studium und Lehre. Daf\u00fcr f\u00f6rdert sie Projekte an einzelnen Hochschulen oder Verbundvorhaben. Zudem schafft die Stiftung Vernetzungsangebote f\u00fcr Gestalter:innen der Lehre, st\u00e4rkt den Wissenstransfer und f\u00f6rdert den Austausch \u00fcber Projektergebnisse, Erfolge und Herausforderungen. S\u00e4mtliche Mittel dieser Wissenschaftsinstitution werden von Bund und L\u00e4ndern zur Verf\u00fcgung gestellt.<\/p>\n\n\n<div class=\"wp-block-image is-resized\">\n<figure class=\"aligncenter size-large\"><a href=\"https:\/\/www.stifterverband.org\/\"><img loading=\"lazy\" decoding=\"async\" width=\"700\" height=\"437\" src=\"https:\/\/festival.hfd.digital\/de\/wp-content\/uploads\/sites\/3\/2023\/04\/SV_Logo_01_2_DM_WB_RGB_L-700x437.png\" alt=\"Logo vom Stifterverband\" class=\"wp-image-5860\" style=\"aspect-ratio:1.6018306636155606;width:338px;height:auto\" srcset=\"https:\/\/festival.hfd.digital\/de\/wp-content\/uploads\/sites\/3\/2023\/04\/SV_Logo_01_2_DM_WB_RGB_L-700x437.png 700w, https:\/\/festival.hfd.digital\/de\/wp-content\/uploads\/sites\/3\/2023\/04\/SV_Logo_01_2_DM_WB_RGB_L-250x156.png 250w, https:\/\/festival.hfd.digital\/de\/wp-content\/uploads\/sites\/3\/2023\/04\/SV_Logo_01_2_DM_WB_RGB_L-768x479.png 768w, https:\/\/festival.hfd.digital\/de\/wp-content\/uploads\/sites\/3\/2023\/04\/SV_Logo_01_2_DM_WB_RGB_L-1536x959.png 1536w, https:\/\/festival.hfd.digital\/de\/wp-content\/uploads\/sites\/3\/2023\/04\/SV_Logo_01_2_DM_WB_RGB_L-120x75.png 120w, https:\/\/festival.hfd.digital\/de\/wp-content\/uploads\/sites\/3\/2023\/04\/SV_Logo_01_2_DM_WB_RGB_L.png 1999w\" sizes=\"auto, (max-width: 700px) 100vw, 700px\" \/><\/a><\/figure>\n<\/div>\n\n\n<p class=\"has-text-align-left\">Der <a href=\"https:\/\/www.stifterverband.org\/\" target=\"_blank\" rel=\"noreferrer noopener\">Stifterverband<\/a> ist eine Gemeinschaftsinitiative von Unternehmen und Stiftungen, die als einzige ganzheitlich in den Bereichen Bildung, Wissenschaft und Innovation ber\u00e4t, vernetzt und f\u00f6rdert. <\/p>\n\n\n\n<p><\/p>\n\n\n\n<h2 class=\"wp-block-heading\" id=\"b\u00fchne\">B\u00fchnenpartner 2025<\/h2>\n\n\n\n<p><\/p>\n\n\n<div class=\"wp-block-image\">\n<figure class=\"aligncenter size-large is-resized\"><img loading=\"lazy\" decoding=\"async\" width=\"700\" height=\"260\" src=\"https:\/\/festival.hfd.digital\/de\/wp-content\/uploads\/sites\/3\/2024\/12\/TUBraunschweig_CO_100vH_300dpi-700x260.jpg\" alt=\"\" class=\"wp-image-10067\" style=\"width:414px;height:auto\" srcset=\"https:\/\/festival.hfd.digital\/de\/wp-content\/uploads\/sites\/3\/2024\/12\/TUBraunschweig_CO_100vH_300dpi-700x260.jpg 700w, https:\/\/festival.hfd.digital\/de\/wp-content\/uploads\/sites\/3\/2024\/12\/TUBraunschweig_CO_100vH_300dpi-250x93.jpg 250w, https:\/\/festival.hfd.digital\/de\/wp-content\/uploads\/sites\/3\/2024\/12\/TUBraunschweig_CO_100vH_300dpi-768x285.jpg 768w, https:\/\/festival.hfd.digital\/de\/wp-content\/uploads\/sites\/3\/2024\/12\/TUBraunschweig_CO_100vH_300dpi-120x45.jpg 120w, https:\/\/festival.hfd.digital\/de\/wp-content\/uploads\/sites\/3\/2024\/12\/TUBraunschweig_CO_100vH_300dpi.jpg 827w\" sizes=\"auto, (max-width: 700px) 100vw, 700px\" \/><\/figure>\n<\/div>\n\n\n<p><\/p>\n\n\n\n<p>An der <a href=\"https:\/\/www.tu-braunschweig.de\/\">Technischen Universit\u00e4t Braunschweig<\/a> wird das Selbstverst\u00e4ndnis einer weltoffenen und internationalen Universit\u00e4t gelebt. Technische Innovationen und gesellschaftlicher Fortschritt werden hier immer mit Blick auf den Menschen gedacht. Welche gesellschaftlichen Konsequenzen haben Lehre und Forschung? Und welche Impulse kann die Gesellschaft andererseits der Lehre und Forschung geben? Die TU Braunschweig verbindet daf\u00fcr die Kompetenzen der Ingenieur- und Naturwissenschaften mit denen der Wirtschaftswissenschaften, der Sozialwissenschaften, der Geistes- sowie der Erziehungswissenschaften, um nachhaltige L\u00f6sungen f\u00fcr die globalen Herausforderungen von heute und morgen zu finden.<\/p>\n\n\n\n<p><\/p>\n\n\n<div class=\"wp-block-image\">\n<figure class=\"aligncenter size-full is-resized\"><img loading=\"lazy\" decoding=\"async\" width=\"471\" height=\"231\" src=\"https:\/\/festival.hfd.digital\/de\/wp-content\/uploads\/sites\/3\/2024\/12\/logo_lang-RGB.png\" alt=\"\" class=\"wp-image-10047\" style=\"width:357px;height:auto\" srcset=\"https:\/\/festival.hfd.digital\/de\/wp-content\/uploads\/sites\/3\/2024\/12\/logo_lang-RGB.png 471w, https:\/\/festival.hfd.digital\/de\/wp-content\/uploads\/sites\/3\/2024\/12\/logo_lang-RGB-250x123.png 250w, https:\/\/festival.hfd.digital\/de\/wp-content\/uploads\/sites\/3\/2024\/12\/logo_lang-RGB-120x59.png 120w\" sizes=\"auto, (max-width: 471px) 100vw, 471px\" \/><\/figure>\n<\/div>\n\n\n<p><\/p>\n\n\n\n<p>Wissen, Technik, Leidenschaft \u2013 seit \u00fcber 200 Jahren \u00fcberzeugt die <a href=\"https:\/\/www.tugraz.at\/\" target=\"_blank\" rel=\"noreferrer noopener\">Technische Universit\u00e4t Graz<\/a> mit ihren Leistungen in Lehre und Forschung. Rund 13.700 Studierende und etwa 3.900 Mitarbeitende tragen Innovationskraft und Visionen weiter in die Zukunft. F\u00fcnf thematische St\u00e4rkefelder, Kooperationen mit Wissenschaft und Wirtschaft und Internationalisierung bilden das Profil der TU Graz.<br>Die Vision von TU Graz Lehr- und Lerntechnologien ist es, einerseits die Pr\u00e4senzlehre mit Medien zu bereichern, um damit die didaktische Vielfalt und die Kommunikation zu verbessern und dar\u00fcber hinaus durch eine zentrale Servicierung und Steuerung auch f\u00fcr Best\u00e4ndigkeit zu sorgen. Andererseits geht es um den zielgruppenorientierten Ausbau von Online-Lehre und die St\u00e4rkung von offener Bildung im Sinne der Nachhaltigkeitsziele (SDG4). So verbindet die TU Graz Tradition mit Innovation und gestaltet eine zukunftsorientierte Lernumgebung f\u00fcr alle.<\/p>\n\n\n\n<p><\/p>\n\n\n<div class=\"wp-block-image\">\n<figure class=\"aligncenter size-full is-resized\"><img loading=\"lazy\" decoding=\"async\" width=\"383\" height=\"94\" src=\"https:\/\/festival.hfd.digital\/de\/wp-content\/uploads\/sites\/3\/2023\/12\/Logo_Th_Nuernberg.png\" alt=\"Logo ohm\" class=\"wp-image-6959\" style=\"aspect-ratio:4.074468085106383;width:293px;height:auto\" srcset=\"https:\/\/festival.hfd.digital\/de\/wp-content\/uploads\/sites\/3\/2023\/12\/Logo_Th_Nuernberg.png 383w, https:\/\/festival.hfd.digital\/de\/wp-content\/uploads\/sites\/3\/2023\/12\/Logo_Th_Nuernberg-250x61.png 250w, https:\/\/festival.hfd.digital\/de\/wp-content\/uploads\/sites\/3\/2023\/12\/Logo_Th_Nuernberg-120x29.png 120w\" sizes=\"auto, (max-width: 383px) 100vw, 383px\" \/><\/figure>\n<\/div>\n\n\n<p><\/p>\n\n\n\n<p>Die <a href=\"http:\/\/th-nuernberg.de\" target=\"_blank\" rel=\"noreferrer noopener\">Technische Hochschule N\u00fcrnberg Georg Simon Ohm (Ohm)<\/a> ist eine Hochschule f\u00fcr angewandte Wissenschaften. Mit rund 13.000 Studierenden ist sie bundesweit eine der gr\u00f6\u00dften ihrer Art. Die Ohm ist ein Ort der M\u00f6glichkeiten f\u00fcr Forschen, Lehren und lebenslanges Lernen: Sie erforscht die Schl\u00fcsselfragen unserer Gesellschaft, entwickelt und realisiert Ideen f\u00fcr die Welt von heute und morgen. Sie wirkt stark in der Metropolregion N\u00fcrnberg und dar\u00fcber hinaus. Moderne Lehr- und Lernformate sowie das breite und praxisorientierte Studienangebot er\u00f6ffnen den Studierenden hervorragende Berufsperspektiven.<\/p>\n\n\n\n<p><\/p>\n\n\n<div class=\"wp-block-image\">\n<figure class=\"aligncenter size-full is-resized\"><img loading=\"lazy\" decoding=\"async\" width=\"512\" height=\"512\" src=\"https:\/\/festival.hfd.digital\/de\/wp-content\/uploads\/sites\/3\/2023\/12\/UTN-Website-icon-512.png\" alt=\"Logo UTN\" class=\"wp-image-6953\" style=\"aspect-ratio:1;width:206px;height:auto\" srcset=\"https:\/\/festival.hfd.digital\/de\/wp-content\/uploads\/sites\/3\/2023\/12\/UTN-Website-icon-512.png 512w, https:\/\/festival.hfd.digital\/de\/wp-content\/uploads\/sites\/3\/2023\/12\/UTN-Website-icon-512-250x250.png 250w, https:\/\/festival.hfd.digital\/de\/wp-content\/uploads\/sites\/3\/2023\/12\/UTN-Website-icon-512-150x150.png 150w, https:\/\/festival.hfd.digital\/de\/wp-content\/uploads\/sites\/3\/2023\/12\/UTN-Website-icon-512-120x120.png 120w\" sizes=\"auto, (max-width: 512px) 100vw, 512px\" \/><\/figure>\n<\/div>\n\n\n<p><\/p>\n\n\n\n<p>Wir denken Universit\u00e4t neu! Interdisziplin\u00e4r, international und digital: Das ist der konzeptionelle Kern der <a href=\"http:\/\/utn.de\" target=\"_blank\" rel=\"noreferrer noopener\">Technischen Universit\u00e4t N\u00fcrnberg (UTN)<\/a>. Ziel ist es, die Ingenieurwissenschaften mit anderen Themenfeldern der Gesellschaft zu vernetzen. Zudem setzt die neugegr\u00fcndete Universit\u00e4t auf englischsprachige Lehre, digitale Lernformen und zukunftsweisende Forschungsthemen. Mittelfristig soll der Campus der UTN auf rund 37 Hektar Platz f\u00fcr bis zu 6.000 Studierende bieten und Lernen, Lehren und Leben an einem Ort verbinden.<\/p>\n\n\n\n<div class=\"wp-block-columns is-layout-flex wp-container-core-columns-is-layout-9d6595d7 wp-block-columns-is-layout-flex\">\n<div class=\"wp-block-column is-layout-flow wp-block-column-is-layout-flow\"><div class=\"wp-block-image\">\n<figure class=\"aligncenter size-large is-resized\"><img loading=\"lazy\" decoding=\"async\" width=\"700\" height=\"525\" src=\"https:\/\/festival.hfd.digital\/de\/wp-content\/uploads\/sites\/3\/2024\/12\/ETH-Zurich-New-Logo-PNG-vector-in-SVG-PDF-AI-CDR-format-700x525.jpeg\" alt=\"\" class=\"wp-image-10051\" style=\"width:392px;height:auto\" srcset=\"https:\/\/festival.hfd.digital\/de\/wp-content\/uploads\/sites\/3\/2024\/12\/ETH-Zurich-New-Logo-PNG-vector-in-SVG-PDF-AI-CDR-format-700x525.jpeg 700w, https:\/\/festival.hfd.digital\/de\/wp-content\/uploads\/sites\/3\/2024\/12\/ETH-Zurich-New-Logo-PNG-vector-in-SVG-PDF-AI-CDR-format-250x188.jpeg 250w, https:\/\/festival.hfd.digital\/de\/wp-content\/uploads\/sites\/3\/2024\/12\/ETH-Zurich-New-Logo-PNG-vector-in-SVG-PDF-AI-CDR-format-768x576.jpeg 768w, https:\/\/festival.hfd.digital\/de\/wp-content\/uploads\/sites\/3\/2024\/12\/ETH-Zurich-New-Logo-PNG-vector-in-SVG-PDF-AI-CDR-format-120x90.jpeg 120w, https:\/\/festival.hfd.digital\/de\/wp-content\/uploads\/sites\/3\/2024\/12\/ETH-Zurich-New-Logo-PNG-vector-in-SVG-PDF-AI-CDR-format.jpeg 866w\" sizes=\"auto, (max-width: 700px) 100vw, 700px\" \/><\/figure>\n<\/div><\/div>\n\n\n\n<div class=\"wp-block-column is-layout-flow wp-block-column-is-layout-flow\">\n<figure class=\"wp-block-image size-large\"><img loading=\"lazy\" decoding=\"async\" width=\"700\" height=\"340\" src=\"https:\/\/festival.hfd.digital\/de\/wp-content\/uploads\/sites\/3\/2024\/12\/swiss-innovation-park-zurich@3x-700x340.png\" alt=\"\" class=\"wp-image-10052\" srcset=\"https:\/\/festival.hfd.digital\/de\/wp-content\/uploads\/sites\/3\/2024\/12\/swiss-innovation-park-zurich@3x-700x340.png 700w, https:\/\/festival.hfd.digital\/de\/wp-content\/uploads\/sites\/3\/2024\/12\/swiss-innovation-park-zurich@3x-250x122.png 250w, https:\/\/festival.hfd.digital\/de\/wp-content\/uploads\/sites\/3\/2024\/12\/swiss-innovation-park-zurich@3x-120x58.png 120w, https:\/\/festival.hfd.digital\/de\/wp-content\/uploads\/sites\/3\/2024\/12\/swiss-innovation-park-zurich@3x.png 753w\" sizes=\"auto, (max-width: 700px) 100vw, 700px\" \/><\/figure>\n<\/div>\n<\/div>\n\n\n\n<p>Freiheit und Eigenverantwortung, Unternehmergeist und Weltoffenheit: Die Werte der Schweiz sind das Fundament der <a href=\"https:\/\/ethz.ch\/\" target=\"_blank\" rel=\"noreferrer noopener\">ETH Z\u00fcrich<\/a>. Die Wurzeln unserer technisch-naturwissenschaftlichen Hochschule reichen zur\u00fcck ins Jahr 1855, als die Gr\u00fcnder der modernen Schweiz diesen Ort der Innovation und des Wissens geschaffen haben. Studierende finden an der ETH Z\u00fcrich ein Umfeld, das eigenst\u00e4ndiges Denken f\u00f6rdert, Forschende ein Klima, das zu Spitzenleistungen inspiriert. Im Herzen Europas und weltweit vernetzt entwickelt die ETH Z\u00fcrich L\u00f6sungen f\u00fcr die globalen Herausforderungen von heute und morgen. Der Innovation Park Zurich schl\u00e4gt die Br\u00fccke zwischen Wissenschaft und Wirtschaft. Der Park fokussiert sich auf die Themenschwerpunkte Robotik und Mobilit\u00e4t, Luft- und Raumfahrt und fortgeschrittene Produktionstechnologien.<\/p>\n\n\n\n<p><\/p>\n\n\n\n<h2 class=\"wp-block-heading\" id=\"Netzwerkpartner\">Netzwerkpartner 2025<\/h2>\n","protected":false},"excerpt":{"rendered":"Wir verstehen uns als Teil eines Netzwerks. Daher freuen wir uns besonders \u00fcber die Unterst\u00fctzung unserer Partner ohne die das University:Future Festival nicht m\u00f6glich w\u00e4re! KooperationspartnerB\u00fchnenpartnerNetzwerkpartner Kooperationspartner Das University:Future Festival ist eine Kooperation zwischen Hochschulforum Digitalisierung, Stiftung Innovation in der Hochschullehre und Stifterverband. Das&nbsp;Hochschulforum Digitalisierung&nbsp;orchestriert den Diskurs zur Hochschulbildung im digitalen Zeitalter. Als zentraler Impulsgeber&#8230; <a class=\"view-article\" href=\"https:\/\/festival.hfd.digital\/de\/partner-2025\/\">View Article<\/a>","protected":false},"author":24,"featured_media":9773,"parent":0,"menu_order":0,"comment_status":"closed","ping_status":"closed","template":"template-partner.php","meta":{"_acf_changed":false,"inline_featured_image":false,"footnotes":""},"class_list":["post-9976","page","type-page","status-publish","has-post-thumbnail","hentry"],"acf":[],"yoast_head":"<!-- This site is optimized with the Yoast SEO plugin v27.3 - https:\/\/yoast.com\/product\/yoast-seo-wordpress\/ -->\n<title>Partner 2025 - University:Future Festival 2026<\/title>\n<meta name=\"description\" content=\"Wir verstehen uns als Teil eines Netzwerks. Deshalb freuen wir uns besonders \u00fcber die Unterst\u00fctzung durch unsere Partner!\" \/>\n<meta name=\"robots\" content=\"index, follow, max-snippet:-1, max-image-preview:large, max-video-preview:-1\" \/>\n<link rel=\"canonical\" href=\"https:\/\/festival.hfd.digital\/de\/partner-2025\/\" \/>\n<meta property=\"og:locale\" content=\"de_DE\" \/>\n<meta property=\"og:type\" content=\"article\" \/>\n<meta property=\"og:title\" content=\"Partner 2025 - University:Future Festival 2026\" \/>\n<meta property=\"og:description\" content=\"Wir verstehen uns als Teil eines Netzwerks. Deshalb freuen wir uns besonders \u00fcber die Unterst\u00fctzung durch unsere Partner!\" \/>\n<meta property=\"og:url\" content=\"https:\/\/festival.hfd.digital\/de\/partner-2025\/\" \/>\n<meta property=\"og:site_name\" content=\"University:Future Festival 2026\" \/>\n<meta property=\"article:modified_time\" content=\"2025-05-21T08:03:05+00:00\" \/>\n<meta property=\"og:image\" content=\"https:\/\/festival.hfd.digital\/de\/wp-content\/uploads\/sites\/3\/2024\/11\/31.10.-Motto-imagine.png\" \/>\n\t<meta property=\"og:image:width\" content=\"1920\" \/>\n\t<meta property=\"og:image:height\" content=\"1080\" \/>\n\t<meta property=\"og:image:type\" content=\"image\/png\" \/>\n<meta name=\"twitter:card\" content=\"summary_large_image\" \/>\n<meta name=\"twitter:label1\" content=\"Gesch\u00e4tzte Lesezeit\" \/>\n\t<meta name=\"twitter:data1\" content=\"6\u00a0Minuten\" \/>\n<script type=\"application\/ld+json\" class=\"yoast-schema-graph\">{\"@context\":\"https:\\\/\\\/schema.org\",\"@graph\":[{\"@type\":\"WebPage\",\"@id\":\"https:\\\/\\\/festival.hfd.digital\\\/de\\\/partner-2025\\\/\",\"url\":\"https:\\\/\\\/festival.hfd.digital\\\/de\\\/partner-2025\\\/\",\"name\":\"Partner 2025 - University:Future Festival 2026\",\"isPartOf\":{\"@id\":\"https:\\\/\\\/festival.hfd.digital\\\/de\\\/#website\"},\"primaryImageOfPage\":{\"@id\":\"https:\\\/\\\/festival.hfd.digital\\\/de\\\/partner-2025\\\/#primaryimage\"},\"image\":{\"@id\":\"https:\\\/\\\/festival.hfd.digital\\\/de\\\/partner-2025\\\/#primaryimage\"},\"thumbnailUrl\":\"https:\\\/\\\/festival.hfd.digital\\\/de\\\/wp-content\\\/uploads\\\/sites\\\/3\\\/2024\\\/11\\\/31.10.-Motto-imagine.png\",\"datePublished\":\"2024-12-02T13:13:10+00:00\",\"dateModified\":\"2025-05-21T08:03:05+00:00\",\"description\":\"Wir verstehen uns als Teil eines Netzwerks. Deshalb freuen wir uns besonders \u00fcber die Unterst\u00fctzung durch unsere Partner!\",\"inLanguage\":\"de\",\"potentialAction\":[{\"@type\":\"ReadAction\",\"target\":[\"https:\\\/\\\/festival.hfd.digital\\\/de\\\/partner-2025\\\/\"]}]},{\"@type\":\"ImageObject\",\"inLanguage\":\"de\",\"@id\":\"https:\\\/\\\/festival.hfd.digital\\\/de\\\/partner-2025\\\/#primaryimage\",\"url\":\"https:\\\/\\\/festival.hfd.digital\\\/de\\\/wp-content\\\/uploads\\\/sites\\\/3\\\/2024\\\/11\\\/31.10.-Motto-imagine.png\",\"contentUrl\":\"https:\\\/\\\/festival.hfd.digital\\\/de\\\/wp-content\\\/uploads\\\/sites\\\/3\\\/2024\\\/11\\\/31.10.-Motto-imagine.png\",\"width\":1920,\"height\":1080},{\"@type\":\"WebSite\",\"@id\":\"https:\\\/\\\/festival.hfd.digital\\\/de\\\/#website\",\"url\":\"https:\\\/\\\/festival.hfd.digital\\\/de\\\/\",\"name\":\"University:Future Festival 2026\",\"description\":\"Das j\u00e4hrliche Festival zur Zukunft der Hochschulbildung.\",\"potentialAction\":[{\"@type\":\"SearchAction\",\"target\":{\"@type\":\"EntryPoint\",\"urlTemplate\":\"https:\\\/\\\/festival.hfd.digital\\\/de\\\/?s={search_term_string}\"},\"query-input\":{\"@type\":\"PropertyValueSpecification\",\"valueRequired\":true,\"valueName\":\"search_term_string\"}}],\"inLanguage\":\"de\"}]}<\/script>\n<!-- \/ Yoast SEO plugin. -->","yoast_head_json":{"title":"Partner 2025 - University:Future Festival 2026","description":"Wir verstehen uns als Teil eines Netzwerks. Deshalb freuen wir uns besonders \u00fcber die Unterst\u00fctzung durch unsere Partner!","robots":{"index":"index","follow":"follow","max-snippet":"max-snippet:-1","max-image-preview":"max-image-preview:large","max-video-preview":"max-video-preview:-1"},"canonical":"https:\/\/festival.hfd.digital\/de\/partner-2025\/","og_locale":"de_DE","og_type":"article","og_title":"Partner 2025 - University:Future Festival 2026","og_description":"Wir verstehen uns als Teil eines Netzwerks. Deshalb freuen wir uns besonders \u00fcber die Unterst\u00fctzung durch unsere Partner!","og_url":"https:\/\/festival.hfd.digital\/de\/partner-2025\/","og_site_name":"University:Future Festival 2026","article_modified_time":"2025-05-21T08:03:05+00:00","og_image":[{"width":1920,"height":1080,"url":"https:\/\/festival.hfd.digital\/de\/wp-content\/uploads\/sites\/3\/2024\/11\/31.10.-Motto-imagine.png","type":"image\/png"}],"twitter_card":"summary_large_image","twitter_misc":{"Gesch\u00e4tzte Lesezeit":"6\u00a0Minuten"},"schema":{"@context":"https:\/\/schema.org","@graph":[{"@type":"WebPage","@id":"https:\/\/festival.hfd.digital\/de\/partner-2025\/","url":"https:\/\/festival.hfd.digital\/de\/partner-2025\/","name":"Partner 2025 - University:Future Festival 2026","isPartOf":{"@id":"https:\/\/festival.hfd.digital\/de\/#website"},"primaryImageOfPage":{"@id":"https:\/\/festival.hfd.digital\/de\/partner-2025\/#primaryimage"},"image":{"@id":"https:\/\/festival.hfd.digital\/de\/partner-2025\/#primaryimage"},"thumbnailUrl":"https:\/\/festival.hfd.digital\/de\/wp-content\/uploads\/sites\/3\/2024\/11\/31.10.-Motto-imagine.png","datePublished":"2024-12-02T13:13:10+00:00","dateModified":"2025-05-21T08:03:05+00:00","description":"Wir verstehen uns als Teil eines Netzwerks. Deshalb freuen wir uns besonders \u00fcber die Unterst\u00fctzung durch unsere Partner!","inLanguage":"de","potentialAction":[{"@type":"ReadAction","target":["https:\/\/festival.hfd.digital\/de\/partner-2025\/"]}]},{"@type":"ImageObject","inLanguage":"de","@id":"https:\/\/festival.hfd.digital\/de\/partner-2025\/#primaryimage","url":"https:\/\/festival.hfd.digital\/de\/wp-content\/uploads\/sites\/3\/2024\/11\/31.10.-Motto-imagine.png","contentUrl":"https:\/\/festival.hfd.digital\/de\/wp-content\/uploads\/sites\/3\/2024\/11\/31.10.-Motto-imagine.png","width":1920,"height":1080},{"@type":"WebSite","@id":"https:\/\/festival.hfd.digital\/de\/#website","url":"https:\/\/festival.hfd.digital\/de\/","name":"University:Future Festival 2026","description":"Das j\u00e4hrliche Festival zur Zukunft der Hochschulbildung.","potentialAction":[{"@type":"SearchAction","target":{"@type":"EntryPoint","urlTemplate":"https:\/\/festival.hfd.digital\/de\/?s={search_term_string}"},"query-input":{"@type":"PropertyValueSpecification","valueRequired":true,"valueName":"search_term_string"}}],"inLanguage":"de"}]}},"_links":{"self":[{"href":"https:\/\/festival.hfd.digital\/de\/wp-json\/wp\/v2\/pages\/9976","targetHints":{"allow":["GET"]}}],"collection":[{"href":"https:\/\/festival.hfd.digital\/de\/wp-json\/wp\/v2\/pages"}],"about":[{"href":"https:\/\/festival.hfd.digital\/de\/wp-json\/wp\/v2\/types\/page"}],"author":[{"embeddable":true,"href":"https:\/\/festival.hfd.digital\/de\/wp-json\/wp\/v2\/users\/24"}],"replies":[{"embeddable":true,"href":"https:\/\/festival.hfd.digital\/de\/wp-json\/wp\/v2\/comments?post=9976"}],"version-history":[{"count":37,"href":"https:\/\/festival.hfd.digital\/de\/wp-json\/wp\/v2\/pages\/9976\/revisions"}],"predecessor-version":[{"id":12056,"href":"https:\/\/festival.hfd.digital\/de\/wp-json\/wp\/v2\/pages\/9976\/revisions\/12056"}],"wp:featuredmedia":[{"embeddable":true,"href":"https:\/\/festival.hfd.digital\/de\/wp-json\/wp\/v2\/media\/9773"}],"wp:attachment":[{"href":"https:\/\/festival.hfd.digital\/de\/wp-json\/wp\/v2\/media?parent=9976"}],"curies":[{"name":"wp","href":"https:\/\/api.w.org\/{rel}","templated":true}]}}