{"id":7578,"date":"2024-04-02T08:32:32","date_gmt":"2024-04-02T08:32:32","guid":{"rendered":"https:\/\/festival.hfd.digital\/de\/?page_id=7578"},"modified":"2024-07-01T10:37:37","modified_gmt":"2024-07-01T10:37:37","slug":"praesenzbuehne-berlin-2024","status":"publish","type":"page","link":"https:\/\/festival.hfd.digital\/de\/praesenzbuehne-berlin-2024\/","title":{"rendered":"Mainstage-Event Berlin"},"content":{"rendered":"\n<h5 class=\"wp-block-heading\">Die Mainstage und die Community-Stage beim University:Future Festival 2024 in Berlin standen im Zeichen guter Zuk\u00fcnfte f\u00fcr die (digitale) Hochschulbildung. Neben konkreten Problemstellungen und L\u00f6sungen aus der Praxis diskutierten wir grundlegende Visionen, Narrative und Werte f\u00fcr die Gestaltung einer zukunftsf\u00e4higen akademischen Bildung.<\/h5>\n\n\n\n<p><\/p>\n\n\n<div class=\"wp-block-image is-style-default\">\n<figure class=\"aligncenter size-large\"><img loading=\"lazy\" decoding=\"async\" width=\"700\" height=\"394\" src=\"https:\/\/festival.hfd.digital\/de\/wp-content\/uploads\/sites\/3\/2024\/04\/Mainstage-Event-und-Community-Stage-UFF-2024-700x394.png\" alt=\"\" class=\"wp-image-8088\" srcset=\"https:\/\/festival.hfd.digital\/de\/wp-content\/uploads\/sites\/3\/2024\/04\/Mainstage-Event-und-Community-Stage-UFF-2024-700x394.png 700w, https:\/\/festival.hfd.digital\/de\/wp-content\/uploads\/sites\/3\/2024\/04\/Mainstage-Event-und-Community-Stage-UFF-2024-250x141.png 250w, https:\/\/festival.hfd.digital\/de\/wp-content\/uploads\/sites\/3\/2024\/04\/Mainstage-Event-und-Community-Stage-UFF-2024-768x432.png 768w, https:\/\/festival.hfd.digital\/de\/wp-content\/uploads\/sites\/3\/2024\/04\/Mainstage-Event-und-Community-Stage-UFF-2024-1536x864.png 1536w, https:\/\/festival.hfd.digital\/de\/wp-content\/uploads\/sites\/3\/2024\/04\/Mainstage-Event-und-Community-Stage-UFF-2024-120x68.png 120w, https:\/\/festival.hfd.digital\/de\/wp-content\/uploads\/sites\/3\/2024\/04\/Mainstage-Event-und-Community-Stage-UFF-2024.png 1920w\" sizes=\"auto, (max-width: 700px) 100vw, 700px\" \/><\/figure>\n<\/div>\n\n\n<p><\/p>\n\n\n\n<p><strong>Eckdaten<\/strong>: Mainstage und Community-Stage bieten ein zweit\u00e4tiges Programm vom 05. bis 06. Juni. An beiden Tagen beginnt das Programm um 09:00 Uhr und endet um 17:45 Uhr. Am dritten Festivaltag geht es rein digital weiter. Schauen Sie dazu in unsere <a href=\"https:\/\/festival.hfd.digital\/de\/programm-stages-2024\/\">B\u00fchnen\u00fcbersicht<\/a>.<\/p>\n\n\n\n<p><strong>Location<\/strong>: <a href=\"https:\/\/festsaal-kreuzberg.de\/de\" target=\"_blank\" rel=\"noreferrer noopener\">Festsaal Kreuzberg<\/a>, Am Flutgraben 2, 12435 Berlin.<\/p>\n\n\n\n<p><a href=\"https:\/\/festival.hfd.digital\/de\/praesenzbuehne-berlin-2024\/#keynotes\">Keynote-Speaker:innen<\/a><br><a href=\"https:\/\/festival.hfd.digital\/de\/praesenzbuehne-berlin-2024\/#buehnenprogramm\">B\u00fchnenprogramm<\/a><br><a href=\"https:\/\/festival.hfd.digital\/de\/praesenzbuehne-berlin-2024\/#meetups\">Meetups &amp; Workshops<\/a><br><a href=\"https:\/\/festival.hfd.digital\/de\/praesenzbuehne-berlin-2024\/#experience\">Experience:Space<\/a><br><a href=\"https:\/\/festival.hfd.digital\/de\/praesenzbuehne-berlin-2024\/#on-demand\">On-Demand<\/a><\/p>\n\n\n\n<h2 class=\"wp-block-heading\" id=\"keynotes\">Keynote-Speaker:innen (Auswahl)<\/h2>\n\n\n\n<div class=\"wp-block-columns is-layout-flex wp-container-core-columns-is-layout-9d6595d7 wp-block-columns-is-layout-flex\">\n<div class=\"wp-block-column is-layout-flow wp-block-column-is-layout-flow\">\n<figure class=\"wp-block-image size-full is-style-rounded wp-duotone-unset-1\"><a href=\"https:\/\/festival.hfd.digital\/de\/keynotes2024\/#frank\"><img loading=\"lazy\" decoding=\"async\" width=\"1207\" height=\"1207\" src=\"https:\/\/festival.hfd.digital\/de\/wp-content\/uploads\/sites\/3\/2024\/04\/Andrea-Frank-Keynote-UFF-2024.jpg\" alt=\"Foto von Andrea Frank\" class=\"wp-image-8531\" style=\"aspect-ratio:1;object-fit:cover\" srcset=\"https:\/\/festival.hfd.digital\/de\/wp-content\/uploads\/sites\/3\/2024\/04\/Andrea-Frank-Keynote-UFF-2024.jpg 1207w, https:\/\/festival.hfd.digital\/de\/wp-content\/uploads\/sites\/3\/2024\/04\/Andrea-Frank-Keynote-UFF-2024-250x250.jpg 250w, https:\/\/festival.hfd.digital\/de\/wp-content\/uploads\/sites\/3\/2024\/04\/Andrea-Frank-Keynote-UFF-2024-700x700.jpg 700w, https:\/\/festival.hfd.digital\/de\/wp-content\/uploads\/sites\/3\/2024\/04\/Andrea-Frank-Keynote-UFF-2024-150x150.jpg 150w, https:\/\/festival.hfd.digital\/de\/wp-content\/uploads\/sites\/3\/2024\/04\/Andrea-Frank-Keynote-UFF-2024-768x768.jpg 768w, https:\/\/festival.hfd.digital\/de\/wp-content\/uploads\/sites\/3\/2024\/04\/Andrea-Frank-Keynote-UFF-2024-120x120.jpg 120w\" sizes=\"auto, (max-width: 1207px) 100vw, 1207px\" \/><\/a><\/figure>\n\n\n\n<p class=\"has-text-align-center\"><strong> Andrea Frank<\/strong><br>stellvertretende Generalsekret\u00e4rin und Mitglied der Gesch\u00e4ftsf\u00fchrung des Stifterverbandes<\/p>\n<\/div>\n\n\n\n<div class=\"wp-block-column is-layout-flow wp-block-column-is-layout-flow\">\n<figure class=\"wp-block-image size-full is-style-rounded wp-duotone-unset-2\"><a href=\"https:\/\/festival.hfd.digital\/de\/keynotes2024\/#g\u00f6pel\"><img loading=\"lazy\" decoding=\"async\" width=\"2363\" height=\"2362\" src=\"https:\/\/festival.hfd.digital\/de\/wp-content\/uploads\/sites\/3\/2024\/01\/Maja-Goepel-Keynote-Speaker-Credits-Anja-Weber-edited.jpg\" alt=\"Foto Maja G\u00f6pel\" class=\"wp-image-7207\" style=\"aspect-ratio:1;object-fit:cover\" srcset=\"https:\/\/festival.hfd.digital\/de\/wp-content\/uploads\/sites\/3\/2024\/01\/Maja-Goepel-Keynote-Speaker-Credits-Anja-Weber-edited.jpg 2363w, https:\/\/festival.hfd.digital\/de\/wp-content\/uploads\/sites\/3\/2024\/01\/Maja-Goepel-Keynote-Speaker-Credits-Anja-Weber-edited-250x250.jpg 250w, https:\/\/festival.hfd.digital\/de\/wp-content\/uploads\/sites\/3\/2024\/01\/Maja-Goepel-Keynote-Speaker-Credits-Anja-Weber-edited-700x700.jpg 700w, https:\/\/festival.hfd.digital\/de\/wp-content\/uploads\/sites\/3\/2024\/01\/Maja-Goepel-Keynote-Speaker-Credits-Anja-Weber-edited-150x150.jpg 150w, https:\/\/festival.hfd.digital\/de\/wp-content\/uploads\/sites\/3\/2024\/01\/Maja-Goepel-Keynote-Speaker-Credits-Anja-Weber-edited-768x768.jpg 768w, https:\/\/festival.hfd.digital\/de\/wp-content\/uploads\/sites\/3\/2024\/01\/Maja-Goepel-Keynote-Speaker-Credits-Anja-Weber-edited-1536x1536.jpg 1536w, https:\/\/festival.hfd.digital\/de\/wp-content\/uploads\/sites\/3\/2024\/01\/Maja-Goepel-Keynote-Speaker-Credits-Anja-Weber-edited-2048x2048.jpg 2048w, https:\/\/festival.hfd.digital\/de\/wp-content\/uploads\/sites\/3\/2024\/01\/Maja-Goepel-Keynote-Speaker-Credits-Anja-Weber-edited-120x120.jpg 120w\" sizes=\"auto, (max-width: 2363px) 100vw, 2363px\" \/><\/a><\/figure>\n\n\n\n<p class=\"has-text-align-center\"><strong> Maja G\u00f6pel<\/strong><br>Polit\u00f6konomin, Transformationsforscherin und<br>-beraterin und Expertin f\u00fcr Nachhaltigkeit<\/p>\n<\/div>\n\n\n\n<div class=\"wp-block-column is-layout-flow wp-block-column-is-layout-flow\">\n<figure class=\"wp-block-image size-full is-style-rounded wp-duotone-unset-3\"><a href=\"https:\/\/festival.hfd.digital\/de\/keynotes2024\/#himmelrath\"><img loading=\"lazy\" decoding=\"async\" width=\"427\" height=\"427\" src=\"https:\/\/festival.hfd.digital\/de\/wp-content\/uploads\/sites\/3\/2024\/01\/Himmelrath-Armin-edited.jpg\" alt=\"Foto Armin Himmelrath\" class=\"wp-image-7253\" style=\"aspect-ratio:1;object-fit:cover\" srcset=\"https:\/\/festival.hfd.digital\/de\/wp-content\/uploads\/sites\/3\/2024\/01\/Himmelrath-Armin-edited.jpg 427w, https:\/\/festival.hfd.digital\/de\/wp-content\/uploads\/sites\/3\/2024\/01\/Himmelrath-Armin-edited-250x250.jpg 250w, https:\/\/festival.hfd.digital\/de\/wp-content\/uploads\/sites\/3\/2024\/01\/Himmelrath-Armin-edited-150x150.jpg 150w, https:\/\/festival.hfd.digital\/de\/wp-content\/uploads\/sites\/3\/2024\/01\/Himmelrath-Armin-edited-120x120.jpg 120w\" sizes=\"auto, (max-width: 427px) 100vw, 427px\" \/><\/a><\/figure>\n\n\n\n<p class=\"has-text-align-center\"><strong> Armin Himmelrath<\/strong><br>Bildungs- und Wissenschaftsjournalist sowie Moderator, Autor und Dozent<\/p>\n<\/div>\n<\/div>\n\n\n\n<div class=\"wp-block-group\"><div class=\"wp-block-group__inner-container is-layout-constrained wp-block-group-is-layout-constrained\">\n<div class=\"wp-block-group\"><div class=\"wp-block-group__inner-container is-layout-constrained wp-block-group-is-layout-constrained\">\n<div class=\"wp-block-columns is-layout-flex wp-container-core-columns-is-layout-9d6595d7 wp-block-columns-is-layout-flex\">\n<div class=\"wp-block-column is-layout-flow wp-block-column-is-layout-flow\">\n<figure class=\"wp-block-image size-large is-style-rounded wp-duotone-unset-4\"><a href=\"https:\/\/festival.hfd.digital\/de\/keynotes2024\/#kloiber\"><img loading=\"lazy\" decoding=\"async\" width=\"700\" height=\"700\" src=\"https:\/\/festival.hfd.digital\/de\/wp-content\/uploads\/sites\/3\/2024\/01\/Julia-Kloiber-Keynote-Speaker-Credits-Marzena-Skubatz-edited-700x700.jpg\" alt=\"Foto Julia Kloiber\" class=\"wp-image-7218\" style=\"object-fit:cover\" srcset=\"https:\/\/festival.hfd.digital\/de\/wp-content\/uploads\/sites\/3\/2024\/01\/Julia-Kloiber-Keynote-Speaker-Credits-Marzena-Skubatz-edited-700x700.jpg 700w, https:\/\/festival.hfd.digital\/de\/wp-content\/uploads\/sites\/3\/2024\/01\/Julia-Kloiber-Keynote-Speaker-Credits-Marzena-Skubatz-edited-250x250.jpg 250w, https:\/\/festival.hfd.digital\/de\/wp-content\/uploads\/sites\/3\/2024\/01\/Julia-Kloiber-Keynote-Speaker-Credits-Marzena-Skubatz-edited-150x150.jpg 150w, https:\/\/festival.hfd.digital\/de\/wp-content\/uploads\/sites\/3\/2024\/01\/Julia-Kloiber-Keynote-Speaker-Credits-Marzena-Skubatz-edited-768x768.jpg 768w, https:\/\/festival.hfd.digital\/de\/wp-content\/uploads\/sites\/3\/2024\/01\/Julia-Kloiber-Keynote-Speaker-Credits-Marzena-Skubatz-edited-1536x1536.jpg 1536w, https:\/\/festival.hfd.digital\/de\/wp-content\/uploads\/sites\/3\/2024\/01\/Julia-Kloiber-Keynote-Speaker-Credits-Marzena-Skubatz-edited-2048x2048.jpg 2048w, https:\/\/festival.hfd.digital\/de\/wp-content\/uploads\/sites\/3\/2024\/01\/Julia-Kloiber-Keynote-Speaker-Credits-Marzena-Skubatz-edited-120x120.jpg 120w\" sizes=\"auto, (max-width: 700px) 100vw, 700px\" \/><\/a><\/figure>\n\n\n\n<p class=\"has-text-align-center\"><strong>Julia Kloiber<\/strong><br>Digitalisierungsexpertin, Gr\u00fcnderin des Superrr Lab<\/p>\n<\/div>\n\n\n\n<div class=\"wp-block-column is-layout-flow wp-block-column-is-layout-flow\">\n<figure class=\"wp-block-image size-large is-style-rounded wp-duotone-unset-5\"><a href=\"https:\/\/festival.hfd.digital\/de\/keynotes2024\/#rosenthal\"><img loading=\"lazy\" decoding=\"async\" width=\"700\" height=\"700\" src=\"https:\/\/festival.hfd.digital\/de\/wp-content\/uploads\/sites\/3\/2024\/03\/Walter-Rosenthal-Keynote-Speaker-Credits-David-Ausserhofer-1-700x700.jpg\" alt=\"Foto Walter Rosenthal\" class=\"wp-image-7646\" style=\"aspect-ratio:1;object-fit:cover\" srcset=\"https:\/\/festival.hfd.digital\/de\/wp-content\/uploads\/sites\/3\/2024\/03\/Walter-Rosenthal-Keynote-Speaker-Credits-David-Ausserhofer-1-700x700.jpg 700w, https:\/\/festival.hfd.digital\/de\/wp-content\/uploads\/sites\/3\/2024\/03\/Walter-Rosenthal-Keynote-Speaker-Credits-David-Ausserhofer-1-250x250.jpg 250w, https:\/\/festival.hfd.digital\/de\/wp-content\/uploads\/sites\/3\/2024\/03\/Walter-Rosenthal-Keynote-Speaker-Credits-David-Ausserhofer-1-150x150.jpg 150w, https:\/\/festival.hfd.digital\/de\/wp-content\/uploads\/sites\/3\/2024\/03\/Walter-Rosenthal-Keynote-Speaker-Credits-David-Ausserhofer-1-768x768.jpg 768w, https:\/\/festival.hfd.digital\/de\/wp-content\/uploads\/sites\/3\/2024\/03\/Walter-Rosenthal-Keynote-Speaker-Credits-David-Ausserhofer-1-1536x1536.jpg 1536w, https:\/\/festival.hfd.digital\/de\/wp-content\/uploads\/sites\/3\/2024\/03\/Walter-Rosenthal-Keynote-Speaker-Credits-David-Ausserhofer-1-2048x2048.jpg 2048w, https:\/\/festival.hfd.digital\/de\/wp-content\/uploads\/sites\/3\/2024\/03\/Walter-Rosenthal-Keynote-Speaker-Credits-David-Ausserhofer-1-120x120.jpg 120w\" sizes=\"auto, (max-width: 700px) 100vw, 700px\" \/><\/a><\/figure>\n\n\n\n<p class=\"has-text-align-center\"><strong> Walter Rosenthal<\/strong><br>Pr\u00e4sident der Hochschulrektorenkonferenz<\/p>\n<\/div>\n\n\n\n<div class=\"wp-block-column is-layout-flow wp-block-column-is-layout-flow\">\n<figure class=\"wp-block-image size-large is-style-rounded wp-duotone-unset-6\"><a href=\"https:\/\/festival.hfd.digital\/de\/keynotes2024\/#watson\"><img loading=\"lazy\" decoding=\"async\" width=\"700\" height=\"700\" src=\"https:\/\/festival.hfd.digital\/de\/wp-content\/uploads\/sites\/3\/2024\/02\/Nell-Watson-Keynote-Speaker-edited-700x700.jpg\" alt=\"Foto Eleanor &quot;Nell&quot; Watson\" class=\"wp-image-7279\" style=\"object-fit:cover\" srcset=\"https:\/\/festival.hfd.digital\/de\/wp-content\/uploads\/sites\/3\/2024\/02\/Nell-Watson-Keynote-Speaker-edited-700x700.jpg 700w, https:\/\/festival.hfd.digital\/de\/wp-content\/uploads\/sites\/3\/2024\/02\/Nell-Watson-Keynote-Speaker-edited-250x250.jpg 250w, https:\/\/festival.hfd.digital\/de\/wp-content\/uploads\/sites\/3\/2024\/02\/Nell-Watson-Keynote-Speaker-edited-150x150.jpg 150w, https:\/\/festival.hfd.digital\/de\/wp-content\/uploads\/sites\/3\/2024\/02\/Nell-Watson-Keynote-Speaker-edited-768x768.jpg 768w, https:\/\/festival.hfd.digital\/de\/wp-content\/uploads\/sites\/3\/2024\/02\/Nell-Watson-Keynote-Speaker-edited-1536x1536.jpg 1536w, https:\/\/festival.hfd.digital\/de\/wp-content\/uploads\/sites\/3\/2024\/02\/Nell-Watson-Keynote-Speaker-edited-2048x2048.jpg 2048w, https:\/\/festival.hfd.digital\/de\/wp-content\/uploads\/sites\/3\/2024\/02\/Nell-Watson-Keynote-Speaker-edited-120x120.jpg 120w\" sizes=\"auto, (max-width: 700px) 100vw, 700px\" \/><\/a><\/figure>\n\n\n\n<p class=\"has-text-align-center\"><strong>Nell Watson<\/strong><br>Futuristin, AI-Expertin, Ethikerin<br><\/p>\n<\/div>\n<\/div>\n<\/div><\/div>\n<\/div><\/div>\n\n\n\n<p>Hier finden Sie alle <a href=\"https:\/\/festival.hfd.digital\/de\/keynotes2024\/\">Keynote-Speaker:innen der Mainstage 2024<\/a>.<\/p>\n\n\n\n<h2 class=\"wp-block-heading\" id=\"buehnenprogramm\">B\u00fchnenprogramm<\/h2>\n\n\n\n<h4 class=\"wp-block-heading\">Mainstage (05. und 06. Juni)<\/h4>\n\n\n\n<p>Das University:Future Festival 2024 in Berlin beginnt am 05. Juni um 09:00 Uhr mit einem <strong>Opening<\/strong> auf der Mainstage. Gemeinsam mit Moderator <a href=\"https:\/\/festival.hfd.digital\/de\/speakerinnen-2024\/?id=a485b7cd-1212-4800-98b2-67114ebdb317\">Zackes Brustik<\/a> richten <a href=\"https:\/\/festival.hfd.digital\/de\/speakerinnen-2024\/?id=b82e944f-f8da-4344-a8ce-46812ab3220a\">Oliver Janoschka<\/a> (Gesch\u00e4ftsstellenleiter HFD) und <a href=\"https:\/\/festival.hfd.digital\/de\/speakerinnen-2024\/?id=1769c641-2483-4896-9a0b-eac90822c213\">Cornelia Raue<\/a> (Gesch\u00e4ftsf\u00fchrender Vorstand StIL) ein Er\u00f6ffnungswort an alle Teilnehmenden. <\/p>\n\n\n\n<p>Danach erwartet Sie der <strong>erste Festivaltag<\/strong> mit spannenden <strong>Keynotes<\/strong> von <a href=\"https:\/\/festival.hfd.digital\/de\/keynotes2024\/#dimitrov\">Georgi Dimitrov<\/a>, <a href=\"https:\/\/festival.hfd.digital\/de\/speakerinnen-2024\/?id=3b4815f7-61e1-47f6-9b75-97f81a017bae\">Manuel Dolderer<\/a>, <a href=\"https:\/\/festival.hfd.digital\/de\/keynotes2024\/#fuller\">Steve Fuller<\/a>, <a href=\"https:\/\/festival.hfd.digital\/de\/keynotes2024\/#graupe\">Silja Graupe<\/a>, <a href=\"https:\/\/festival.hfd.digital\/de\/keynotes2024\/#himmelrath\">Armin Himmelrath<\/a>, <a href=\"https:\/\/festival.hfd.digital\/de\/keynotes2024\/#kloiber\">Julia Kloiber<\/a>, <a href=\"https:\/\/festival.hfd.digital\/de\/keynotes2024\/#n\u00f8rg\u00e5rd\">Rikke Toft N\u00f8rg\u00e5rd<\/a>, <a href=\"https:\/\/festival.hfd.digital\/de\/keynotes2024\/#rosenthal\">Walter Rosenthal<\/a> und <a href=\"https:\/\/festival.hfd.digital\/de\/keynotes2024\/#watson\">Nell Watson<\/a>. Der Gro\u00dfteil unserer Keynote-Speaker:innen spricht vor Ort. F\u00fcr weitere Abwechslung sorgt u.a. eine Diskussion zum Thema <strong>\u201c<\/strong>AI in Higher Education: International Perspectives<strong><strong>\u201c<\/strong><\/strong> mit Oliver Janoschka, <a href=\"https:\/\/festival.hfd.digital\/de\/keynotes2024\/#attwell\">Sue Attwell<\/a>, <a href=\"https:\/\/festival.hfd.digital\/de\/keynotes2024\/#puuska\">Hanna-Mari Puuska<\/a>, <a href=\"https:\/\/festival.hfd.digital\/de\/keynotes2024\/#schmidt\">Philipp Schmidt<\/a> und <a href=\"https:\/\/festival.hfd.digital\/de\/keynotes2024\/#smit\">Bas Smit<\/a>.<\/p>\n\n\n\n<p>Auch der <strong>zweite Festivaltag<\/strong> h\u00e4lt einige <strong>Keynotes <\/strong>bereit, u.a. von <a href=\"https:\/\/festival.hfd.digital\/de\/keynotes2024\/#meyer-guckel\">Volker Meyer-Guckel<\/a>, <a href=\"https:\/\/festival.hfd.digital\/de\/keynotes2024\/#g\u00f6pel\">Maja G\u00f6pel<\/a>, <a href=\"https:\/\/festival.hfd.digital\/de\/keynotes2024\/#hirsch\">Nele Hirsch<\/a>, <a href=\"https:\/\/festival.hfd.digital\/de\/keynotes2024\/#swertz\">Christian Swertz<\/a> und <a href=\"https:\/\/festival.hfd.digital\/de\/keynotes2024\/#zweig\">Katharina Zweig<\/a>. Au\u00dferdem k\u00f6nnen Sie am Meinungsaustausch im Rahmen weiterer<strong> <\/strong>Beitr\u00e4ge teilhaben: <a href=\"https:\/\/festival.hfd.digital\/de\/keynotes2024\/#frank\">Andrea Frank<\/a> (Stifterverband) und <a href=\"https:\/\/festival.hfd.digital\/de\/keynotes2024\/#mueller\">Ulrich M\u00fcller<\/a> (Centrum f\u00fcr Hochschulentwicklung) diskutieren authentische Hochschulen und neue Formen der terti\u00e4ren Bildung. Ein Podium mit <a href=\"https:\/\/festival.hfd.digital\/de\/keynotes2024\/#gleibs\">Heike Ekea Gleibs<\/a> und <a href=\"https:\/\/festival.hfd.digital\/de\/keynotes2024\/#schneider\">Julia Schneider<\/a> setzt sich zudem mit Digitalisierungsnarrativen auseinander. Au\u00dferdem erhalten Sie von <a href=\"https:\/\/festival.hfd.digital\/de\/keynotes2024\/#korhonen\">Jonna Korhonen<\/a> und <a href=\"https:\/\/festival.hfd.digital\/de\/keynotes2024\/#nordlund\">Hanna Nordlund<\/a> Einblick in die Digitalisierung des finnischen Hochschulsystems. <\/p>\n\n\n\n<p>Zum <strong>Abschluss<\/strong> des Mainstage-Programms \u00fcbergibt Staatssekret\u00e4r Jens Brandenburg dem abgeschlossenen Jahrgang der <a href=\"https:\/\/hochschulforumdigitalisierung.de\/peer-to-peer-strategieberatung\/\" target=\"_blank\" rel=\"noreferrer noopener\">Peer-to-Peer Strategieberatung<\/a> des HFD feierlich ihre Teilnahmezertifikate.   <\/p>\n\n\n\n<h4 class=\"wp-block-heading\">Community-Stage (05. und 06. Juni)<\/h4>\n\n\n\n<p>Auf dieser B\u00fchne finden Beitr\u00e4ge aus dem Programm-Call in Pr\u00e4senz statt. Das Programm beginnt am <strong>ersten Festivaltag<\/strong> um 09:35 Uhr und endet um 16:55 Uhr. Es erwarten Sie Inputs und Diskussionen u.a. zu KI, Didaktik, Raumkonzepte und Lehr-Lernsettings, Futuring und Student Well-Being.  <\/p>\n\n\n\n<p>Am <strong>zweiten Festivaltag<\/strong> beginnt das Programm um 09:00 Uhr und endet um 17:45 Uhr. Verfolgen Sie Inputs und Diskussionen zu Themen wie der Zukunft des Campus, Studierendenpartizipation, Extended Reality und Lernwelten, Future Skills und zu zukunftsf\u00e4higer Hochschulbildung aus Perspektive Lehrender. <\/p>\n\n\n\n<p>Alle <strong>B\u00fchneprogrammpunkte <\/strong>der Berliner Mainstage und der Community-Stage finden Sie in unserer Programm\u00fcbersicht.<\/p>\n\n\n\n<div class=\"wp-block-buttons is-layout-flex wp-block-buttons-is-layout-flex\">\n<div class=\"wp-block-button has-custom-font-size has-medium-font-size\"><a class=\"wp-block-button__link wp-element-button\" href=\"https:\/\/festival.hfd.digital\/de\/programm-2024\/\">Hier geht es zur Programm\u00fcbersicht<\/a><\/div>\n<\/div>\n\n\n\n<h2 class=\"wp-block-heading\" id=\"meetups\"><strong>Meetups &amp; Workshops<\/strong><\/h2>\n\n\n\n<p>Bei einem Besuch des Mainstage-Events in Berlin erwartet Sie ein vielseitiges Rahmenprogramm. Sie haben die M\u00f6glichkeit, an <strong>lokalen Meetups<\/strong> und <strong>Workshops<\/strong> teilzunehmen und sich im <strong>Experience:Space<\/strong> von (interaktiver) <strong>Kunst<\/strong> inspirieren zu lassen.<\/p>\n\n\n\n<p><strong>Meetups und Workshops<\/strong> <strong>am 05.<\/strong> <strong>Juni<\/strong><br><br>#Meetup \u201c<a href=\"https:\/\/festival.hfd.digital\/de\/sessions-2024\/?id=628110\">Tales of Tomorrow: Decoding Cultures for High Community Impact<\/a>\u201c (11:40 bis 12:45 Uhr)<br><br>#Meetup \u201c<a href=\"https:\/\/festival.hfd.digital\/de\/sessions-2024\/?id=629584\">Things that happen \u2013 the pitfalls of the ordinary<\/a>\u201c (13:45 bis 14:50 Uhr)<br><br>#Meetup \u201c<a href=\"https:\/\/festival.hfd.digital\/de\/sessions-2024\/?id=619767\">Future Skills-Narrative: Mythos oder Mission?<\/a>\u201c (15:05 bis 16:10 Uhr)<br><br>#Workshop \u201c<a href=\"https:\/\/festival.hfd.digital\/de\/sessions-2024\/?id=629275\">Zuk\u00fcnftige Hochschulwelten \u2013 Szenarien und Perspektiven<\/a>\u201c (10:20 bis 12:20 Uhr)<br><br>#Workshop \u201c<a href=\"https:\/\/festival.hfd.digital\/de\/sessions-2024\/?id=626240\">Tales of an Inclusive University \u2013 Implications for Students<\/a>\u201c (13:45 bis 15:45 Uhr)<\/p>\n\n\n\n<p><strong>Meetups und Workshops<\/strong> <strong>am 06.<\/strong> <strong>Juni<\/strong><br><br>#Meetup \u201c<a href=\"https:\/\/festival.hfd.digital\/de\/sessions-2024\/?id=629124\">Wirkung und Einfluss von Netzwerken im Hochschulumfeld<\/a>\u201c (11:40 bis 12:45 Uhr)<br><br>#Meetup \u201c<a href=\"https:\/\/festival.hfd.digital\/de\/sessions-2024\/?id=629533\">Designing the Future of Higher Education with Design Thinking<\/a>\u201c (13:45 bis 14:45 Uhr)<br><br>#Meetup <strong>\u201c<\/strong><a href=\"https:\/\/festival.hfd.digital\/de\/sessions-2024\/?id=610081\">Die Zukunft des Feedbacks an der Hochschule: KI und VR als Wegbereiter<\/a>\u201c (15:05 bis 16:10 Uhr)<br><br>#Workshop \u201c<a href=\"https:\/\/festival.hfd.digital\/de\/sessions-2024\/?id=626243\">Transformative Skills f\u00fcr Nachhaltigkeit in der Hochschullehre<\/a>\u201c (10:20 bis 11:25 Uhr)<br><br>#Workshop \u201c<a href=\"https:\/\/festival.hfd.digital\/de\/sessions-2024\/?id=630965\">KI: Welche Basics brauchen wir alle?<\/a>\u201c (13:45 bis 14:50 Uhr)<br><br>#Workshop \u201c<a href=\"https:\/\/festival.hfd.digital\/de\/sessions-2024\/?id=628998\">STEMpowerment Improv Theatre Workshop<\/a>\u201c (15:05 bis 16:10 Uhr)<\/p>\n\n\n\n<h2 class=\"wp-block-heading\" id=\"experience\"><strong>Experience:Space <\/strong><\/h2>\n\n\n\n<p><strong> \u201cA Glimpse into the Rabbit Hole \u2013 Exploration des keramischen 3D Drucks<strong>\u201c<\/strong><\/strong><br><strong>Interaktive Installation: <\/strong>Der Clayprinter erm\u00f6glicht die schnelle \u00dcbersetzung digitaler Modellen in analoge Objekte und kann Produkte f\u00fcr unterschiedlichste Anwendungsbereiche herstellen. Die Interaktion zwischen dem Clayprinter und den Besucher:innen dient als Zugang zu einer sehr komplex wirkenden Technologie, um Verst\u00e4ndnis f\u00fcr autonome und unsichtbare Prozesse zu schaffen und zu verstehen, wie man diese komplexen Technologien als Werkzeug benutzen kann. Von Nikos Probst und Marie-Louise Hilberer.<br><br><strong><strong>\u201c<\/strong>Blickwechsel \u2013 wie <strong><strong>\u201c<\/strong><\/strong>normal<strong>\u201c<\/strong> bist du?<strong>\u201c<\/strong> <\/strong><br><strong>Interaktive Installation: <\/strong>Die Video\u00fcberwachung im \u00f6ffentlichen Raum w\u00e4chst stetig und wird zunehmend automatisierter durch sogenannte \u201cintelligente\u201c \u00dcberwachungssysteme. Die Installation \u201cBlickwechsel\u201c zielt durch einen erlebnisbasierten Zugang darauf ab, Information \u00fcber automatisierte \u00dcberwachungssysteme zu vermitteln und Diskurse anzuregen. Es ist von Bedeutung, Chancen und Risiken abzuw\u00e4gen und zu diskutieren, wie wir solche Systeme zuk\u00fcnftig nutzen m\u00f6chten. Von Anne Florence Merkle. <br><br><strong>\u201cLehrroboter Pepper\u201c<\/strong> <br><strong>Robotik:<\/strong> An der Julius-Maximilians-Universit\u00e4t (JMU) W\u00fcrzburg f\u00fchrt der Besuch von Tutorien bei Lehrroboter Pepper im Schnitt zu besseren Noten. Studierende k\u00f6nnen den Stoff aus Vorlesungen der Medieninformatik nachbereiten. Pepper steht beispielhaft f\u00fcr die zunehmende Relevanz der sozialen Robotik. Besucher:innen des U:FF k\u00f6nnen Pepper und das innovative Lehrkonzept kennenlernen. Von Birgit Lugrin und Melissa Donnermann.<br><br><strong>\u201cMoving Sound Pictures: Hommage\u201c<br>VR-Station:<\/strong> An dieser Station haben Besucher:innen die M\u00f6glichkeit, Gem\u00e4lde bekannter und zeitgen\u00f6ssischer bildender K\u00fcnstler durch spielerische Aktionen mit VR-Technologie interaktiv zu erkunden. Die gezeigte VR-Installation <strong>\u201c<\/strong>Hommage<strong>\u201c<\/strong> ist eine Hommage an die Freundschaft, den gemeinsamen Respekt und die Bewunderung zwischen K\u00fcnstlern, die als Meilensteine der Kunstgeschichte des 20. Jahrhunderts gelten. Von Konstantina Orlandatou.<\/p>\n\n\n\n<p><strong>\u201cNomadic Dictionary. Nenets.\u201c<\/strong><br><strong>VR-Station:<\/strong> Das Nenets Dictionary of a Nomad ist eine digitale Enzyklop\u00e4die der Lebensweise und Sprache der Nenets in Form einer interaktiven Virtual-Reality-Lernanwendung. Betrachter:innen werden mit den Grundlagen der Nenets-Sprache vertraut gemacht und interagieren mit Objekten aus dem Leben und Elementen der nat\u00fcrlichen Landschaft. Das Hauptaugenmerk des Projekts liegt auf der Bewahrung des Erbes der kulturellen Traditionen und der Sprache der Nenets, einem indigenen Volk&nbsp;im Nordosten des europ\u00e4ischen Teils Russlands und im Nordwesten Sibiriens. Von Anna Tolkacheva.<br><br><strong>\u201cRE:LEARN \u2013 Spielend zur studentischen Partizipation\u201c <\/strong><br><strong>Spielstation:<\/strong> Das Projekt pr\u00e4sentiert ein innovatives Lehrkonzept und darin entstandene Projektergebnisse von Studierenden, welche einen Paradigmenwechsel in der (Design-)Lehre initiieren will. Im Zentrum steht die aktive F\u00f6rderung der Partizipation der Studierenden und die Etablierung einer studierendenzentrierten Lehrpraxis. Von Katharina Bellinger und Vanessa Pelger.<br><br><strong>\u201crugs + tales \u2013 wall hanging tales of tomorrow\u201c<\/strong><br><strong>Interaktive Installation:<\/strong> Wie sieht die Zukunft der Designlehre aus? Wie lehren wir in Zukunft Design? Interaktive Wandteppiche gehen diesen Fragen in Form von typografischen Botschaften und Soundcollagen nach. Die Inhalte daf\u00fcr generieren sich aus dem Material, welches die <a href=\"https:\/\/eur04.safelinks.protection.outlook.com\/?url=http%3A%2F%2Fwww.if-designfoundation.org%2F&amp;data=05%7C02%7CMatti.Flieger%40stifterverband.de%7C54ed3c104bd94797bf9c08dc801ad0b9%7Cc6ff58bc993e4bdb8d106013e2cd361f%7C0%7C0%7C638526099871293202%7CUnknown%7CTWFpbGZsb3d8eyJWIjoiMC4wLjAwMDAiLCJQIjoiV2luMzIiLCJBTiI6Ik1haWwiLCJXVCI6Mn0%3D%7C0%7C%7C%7C&amp;sdata=sI8rYYHblfbkSP8NESWyg7%2FocT1lr79UVKcD4i0SbGo%3D&amp;reserved=0\">iF Design Foundation<\/a> im Rahmen ihres mehrj\u00e4hrigen Open Campus Projektes \u201cDesigning Design Education \u2013 Impulse f\u00fcr ein neues Curriculum\u201c in Kollaboration mit Die Neue Sammlung \u2013 Design Museum, M\u00fcnchen sammelt und publiziert. In der partizipativen Installation k\u00f6nnen die Besucher:innen des Festivals den Entstehungsprozess der handgekn\u00fcpften Teppiche nachvollziehen. Sie sind eingeladen kollaborativ den Teppich \u201cTales of tomorrow\u201c zu tuften, dabei in den pers\u00f6nlichen Austausch \u00fcber die Tales des Festivals und die Lehre f\u00fcrs 21. Jahrhundert zu treten und an die traditionell enge Beziehung von Erz\u00e4hlen und Handarbeit anzukn\u00fcpfen. Von Jenny Baese und Joanna Dauner.<br><br><strong>\u201cVR Learning Space, komm vorbei und probier&#8216; es aus!\u201c<br>VR-Station:<\/strong> Die DigitalChangeMaker des HFD laden dazu ein VR-Anwendungen aus verschiedenen Fachbereichen zu testen. Teilnehmende k\u00f6nnen einen Speech Trainer ausprobieren, Chemieexperimente mit gef\u00e4hrlichen Substanzen \u00fcben und erproben und eine faszinierende Reise ins Innere des menschlichen K\u00f6rpers unternehmen. VR f\u00fcr das Medium, mit dem die Geschichten von morgen erz\u00e4hlt werden. Von Adriane Pelikan und Isabell Bieber.<br><br><strong>\u201cYour Generation !\u201c<br>Interaktive Installation:<\/strong> Schon lange gibt es einen unbemerkten Austausch unter menschlichen und nicht-menschlichen Wesen. Mit dem Aufkommen von ChatGPT, DALL-E2, Midjourney und Supermachine ver\u00e4ndert dieser nicht nur unseren Alltag, sondern auch unsere Kunst. Das Seminar \u201cYour Generation !\u201c erprobt die Einbeziehung \u201cintelligenter Agenten\u201c in unseren k\u00fcnstlerischen Schaffensprozess. Siyuan Li pr\u00e4sentiert ihren an der RWTH Aachen University mit ComfyUI und Stable Diffusion erzeugten interaktiven Zauberspiegel, \u201cHey, wie geht&#8217;s, was w\u00fcnscht Du Dir?\u201c. Die Besucher:innen werden bei dieser multimedialen Installation eingeladen, sich in Echtzeit eine neue Identit\u00e4t zu generieren, sich zu unterhalten und anhand eigener Skizzen und Gesten (des-)illusionieren zu lassen. Der Diskurs um kreative Prozesse mit KI wird erweitert, entlarvt und die dabei entstehenden Narrationen und Situationen gemeinsam reflektiert. Betreut wird das Projekt von Hannah Groninger, Miro Leon Bucher und Ivo Mayr.<\/p>\n\n\n\n<p class=\"has-medium-font-size\"><\/p>\n\n\n\n<h2 class=\"wp-block-heading\" id=\"on-demand\">On-Demand<\/h2>\n\n\n\n<p>Videos der Mainstage in Berlin finden Sie auf dem YouTube-Kanal des Hochschulforums Digitalisierung. <\/p>\n\n\n\n<div class=\"wp-block-columns is-layout-flex wp-container-core-columns-is-layout-9d6595d7 wp-block-columns-is-layout-flex\">\n<div class=\"wp-block-column is-layout-flow wp-block-column-is-layout-flow\" style=\"flex-basis:100%\">\n<div class=\"wp-block-buttons is-layout-flex wp-block-buttons-is-layout-flex\">\n<div class=\"wp-block-button has-custom-font-size has-medium-font-size\"><a class=\"wp-block-button__link wp-element-button\" href=\"https:\/\/www.youtube.com\/playlist?list=PLDE3NyZgHoK5PfyluBHzbkXaVdgca8GIn\">Zur Playlist Mainstage<\/a><\/div>\n\n\n\n<div class=\"wp-block-button has-custom-font-size has-medium-font-size\"><a class=\"wp-block-button__link wp-element-button\" href=\"https:\/\/www.youtube.com\/playlist?list=PLDE3NyZgHoK48aLa3tewiqMi3Mx7ov1XA\">Zur Playlist Community-Stage<\/a><\/div>\n<\/div>\n<\/div>\n<\/div>\n","protected":false},"excerpt":{"rendered":"Die Mainstage und die Community-Stage beim University:Future Festival 2024 in Berlin standen im Zeichen guter Zuk\u00fcnfte f\u00fcr die (digitale) Hochschulbildung. Neben konkreten Problemstellungen und L\u00f6sungen aus der Praxis diskutierten wir grundlegende Visionen, Narrative und Werte f\u00fcr die Gestaltung einer zukunftsf\u00e4higen akademischen Bildung. Eckdaten: Mainstage und Community-Stage bieten ein zweit\u00e4tiges Programm vom 05. bis 06. Juni&#8230;. <a class=\"view-article\" href=\"https:\/\/festival.hfd.digital\/de\/praesenzbuehne-berlin-2024\/\">View Article<\/a>","protected":false},"author":3,"featured_media":0,"parent":0,"menu_order":0,"comment_status":"closed","ping_status":"closed","template":"","meta":{"_acf_changed":false,"inline_featured_image":false,"footnotes":""},"class_list":["post-7578","page","type-page","status-publish","hentry"],"acf":[],"yoast_head":"<!-- This site is optimized with the Yoast SEO plugin v27.3 - https:\/\/yoast.com\/product\/yoast-seo-wordpress\/ -->\n<title>Mainstage-Event Berlin | University:Future Festival 2024<\/title>\n<meta name=\"description\" content=\"Am 05. und 06. Juni veranstalteten HFD und StIL das Mainstage-Event des U:FF 2024 in Berlin.\" \/>\n<meta name=\"robots\" content=\"index, follow, max-snippet:-1, max-image-preview:large, max-video-preview:-1\" \/>\n<link rel=\"canonical\" href=\"https:\/\/festival.hfd.digital\/de\/praesenzbuehne-berlin-2024\/\" \/>\n<meta property=\"og:locale\" content=\"de_DE\" \/>\n<meta property=\"og:type\" content=\"article\" \/>\n<meta property=\"og:title\" content=\"Mainstage-Event Berlin | University:Future Festival 2024\" \/>\n<meta property=\"og:description\" content=\"Am 05. und 06. Juni veranstalteten HFD und StIL das Mainstage-Event des U:FF 2024 in Berlin.\" \/>\n<meta property=\"og:url\" content=\"https:\/\/festival.hfd.digital\/de\/praesenzbuehne-berlin-2024\/\" \/>\n<meta property=\"og:site_name\" content=\"University:Future Festival 2026\" \/>\n<meta property=\"article:modified_time\" content=\"2024-07-01T10:37:37+00:00\" \/>\n<meta property=\"og:image\" content=\"https:\/\/festival.hfd.digital\/de\/wp-content\/uploads\/sites\/3\/2024\/04\/Mainstage-Event-und-Community-Stage-UFF-2024-1-700x394.png\" \/>\n\t<meta property=\"og:image:width\" content=\"700\" \/>\n\t<meta property=\"og:image:height\" content=\"394\" \/>\n\t<meta property=\"og:image:type\" content=\"image\/png\" \/>\n<meta name=\"twitter:card\" content=\"summary_large_image\" \/>\n<meta name=\"twitter:label1\" content=\"Gesch\u00e4tzte Lesezeit\" \/>\n\t<meta name=\"twitter:data1\" content=\"10\u00a0Minuten\" \/>\n<script type=\"application\/ld+json\" class=\"yoast-schema-graph\">{\"@context\":\"https:\\\/\\\/schema.org\",\"@graph\":[{\"@type\":\"WebPage\",\"@id\":\"https:\\\/\\\/festival.hfd.digital\\\/de\\\/praesenzbuehne-berlin-2024\\\/\",\"url\":\"https:\\\/\\\/festival.hfd.digital\\\/de\\\/praesenzbuehne-berlin-2024\\\/\",\"name\":\"Mainstage-Event Berlin | University:Future Festival 2024\",\"isPartOf\":{\"@id\":\"https:\\\/\\\/festival.hfd.digital\\\/de\\\/#website\"},\"primaryImageOfPage\":{\"@id\":\"https:\\\/\\\/festival.hfd.digital\\\/de\\\/praesenzbuehne-berlin-2024\\\/#primaryimage\"},\"image\":{\"@id\":\"https:\\\/\\\/festival.hfd.digital\\\/de\\\/praesenzbuehne-berlin-2024\\\/#primaryimage\"},\"thumbnailUrl\":\"https:\\\/\\\/festival.hfd.digital\\\/de\\\/wp-content\\\/uploads\\\/sites\\\/3\\\/2024\\\/04\\\/Mainstage-Event-und-Community-Stage-UFF-2024-700x394.png\",\"datePublished\":\"2024-04-02T08:32:32+00:00\",\"dateModified\":\"2024-07-01T10:37:37+00:00\",\"description\":\"Am 05. und 06. Juni veranstalteten HFD und StIL das Mainstage-Event des U:FF 2024 in Berlin.\",\"inLanguage\":\"de\",\"potentialAction\":[{\"@type\":\"ReadAction\",\"target\":[\"https:\\\/\\\/festival.hfd.digital\\\/de\\\/praesenzbuehne-berlin-2024\\\/\"]}]},{\"@type\":\"ImageObject\",\"inLanguage\":\"de\",\"@id\":\"https:\\\/\\\/festival.hfd.digital\\\/de\\\/praesenzbuehne-berlin-2024\\\/#primaryimage\",\"url\":\"https:\\\/\\\/festival.hfd.digital\\\/de\\\/wp-content\\\/uploads\\\/sites\\\/3\\\/2024\\\/04\\\/Mainstage-Event-und-Community-Stage-UFF-2024.png\",\"contentUrl\":\"https:\\\/\\\/festival.hfd.digital\\\/de\\\/wp-content\\\/uploads\\\/sites\\\/3\\\/2024\\\/04\\\/Mainstage-Event-und-Community-Stage-UFF-2024.png\",\"width\":1920,\"height\":1080},{\"@type\":\"WebSite\",\"@id\":\"https:\\\/\\\/festival.hfd.digital\\\/de\\\/#website\",\"url\":\"https:\\\/\\\/festival.hfd.digital\\\/de\\\/\",\"name\":\"University:Future Festival 2026\",\"description\":\"Das j\u00e4hrliche Festival zur Zukunft der Hochschulbildung.\",\"potentialAction\":[{\"@type\":\"SearchAction\",\"target\":{\"@type\":\"EntryPoint\",\"urlTemplate\":\"https:\\\/\\\/festival.hfd.digital\\\/de\\\/?s={search_term_string}\"},\"query-input\":{\"@type\":\"PropertyValueSpecification\",\"valueRequired\":true,\"valueName\":\"search_term_string\"}}],\"inLanguage\":\"de\"}]}<\/script>\n<!-- \/ Yoast SEO plugin. -->","yoast_head_json":{"title":"Mainstage-Event Berlin | University:Future Festival 2024","description":"Am 05. und 06. Juni veranstalteten HFD und StIL das Mainstage-Event des U:FF 2024 in Berlin.","robots":{"index":"index","follow":"follow","max-snippet":"max-snippet:-1","max-image-preview":"max-image-preview:large","max-video-preview":"max-video-preview:-1"},"canonical":"https:\/\/festival.hfd.digital\/de\/praesenzbuehne-berlin-2024\/","og_locale":"de_DE","og_type":"article","og_title":"Mainstage-Event Berlin | University:Future Festival 2024","og_description":"Am 05. und 06. Juni veranstalteten HFD und StIL das Mainstage-Event des U:FF 2024 in Berlin.","og_url":"https:\/\/festival.hfd.digital\/de\/praesenzbuehne-berlin-2024\/","og_site_name":"University:Future Festival 2026","article_modified_time":"2024-07-01T10:37:37+00:00","og_image":[{"width":700,"height":394,"url":"https:\/\/festival.hfd.digital\/de\/wp-content\/uploads\/sites\/3\/2024\/04\/Mainstage-Event-und-Community-Stage-UFF-2024-1-700x394.png","type":"image\/png"}],"twitter_card":"summary_large_image","twitter_misc":{"Gesch\u00e4tzte Lesezeit":"10\u00a0Minuten"},"schema":{"@context":"https:\/\/schema.org","@graph":[{"@type":"WebPage","@id":"https:\/\/festival.hfd.digital\/de\/praesenzbuehne-berlin-2024\/","url":"https:\/\/festival.hfd.digital\/de\/praesenzbuehne-berlin-2024\/","name":"Mainstage-Event Berlin | University:Future Festival 2024","isPartOf":{"@id":"https:\/\/festival.hfd.digital\/de\/#website"},"primaryImageOfPage":{"@id":"https:\/\/festival.hfd.digital\/de\/praesenzbuehne-berlin-2024\/#primaryimage"},"image":{"@id":"https:\/\/festival.hfd.digital\/de\/praesenzbuehne-berlin-2024\/#primaryimage"},"thumbnailUrl":"https:\/\/festival.hfd.digital\/de\/wp-content\/uploads\/sites\/3\/2024\/04\/Mainstage-Event-und-Community-Stage-UFF-2024-700x394.png","datePublished":"2024-04-02T08:32:32+00:00","dateModified":"2024-07-01T10:37:37+00:00","description":"Am 05. und 06. Juni veranstalteten HFD und StIL das Mainstage-Event des U:FF 2024 in Berlin.","inLanguage":"de","potentialAction":[{"@type":"ReadAction","target":["https:\/\/festival.hfd.digital\/de\/praesenzbuehne-berlin-2024\/"]}]},{"@type":"ImageObject","inLanguage":"de","@id":"https:\/\/festival.hfd.digital\/de\/praesenzbuehne-berlin-2024\/#primaryimage","url":"https:\/\/festival.hfd.digital\/de\/wp-content\/uploads\/sites\/3\/2024\/04\/Mainstage-Event-und-Community-Stage-UFF-2024.png","contentUrl":"https:\/\/festival.hfd.digital\/de\/wp-content\/uploads\/sites\/3\/2024\/04\/Mainstage-Event-und-Community-Stage-UFF-2024.png","width":1920,"height":1080},{"@type":"WebSite","@id":"https:\/\/festival.hfd.digital\/de\/#website","url":"https:\/\/festival.hfd.digital\/de\/","name":"University:Future Festival 2026","description":"Das j\u00e4hrliche Festival zur Zukunft der Hochschulbildung.","potentialAction":[{"@type":"SearchAction","target":{"@type":"EntryPoint","urlTemplate":"https:\/\/festival.hfd.digital\/de\/?s={search_term_string}"},"query-input":{"@type":"PropertyValueSpecification","valueRequired":true,"valueName":"search_term_string"}}],"inLanguage":"de"}]}},"_links":{"self":[{"href":"https:\/\/festival.hfd.digital\/de\/wp-json\/wp\/v2\/pages\/7578","targetHints":{"allow":["GET"]}}],"collection":[{"href":"https:\/\/festival.hfd.digital\/de\/wp-json\/wp\/v2\/pages"}],"about":[{"href":"https:\/\/festival.hfd.digital\/de\/wp-json\/wp\/v2\/types\/page"}],"author":[{"embeddable":true,"href":"https:\/\/festival.hfd.digital\/de\/wp-json\/wp\/v2\/users\/3"}],"replies":[{"embeddable":true,"href":"https:\/\/festival.hfd.digital\/de\/wp-json\/wp\/v2\/comments?post=7578"}],"version-history":[{"count":125,"href":"https:\/\/festival.hfd.digital\/de\/wp-json\/wp\/v2\/pages\/7578\/revisions"}],"predecessor-version":[{"id":9624,"href":"https:\/\/festival.hfd.digital\/de\/wp-json\/wp\/v2\/pages\/7578\/revisions\/9624"}],"wp:attachment":[{"href":"https:\/\/festival.hfd.digital\/de\/wp-json\/wp\/v2\/media?parent=7578"}],"curies":[{"name":"wp","href":"https:\/\/api.w.org\/{rel}","templated":true}]}}