{"id":7574,"date":"2024-04-03T09:50:02","date_gmt":"2024-04-03T09:50:02","guid":{"rendered":"https:\/\/festival.hfd.digital\/de\/?page_id=7574"},"modified":"2024-07-01T10:33:23","modified_gmt":"2024-07-01T10:33:23","slug":"praesenzbuehne-heilbronn-2024","status":"publish","type":"page","link":"https:\/\/festival.hfd.digital\/de\/praesenzbuehne-heilbronn-2024\/","title":{"rendered":"KI-Campus-Stage Heilbronn"},"content":{"rendered":"\n<h5 class=\"wp-block-heading\">Am 06. Juni 2024 erwartete die Besucher:innen auf der KI-Campus-Stage in Heilbronn ein spannendes Programm rund um \u201cAI &amp; Technology\u201d. Gemeinsam diskutierten wir, wie K\u00fcnstliche Intelligenz und digitale Technologien die Hochschulbildung ma\u00dfgeblich ver\u00e4ndern. Teilnehmende erfuhren, wie wir alle die neuen M\u00f6glichkeiten gewinnbringend in der Bildung nutzen k\u00f6nnen und wie wir fit f\u00fcr das KI-Zeitalter werden!<\/h5>\n\n\n\n<p><\/p>\n\n\n<div class=\"wp-block-image is-style-default\">\n<figure class=\"aligncenter size-large\"><img loading=\"lazy\" decoding=\"async\" width=\"700\" height=\"394\" src=\"https:\/\/festival.hfd.digital\/de\/wp-content\/uploads\/sites\/3\/2024\/04\/Sharepic-Heilbronn-1-1-700x394.png\" alt=\"\" class=\"wp-image-8020\" srcset=\"https:\/\/festival.hfd.digital\/de\/wp-content\/uploads\/sites\/3\/2024\/04\/Sharepic-Heilbronn-1-1-700x394.png 700w, https:\/\/festival.hfd.digital\/de\/wp-content\/uploads\/sites\/3\/2024\/04\/Sharepic-Heilbronn-1-1-250x141.png 250w, https:\/\/festival.hfd.digital\/de\/wp-content\/uploads\/sites\/3\/2024\/04\/Sharepic-Heilbronn-1-1-768x432.png 768w, https:\/\/festival.hfd.digital\/de\/wp-content\/uploads\/sites\/3\/2024\/04\/Sharepic-Heilbronn-1-1-1536x864.png 1536w, https:\/\/festival.hfd.digital\/de\/wp-content\/uploads\/sites\/3\/2024\/04\/Sharepic-Heilbronn-1-1-120x68.png 120w, https:\/\/festival.hfd.digital\/de\/wp-content\/uploads\/sites\/3\/2024\/04\/Sharepic-Heilbronn-1-1.png 1920w\" sizes=\"auto, (max-width: 700px) 100vw, 700px\" \/><\/figure>\n<\/div>\n\n\n<p><\/p>\n\n\n\n<p><strong>Eckdaten<\/strong>: Das B\u00fchnenprogramm beginnt um 09:00 Uhr und endet um 17:30 Uhr. Im Anschluss besteht die M\u00f6glichkeit, sich bei einem Networking-Event auszutauschen und zu vernetzen. <br><br><strong>Location<\/strong>: <a href=\"https:\/\/maschinenfabrik-hn.de\/\" target=\"_blank\" rel=\"noreferrer noopener\">Maschinenfabrik Heilbronn<\/a>, Olgastra\u00dfe 45, 74072 Heilbronn.<\/p>\n\n\n\n<p><strong>Anreise<\/strong>: Bei der Maschinenfabrik gibt es keine Parkpl\u00e4tze. Nutzen Sie bitte entweder die \u00f6ffentlichen Verkehrsmittel oder die umliegenden Parkh\u00e4user:<br><br>&#8211; CityParkhaus experimenta, Bahnhofstr. 6, 74076 Heilbronn (gegen Geb\u00fchr)<br>&#8211; Parkhaus Stadtgalerie Heilbronn, Deutschhofstr. 19, 74072 Heilbronn (gegen Geb\u00fchr)<br>&#8211; Parkplatz Theresienwiese (kostenfrei)<\/p>\n\n\n\n<p><a href=\"https:\/\/festival.hfd.digital\/de\/praesenzbuehne-heilbronn-2024\/#keynote\">Keynote-Speaker:innen<\/a><br><a href=\"https:\/\/festival.hfd.digital\/de\/praesenzbuehne-heilbronn-2024\/#rahmenprogramm\">Rahmenprogramm<\/a><br><a href=\"https:\/\/festival.hfd.digital\/de\/praesenzbuehne-heilbronn-2024\/#on-demand\">On-Demand<\/a><\/p>\n\n\n\n<h2 class=\"wp-block-heading is-style-rounded\" id=\"keynote\">Keynote-Speaker:innen (Auswahl)<\/h2>\n\n\n\n<div class=\"wp-block-columns is-layout-flex wp-container-core-columns-is-layout-9d6595d7 wp-block-columns-is-layout-flex\">\n<div class=\"wp-block-column is-layout-flow wp-block-column-is-layout-flow\">\n<figure class=\"wp-block-image size-full is-style-rounded wp-duotone-unset-1\"><img loading=\"lazy\" decoding=\"async\" width=\"442\" height=\"540\" src=\"https:\/\/festival.hfd.digital\/de\/wp-content\/uploads\/sites\/3\/2024\/05\/20211020_Fraunhofer_Portraits_Cristescu_Anamaria_1693-9x11hoch.jpg\" alt=\"\" class=\"wp-image-8997\" style=\"aspect-ratio:1;object-fit:cover\" srcset=\"https:\/\/festival.hfd.digital\/de\/wp-content\/uploads\/sites\/3\/2024\/05\/20211020_Fraunhofer_Portraits_Cristescu_Anamaria_1693-9x11hoch.jpg 442w, https:\/\/festival.hfd.digital\/de\/wp-content\/uploads\/sites\/3\/2024\/05\/20211020_Fraunhofer_Portraits_Cristescu_Anamaria_1693-9x11hoch-250x305.jpg 250w, https:\/\/festival.hfd.digital\/de\/wp-content\/uploads\/sites\/3\/2024\/05\/20211020_Fraunhofer_Portraits_Cristescu_Anamaria_1693-9x11hoch-120x147.jpg 120w\" sizes=\"auto, (max-width: 442px) 100vw, 442px\" \/><\/figure>\n\n\n\n<p class=\"has-text-align-center\"><strong><a href=\"https:\/\/festival.hfd.digital\/de\/speakerinnen-2024\/?id=f8dcc7fa-a041-4a45-a5c4-f61c12ef0706\"><strong>Anamaria Cristescu<\/strong><\/a><\/strong><br>F&amp;E Managerin KI \/ City Lead Women in AI &amp; Robotics Chapter Heilbronn<\/p>\n<\/div>\n\n\n\n<div class=\"wp-block-column is-layout-flow wp-block-column-is-layout-flow\"><div class=\"wp-block-image is-style-rounded wp-duotone-unset-2\">\n<figure class=\"aligncenter size-large\"><img loading=\"lazy\" decoding=\"async\" width=\"700\" height=\"700\" src=\"https:\/\/festival.hfd.digital\/de\/wp-content\/uploads\/sites\/3\/2024\/05\/anna-helle-1-700x700.jpg\" alt=\"\" class=\"wp-image-9008\" style=\"aspect-ratio:1;object-fit:cover\" srcset=\"https:\/\/festival.hfd.digital\/de\/wp-content\/uploads\/sites\/3\/2024\/05\/anna-helle-1-700x700.jpg 700w, https:\/\/festival.hfd.digital\/de\/wp-content\/uploads\/sites\/3\/2024\/05\/anna-helle-1-250x250.jpg 250w, https:\/\/festival.hfd.digital\/de\/wp-content\/uploads\/sites\/3\/2024\/05\/anna-helle-1-150x150.jpg 150w, https:\/\/festival.hfd.digital\/de\/wp-content\/uploads\/sites\/3\/2024\/05\/anna-helle-1-768x768.jpg 768w, https:\/\/festival.hfd.digital\/de\/wp-content\/uploads\/sites\/3\/2024\/05\/anna-helle-1-1536x1536.jpg 1536w, https:\/\/festival.hfd.digital\/de\/wp-content\/uploads\/sites\/3\/2024\/05\/anna-helle-1-120x120.jpg 120w, https:\/\/festival.hfd.digital\/de\/wp-content\/uploads\/sites\/3\/2024\/05\/anna-helle-1.jpg 2047w\" sizes=\"auto, (max-width: 700px) 100vw, 700px\" \/><\/figure>\n<\/div>\n\n\n<p class=\"has-text-align-center\"><strong><a href=\"https:\/\/festival.hfd.digital\/de\/speakerinnen-2024\/?id=c369fa01-a965-4a73-92ae-32e7b6692b40\"><strong>Anna Helle<\/strong><\/a><\/strong><br>Innovation Designer bei IBM<\/p>\n<\/div>\n\n\n\n<div class=\"wp-block-column is-layout-flow wp-block-column-is-layout-flow\"><div class=\"wp-block-image is-style-rounded wp-duotone-unset-3\">\n<figure class=\"aligncenter size-large\"><img loading=\"lazy\" decoding=\"async\" width=\"700\" height=\"933\" src=\"https:\/\/festival.hfd.digital\/de\/wp-content\/uploads\/sites\/3\/2024\/04\/Gerd_Kortemeyer_Portrait-700x933.jpg\" alt=\"\" class=\"wp-image-8072\" style=\"aspect-ratio:1;object-fit:cover\" srcset=\"https:\/\/festival.hfd.digital\/de\/wp-content\/uploads\/sites\/3\/2024\/04\/Gerd_Kortemeyer_Portrait-700x933.jpg 700w, https:\/\/festival.hfd.digital\/de\/wp-content\/uploads\/sites\/3\/2024\/04\/Gerd_Kortemeyer_Portrait-250x333.jpg 250w, https:\/\/festival.hfd.digital\/de\/wp-content\/uploads\/sites\/3\/2024\/04\/Gerd_Kortemeyer_Portrait-768x1024.jpg 768w, https:\/\/festival.hfd.digital\/de\/wp-content\/uploads\/sites\/3\/2024\/04\/Gerd_Kortemeyer_Portrait-1152x1536.jpg 1152w, https:\/\/festival.hfd.digital\/de\/wp-content\/uploads\/sites\/3\/2024\/04\/Gerd_Kortemeyer_Portrait-1536x2048.jpg 1536w, https:\/\/festival.hfd.digital\/de\/wp-content\/uploads\/sites\/3\/2024\/04\/Gerd_Kortemeyer_Portrait-120x160.jpg 120w, https:\/\/festival.hfd.digital\/de\/wp-content\/uploads\/sites\/3\/2024\/04\/Gerd_Kortemeyer_Portrait-scaled.jpg 1920w\" sizes=\"auto, (max-width: 700px) 100vw, 700px\" \/><\/figure>\n<\/div>\n\n\n<p class=\"has-text-align-center\"><strong><a href=\"https:\/\/festival.hfd.digital\/de\/speakerinnen-2024\/?id=26aaf774-0e46-4dc9-8711-a2aaf54afde6\"><strong>Gerd Kortemeyer<\/strong><\/a><\/strong><br>Rektorat und AI Center, ETH Z\u00fcrich<\/p>\n<\/div>\n<\/div>\n\n\n\n<div class=\"wp-block-group\"><div class=\"wp-block-group__inner-container is-layout-constrained wp-block-group-is-layout-constrained\">\n<div class=\"wp-block-columns is-layout-flex wp-container-core-columns-is-layout-9d6595d7 wp-block-columns-is-layout-flex\">\n<div class=\"wp-block-column is-layout-flow wp-block-column-is-layout-flow\">\n<figure class=\"wp-block-image size-full is-style-rounded wp-duotone-unset-4\"><a href=\"https:\/\/festival.hfd.digital\/de\/speakerinnen-2024\/?id=9b9d2e47-e650-4692-abf5-0f81f0d614f4\"><img loading=\"lazy\" decoding=\"async\" width=\"2560\" height=\"2560\" src=\"https:\/\/festival.hfd.digital\/de\/wp-content\/uploads\/sites\/3\/2024\/04\/Elisabeth_L\u00b4Orange_Portrait-edited-1-scaled.jpg\" alt=\"\" class=\"wp-image-8333\" style=\"aspect-ratio:1;object-fit:cover\" srcset=\"https:\/\/festival.hfd.digital\/de\/wp-content\/uploads\/sites\/3\/2024\/04\/Elisabeth_L\u00b4Orange_Portrait-edited-1-scaled.jpg 2560w, https:\/\/festival.hfd.digital\/de\/wp-content\/uploads\/sites\/3\/2024\/04\/Elisabeth_L\u00b4Orange_Portrait-edited-1-250x250.jpg 250w, https:\/\/festival.hfd.digital\/de\/wp-content\/uploads\/sites\/3\/2024\/04\/Elisabeth_L\u00b4Orange_Portrait-edited-1-700x700.jpg 700w, https:\/\/festival.hfd.digital\/de\/wp-content\/uploads\/sites\/3\/2024\/04\/Elisabeth_L\u00b4Orange_Portrait-edited-1-150x150.jpg 150w, https:\/\/festival.hfd.digital\/de\/wp-content\/uploads\/sites\/3\/2024\/04\/Elisabeth_L\u00b4Orange_Portrait-edited-1-768x768.jpg 768w, https:\/\/festival.hfd.digital\/de\/wp-content\/uploads\/sites\/3\/2024\/04\/Elisabeth_L\u00b4Orange_Portrait-edited-1-1536x1536.jpg 1536w, https:\/\/festival.hfd.digital\/de\/wp-content\/uploads\/sites\/3\/2024\/04\/Elisabeth_L\u00b4Orange_Portrait-edited-1-2048x2048.jpg 2048w, https:\/\/festival.hfd.digital\/de\/wp-content\/uploads\/sites\/3\/2024\/04\/Elisabeth_L\u00b4Orange_Portrait-edited-1-120x120.jpg 120w\" sizes=\"auto, (max-width: 2560px) 100vw, 2560px\" \/><\/a><\/figure>\n\n\n\n<p class=\"has-text-align-center\"><strong> <a href=\"https:\/\/festival.hfd.digital\/de\/speakerinnen-2024\/?id=9b9d2e47-e650-4692-abf5-0f81f0d614f4\"><strong>Elisabeth L&#8217;Orange<\/strong><\/a><\/strong><br>CCO &amp; Founder Oxolo GmbH<\/p>\n<\/div>\n\n\n\n<div class=\"wp-block-column is-layout-flow wp-block-column-is-layout-flow\">\n<figure class=\"wp-block-image size-full is-style-rounded wp-duotone-unset-5\"><a href=\"https:\/\/festival.hfd.digital\/de\/speakerinnen-2024\/?id=2d15e082-2956-4679-b31b-34a7e2ced314\"><img loading=\"lazy\" decoding=\"async\" width=\"1840\" height=\"2048\" src=\"https:\/\/festival.hfd.digital\/de\/wp-content\/uploads\/sites\/3\/2024\/04\/Jan_Pluer.jpg\" alt=\"\" class=\"wp-image-8081\" style=\"aspect-ratio:1;object-fit:cover\" srcset=\"https:\/\/festival.hfd.digital\/de\/wp-content\/uploads\/sites\/3\/2024\/04\/Jan_Pluer.jpg 1840w, https:\/\/festival.hfd.digital\/de\/wp-content\/uploads\/sites\/3\/2024\/04\/Jan_Pluer-250x278.jpg 250w, https:\/\/festival.hfd.digital\/de\/wp-content\/uploads\/sites\/3\/2024\/04\/Jan_Pluer-700x779.jpg 700w, https:\/\/festival.hfd.digital\/de\/wp-content\/uploads\/sites\/3\/2024\/04\/Jan_Pluer-768x855.jpg 768w, https:\/\/festival.hfd.digital\/de\/wp-content\/uploads\/sites\/3\/2024\/04\/Jan_Pluer-1380x1536.jpg 1380w, https:\/\/festival.hfd.digital\/de\/wp-content\/uploads\/sites\/3\/2024\/04\/Jan_Pluer-120x134.jpg 120w\" sizes=\"auto, (max-width: 1840px) 100vw, 1840px\" \/><\/a><\/figure>\n\n\n\n<p class=\"has-text-align-center\"><strong><a href=\"https:\/\/festival.hfd.digital\/de\/speakerinnen-2024\/?id=2d15e082-2956-4679-b31b-34a7e2ced314\"><strong>Jan Pl\u00fcer<\/strong><\/a><\/strong><br>Generative AI Project Manager &amp; Research Assistant at TUM<\/p>\n<\/div>\n\n\n\n<div class=\"wp-block-column is-layout-flow wp-block-column-is-layout-flow\"><div class=\"wp-block-image is-style-rounded wp-duotone-unset-6\">\n<figure class=\"aligncenter size-full\"><img loading=\"lazy\" decoding=\"async\" width=\"650\" height=\"650\" src=\"https:\/\/festival.hfd.digital\/de\/wp-content\/uploads\/sites\/3\/2024\/04\/Tobias_Seidl-edited-1.jpg\" alt=\"\" class=\"wp-image-8338\" style=\"aspect-ratio:1;object-fit:cover\" srcset=\"https:\/\/festival.hfd.digital\/de\/wp-content\/uploads\/sites\/3\/2024\/04\/Tobias_Seidl-edited-1.jpg 650w, https:\/\/festival.hfd.digital\/de\/wp-content\/uploads\/sites\/3\/2024\/04\/Tobias_Seidl-edited-1-250x250.jpg 250w, https:\/\/festival.hfd.digital\/de\/wp-content\/uploads\/sites\/3\/2024\/04\/Tobias_Seidl-edited-1-150x150.jpg 150w, https:\/\/festival.hfd.digital\/de\/wp-content\/uploads\/sites\/3\/2024\/04\/Tobias_Seidl-edited-1-120x120.jpg 120w\" sizes=\"auto, (max-width: 650px) 100vw, 650px\" \/><\/figure>\n<\/div>\n\n\n<p class=\"has-text-align-center\"><strong> <a href=\"https:\/\/festival.hfd.digital\/de\/speakerinnen-2024\/?id=59f6be64-e5bf-4d1e-9f84-d70a450f90bd\">Tobias Seidl<\/a><\/strong><br>Hochschule der Medien Stuttgart<\/p>\n<\/div>\n<\/div>\n<\/div><\/div>\n\n\n\n<div class=\"wp-block-columns is-layout-flex wp-container-core-columns-is-layout-9d6595d7 wp-block-columns-is-layout-flex\">\n<div class=\"wp-block-column is-layout-flow wp-block-column-is-layout-flow\">\n<figure class=\"wp-block-image size-full is-style-rounded wp-duotone-unset-7\"><img loading=\"lazy\" decoding=\"async\" width=\"660\" height=\"660\" src=\"https:\/\/festival.hfd.digital\/de\/wp-content\/uploads\/sites\/3\/2024\/05\/quintus-stierstorfer-2.png\" alt=\"\" class=\"wp-image-9005\" style=\"object-fit:cover\" srcset=\"https:\/\/festival.hfd.digital\/de\/wp-content\/uploads\/sites\/3\/2024\/05\/quintus-stierstorfer-2.png 660w, https:\/\/festival.hfd.digital\/de\/wp-content\/uploads\/sites\/3\/2024\/05\/quintus-stierstorfer-2-250x250.png 250w, https:\/\/festival.hfd.digital\/de\/wp-content\/uploads\/sites\/3\/2024\/05\/quintus-stierstorfer-2-150x150.png 150w, https:\/\/festival.hfd.digital\/de\/wp-content\/uploads\/sites\/3\/2024\/05\/quintus-stierstorfer-2-120x120.png 120w\" sizes=\"auto, (max-width: 660px) 100vw, 660px\" \/><\/figure>\n\n\n\n<p class=\"has-text-align-center\"><a href=\"https:\/\/festival.hfd.digital\/de\/speakerinnen-2024\/?id=40899608-0f79-4273-a799-377e0aa9fce0\"><strong>Quintus Stierstorfer<\/strong><br><\/a>Director Synthetic Teaching at IU Group<br><\/p>\n<\/div>\n\n\n\n<div class=\"wp-block-column is-layout-flow wp-block-column-is-layout-flow\">\n<figure class=\"wp-block-image size-full is-style-rounded wp-duotone-unset-8\"><a href=\"https:\/\/festival.hfd.digital\/de\/speakerinnen-2024\/?id=4d38a3a8-2aa3-4649-aa9d-393490998910\"><img loading=\"lazy\" decoding=\"async\" width=\"400\" height=\"400\" src=\"https:\/\/festival.hfd.digital\/de\/wp-content\/uploads\/sites\/3\/2024\/04\/Doris_Wessels_Portrait.jpg\" alt=\"\" class=\"wp-image-8070\" style=\"object-fit:cover\" srcset=\"https:\/\/festival.hfd.digital\/de\/wp-content\/uploads\/sites\/3\/2024\/04\/Doris_Wessels_Portrait.jpg 400w, https:\/\/festival.hfd.digital\/de\/wp-content\/uploads\/sites\/3\/2024\/04\/Doris_Wessels_Portrait-250x250.jpg 250w, https:\/\/festival.hfd.digital\/de\/wp-content\/uploads\/sites\/3\/2024\/04\/Doris_Wessels_Portrait-150x150.jpg 150w, https:\/\/festival.hfd.digital\/de\/wp-content\/uploads\/sites\/3\/2024\/04\/Doris_Wessels_Portrait-120x120.jpg 120w\" sizes=\"auto, (max-width: 400px) 100vw, 400px\" \/><\/a><\/figure>\n\n\n\n<p class=\"has-text-align-center\"><strong><a href=\"https:\/\/festival.hfd.digital\/de\/speakerinnen-2024\/?id=4d38a3a8-2aa3-4649-aa9d-393490998910\">Doris We\u00dfels<\/a><\/strong><br>Professorin f\u00fcr Wirtschaftsinformatik mit den Schwerpunkten Projektmanagement<br><\/p>\n<\/div>\n\n\n\n<div class=\"wp-block-column is-layout-flow wp-block-column-is-layout-flow\"><div class=\"wp-block-image is-style-rounded wp-duotone-unset-9\">\n<figure class=\"aligncenter size-full\"><img loading=\"lazy\" decoding=\"async\" width=\"600\" height=\"600\" src=\"https:\/\/festival.hfd.digital\/de\/wp-content\/uploads\/sites\/3\/2024\/05\/stefan-wolwer.jpg\" alt=\"\" class=\"wp-image-9000\" style=\"aspect-ratio:1;object-fit:cover\" srcset=\"https:\/\/festival.hfd.digital\/de\/wp-content\/uploads\/sites\/3\/2024\/05\/stefan-wolwer.jpg 600w, https:\/\/festival.hfd.digital\/de\/wp-content\/uploads\/sites\/3\/2024\/05\/stefan-wolwer-250x250.jpg 250w, https:\/\/festival.hfd.digital\/de\/wp-content\/uploads\/sites\/3\/2024\/05\/stefan-wolwer-150x150.jpg 150w, https:\/\/festival.hfd.digital\/de\/wp-content\/uploads\/sites\/3\/2024\/05\/stefan-wolwer-120x120.jpg 120w\" sizes=\"auto, (max-width: 600px) 100vw, 600px\" \/><\/figure>\n<\/div>\n\n\n<p class=\"has-text-align-center\"><strong><a href=\"https:\/\/festival.hfd.digital\/de\/speakerinnen-2024\/?id=1d864d9d-7f1d-4871-9e30-ddc20977c2ba\">Stefan W\u00f6lwe<\/a><a href=\"https:\/\/festival.hfd.digital\/de\/speakerinnen-2024\/?id=5dd192cc-77b6-4c08-97de-5ed18ecb3600\">r<\/a><\/strong><br>Interaction Design an der HAWK Hildesheim<\/p>\n<\/div>\n<\/div>\n\n\n\n<div class=\"wp-block-columns is-layout-flex wp-container-core-columns-is-layout-9d6595d7 wp-block-columns-is-layout-flex\">\n<div class=\"wp-block-column is-layout-flow wp-block-column-is-layout-flow\"><div class=\"wp-block-image is-style-rounded wp-duotone-unset-10\">\n<figure class=\"aligncenter size-full\"><a href=\"https:\/\/festival.hfd.digital\/de\/speakerinnen-2024\/?id=1d864d9d-7f1d-4871-9e30-ddc20977c2ba\"><img loading=\"lazy\" decoding=\"async\" width=\"826\" height=\"954\" src=\"https:\/\/festival.hfd.digital\/de\/wp-content\/uploads\/sites\/3\/2024\/04\/Henri_Zalbertus.png\" alt=\"\" class=\"wp-image-8082\" style=\"aspect-ratio:1;object-fit:cover\" srcset=\"https:\/\/festival.hfd.digital\/de\/wp-content\/uploads\/sites\/3\/2024\/04\/Henri_Zalbertus.png 826w, https:\/\/festival.hfd.digital\/de\/wp-content\/uploads\/sites\/3\/2024\/04\/Henri_Zalbertus-250x289.png 250w, https:\/\/festival.hfd.digital\/de\/wp-content\/uploads\/sites\/3\/2024\/04\/Henri_Zalbertus-700x808.png 700w, https:\/\/festival.hfd.digital\/de\/wp-content\/uploads\/sites\/3\/2024\/04\/Henri_Zalbertus-768x887.png 768w, https:\/\/festival.hfd.digital\/de\/wp-content\/uploads\/sites\/3\/2024\/04\/Henri_Zalbertus-120x139.png 120w\" sizes=\"auto, (max-width: 826px) 100vw, 826px\" \/><\/a><\/figure>\n<\/div>\n\n\n<p class=\"has-text-align-center\"><strong><a href=\"https:\/\/festival.hfd.digital\/de\/speakerinnen-2024\/?id=1d864d9d-7f1d-4871-9e30-ddc20977c2ba\">Henri Zalbertus<\/a><\/strong><br>Co-Team Lead for the TUM MGT generative AI Copilot <\/p>\n<\/div>\n\n\n\n<div class=\"wp-block-column is-layout-flow wp-block-column-is-layout-flow\"><\/div>\n\n\n\n<div class=\"wp-block-column is-layout-flow wp-block-column-is-layout-flow\"><\/div>\n<\/div>\n\n\n\n<p>Alle <strong>B\u00fchnenprogrammpunkte<\/strong> der KI-Campus-Stage am 06. Juni finden Sie in unserer Programm\u00fcbersicht.<\/p>\n\n\n\n<div class=\"wp-block-buttons is-content-justification-space-between is-layout-flex wp-container-core-buttons-is-layout-3d213aab wp-block-buttons-is-layout-flex\">\n<div class=\"wp-block-button has-custom-font-size has-medium-font-size\"><a class=\"wp-block-button__link wp-element-button\" href=\"https:\/\/festival.hfd.digital\/de\/programm-2024\/\">Hier geht es zur Programm\u00fcbersicht<\/a><\/div>\n<\/div>\n\n\n\n<h2 class=\"wp-block-heading\" id=\"rahmenprogramm\"><strong>Rahmenprogramm<\/strong><\/h2>\n\n\n\n<p>Der Besuch der KI-Campus-Stage bietet Ihnen die Gelegenheit, sich in unterschiedlichen Formaten \u00fcber wegweisende KI-Trends auszutauschen. Erleben Sie nicht nur inspirierende <strong>Talks und Diskussionen<\/strong> der Expert:innen auf der B\u00fchne, sondern auch vielf\u00e4ltige <strong>Workshops<\/strong> und faszinierende<strong> KI-Exponate<\/strong>.<\/p>\n\n\n\n<h4 class=\"wp-block-heading\"><strong>Workshops &amp; Meetups in Heilbronn<\/strong><\/h4>\n\n\n\n<p><strong>01_Meetup: KI-Campus meets Lehre: Erfahrungen der DHBW bei der Integration von KI in die Lehre<\/strong> (09:50 bis 10:35 Uhr)<br><br>Moderation: Regine Martschiske (DHBW Heilbronn)<br><br>Die Integration von KI als Querschnittsthema in der Hochschullehre wird derzeit im Kontext einer sich durch KI dynamisch ver\u00e4ndernden Gesellschaft vielf\u00e4ltig diskutiert. An der DHBW Heilbronn und Karlsruhe werden Lehrende in verschiedenen Veranstaltungsformaten durch die Bereitstellung von OER aus den KI-Campus-Kursen dabei unterst\u00fctzt und begleitet, KI in eigene Lehrveranstaltungen zu integrieren. Basierend auf der AIComp Studie werden den Lehrenden das Potenzial, aber auch die Grenzen gezeigt, Future Skills in die eigene Lehrveranstaltung zu integrieren. Ziel ist es, M\u00f6glichkeiten und Grenzen eines solchen Vorgehens f\u00fcr die Umsetzung an weiteren Hochschulen aufzuzeigen.<br><\/p>\n\n\n\n<p><strong>02_Meetup: KI und Leadership: Fit f\u00fcr die Herausforderungen moderner F\u00fchrung mit KI<\/strong> (11:00 bis 11:30 Uhr)<\/p>\n\n\n\n<p>Moderation : Sylke Pi\u00e9ch (DFKI), Manuela Rodriguez (Donner und Partner)<\/p>\n\n\n\n<p>In diesem Meetup gibt Sylke Pi\u00e9ch vom DFKI spannende Einblicke in die KI-Campus-Kurse zum Thema &#8222;KI &amp; Leadership&#8220; und verdeutlicht deren Bedeutung f\u00fcr F\u00fchrungskr\u00e4fte, Management und Zukunft. Im n\u00e4chsten Schritt zeigt sie auf, wie die Integration der Kurse in die universit\u00e4re Lehre an der Humboldt-Universit\u00e4t zu Berlin erfolgt ist, um auch zuk\u00fcnftige F\u00fchrungskr\u00e4fte in diesen Themenfeldern zu qualifizieren.<br><\/p>\n\n\n\n<p><strong>03_Workshop: Prompting Challenge: Teacher vs. Chatbot \u2013 wer unterrichtet besser?<\/strong> (11:45 bis 12:45 Uhr)<\/p>\n\n\n\n<p>Moderation: Stefan G\u00f6llner (Stifterverband, KI-Campus)<\/p>\n\n\n\n<p>Warum Lehrende einsetzen, wenn KI-Bots zum Teil schon heute die besseren Antworten geben? Lehrende, Studierende oder Hochschulleitungen bewerten diese Aussage vermutlich unterschiedlich. Mit welchen Begr\u00fcndungen, wird in der Prompting Challenge erkundet. Drei Teams treten gegeneinander an, schl\u00fcpfen in unterschiedliche Rollen und nutzen KI-Chatbots als Argumentationshilfen. Die Teilnehmenden lernen dabei die St\u00e4rken und Schw\u00e4chen verschiedener Large Language Modelle kennen. Sicher ist: Gewinnen kann nur das Team, das die Publikumsjury auf der KI-Campus-Stage mit den besseren Argumente \u00fcberzeugt.<br><\/p>\n\n\n\n<p><strong>04_Workshop: Large Language Models (LLMs) verst\u00e4ndlich gemacht: Ein Leitfaden f\u00fcr Neugierige<\/strong> (14:00 bis 15:00 Uhr)<\/p>\n\n\n\n<p>Moderation: Christian Burkhart (Applied AI)<\/p>\n\n\n\n<p>Gro\u00dfe Sprachmodelle (LLMs) kommen immer selbstverst\u00e4ndlicher in der Bildung und im Alltag zum Einsatz. W\u00e4hrend alle \u00fcber die Technologie sprechen, wird sie jedoch von nur Wenigen verstanden. Insbesondere Personen ohne fundierten technischen Hintergrund werden kaum durch Bildungsangebote abgeholt. Ein solides Verst\u00e4ndnis \u00fcber LLMs ist dabei kein Selbstzweck. Die Technologie wird \u00fcber die n\u00e4chsten Jahren einen enormen Einfluss auf die Wissensarbeit haben. Im Workshop geben wir Interessierten ohne technischen Hintergrund einen \u00dcberblick \u00fcber die zentralen Konzepte und Ideen hinter LLMs. Nach dem Training sind die Teilnehmenden in der Lage, sich selbstst\u00e4ndig im Thema LLMs in der Bildungslandschaft zu orientieren.<br><\/p>\n\n\n\n<p><strong>05_Workshop: Unkontrollierbare K\u00fcnstliche Intelligenz<\/strong> (15:15 bis 16:00 Uhr)<\/p>\n\n\n\n<p>Moderation: Malena Brockschmidt (Fraunhofer ISI)<\/p>\n\n\n\n<p>Technologien haben das Potenzial, in den falschen H\u00e4nden gro\u00dfen Schaden anzurichten \u2013 im Fall von K\u00fcnstlicher Intelligenz (KI) k\u00f6nnten diese H\u00e4nde allerdings der Technologie selbst geh\u00f6ren. Was passiert, wenn wir die Kontrolle \u00fcber KI verlieren? Wie k\u00f6nnte es dazu kommen? Diese Fragen sind so alt wie der Begriff der KI. Auch etliche Science-Fiction-Geschichten befassen sich mit der Problematik: h\u00e4ufig geht es um Fragen von Autonomie und Freiheit, aber ebenso oft geht es um die nackte Existenz. Nach einer kurzen Einf\u00fchrung m\u00f6chten wir uns diesem Thema widmen. Dazu erarbeiten wir mit den Teilnehmenden beispielhafte Szenarien anhand realer Anwendungsfelder und diskutieren die entstandenen Entwicklungspfade.<br><\/p>\n\n\n\n<p><strong>06_Workshop: Prompting im GenAI-Agent Hype: Wo Prompting noch wirklich relevant ist.<\/strong> (16:15 bis 17:00 Uhr)<\/p>\n\n\n\n<p>Moderation: Jan Pl\u00fcer und Henri Zalbertus (TU-M\u00fcnchen)<\/p>\n\n\n\n<p>Wir werden beleuchten, wo Prompting entscheidend bleibt und in welchen Bereichen es vielleicht an Bedeutung verliert, im Kontext von aktuellen Trends wie Agent-Development. Teilnehmende erhalten Einblicke in die Grenzen und M\u00f6glichkeiten von Prompting und diskutieren \u00fcber die Implikationen f\u00fcr zuk\u00fcnftige KI-Anwendungen. Durch praktische Beispiele und Live-Demonstrationen werden wir untersuchen, wo und warum Prompting in verschiedenen Anwendungen von KI nach wie vor eine zentrale Rolle spielt. Dieser Workshop richtet sich an Studierende und KI-Interessierte, die bereits erste Erfahrungen im Bereich Prompt Engineering gesammelt haben.<br><\/p>\n\n\n\n<h4 class=\"wp-block-heading has-text-align-left\">Abendveranstaltung<\/h4>\n\n\n\n<p>Ab <strong>17:30 Uhr<\/strong> laden wir Sie ein, den Veranstaltungstag bei <strong>Musik, Buffet und Getr\u00e4nken<\/strong> ausklingen zu lassen. Als besonderes Highlight erwartet Sie eine <strong>Live-Performance<\/strong>, die sich k\u00fcnstlerisch mit der Interaktion von Mensch und Maschine auseinandersetzt. In einem <strong>multimedialen Physical Theatre<\/strong> geht es um das Potenzial und die Grenzen der sich so rasant entwickelnden Technologie KI &#8211; pr\u00e4sentiert vom K\u00fcnstler Wayne G\u00f6tz im Namen der Folkwang Universit\u00e4t der K\u00fcnste.<\/p>\n\n\n\n<p><\/p>\n\n\n\n<h2 class=\"wp-block-heading\" id=\"on-demand\">On-Demand<\/h2>\n\n\n\n<p>Videos der KI-Campus-Stage finden Sie auf dem YouTube-Kanal des Hochschulforums Digitalisierung.<\/p>\n\n\n\n<div class=\"wp-block-buttons has-custom-font-size has-medium-font-size is-layout-flex wp-block-buttons-is-layout-flex\">\n<div class=\"wp-block-button\"><a class=\"wp-block-button__link wp-element-button\" href=\"https:\/\/www.youtube.com\/playlist?list=PLDE3NyZgHoK4U3DYIb0zGYD3IW_lKXHoG\">Zur Playlist<\/a><\/div>\n<\/div>\n","protected":false},"excerpt":{"rendered":"Am 06. Juni 2024 erwartete die Besucher:innen auf der KI-Campus-Stage in Heilbronn ein spannendes Programm rund um \u201cAI &amp; Technology\u201d. Gemeinsam diskutierten wir, wie K\u00fcnstliche Intelligenz und digitale Technologien die Hochschulbildung ma\u00dfgeblich ver\u00e4ndern. Teilnehmende erfuhren, wie wir alle die neuen M\u00f6glichkeiten gewinnbringend in der Bildung nutzen k\u00f6nnen und wie wir fit f\u00fcr das KI-Zeitalter werden!&#8230; <a class=\"view-article\" href=\"https:\/\/festival.hfd.digital\/de\/praesenzbuehne-heilbronn-2024\/\">View Article<\/a>","protected":false},"author":3,"featured_media":0,"parent":0,"menu_order":0,"comment_status":"closed","ping_status":"closed","template":"","meta":{"_acf_changed":false,"inline_featured_image":false,"footnotes":""},"class_list":["post-7574","page","type-page","status-publish","hentry"],"acf":[],"yoast_head":"<!-- This site is optimized with the Yoast SEO plugin v27.3 - https:\/\/yoast.com\/product\/yoast-seo-wordpress\/ -->\n<title>KI-Campus-Stage Heilbronn | University:Future Festival 2024<\/title>\n<meta name=\"description\" content=\"Am 06. Juni veranstaltete KI-Campus eine Partnerb\u00fchne des U:FF 2024 in Heilbronn.\" \/>\n<meta name=\"robots\" content=\"index, follow, max-snippet:-1, max-image-preview:large, max-video-preview:-1\" \/>\n<link rel=\"canonical\" href=\"https:\/\/festival.hfd.digital\/de\/praesenzbuehne-heilbronn-2024\/\" \/>\n<meta property=\"og:locale\" content=\"de_DE\" \/>\n<meta property=\"og:type\" content=\"article\" \/>\n<meta property=\"og:title\" content=\"KI-Campus-Stage Heilbronn | University:Future Festival 2024\" \/>\n<meta property=\"og:description\" content=\"Am 06. Juni veranstaltete KI-Campus eine Partnerb\u00fchne des U:FF 2024 in Heilbronn.\" \/>\n<meta property=\"og:url\" content=\"https:\/\/festival.hfd.digital\/de\/praesenzbuehne-heilbronn-2024\/\" \/>\n<meta property=\"og:site_name\" content=\"University:Future Festival 2026\" \/>\n<meta property=\"article:modified_time\" content=\"2024-07-01T10:33:23+00:00\" \/>\n<meta property=\"og:image\" content=\"https:\/\/festival.hfd.digital\/de\/wp-content\/uploads\/sites\/3\/2024\/04\/Sharepic-Heilbronn-1-1-700x394.png\" \/>\n\t<meta property=\"og:image:width\" content=\"700\" \/>\n\t<meta property=\"og:image:height\" content=\"394\" \/>\n\t<meta property=\"og:image:type\" content=\"image\/png\" \/>\n<meta name=\"twitter:card\" content=\"summary_large_image\" \/>\n<meta name=\"twitter:label1\" content=\"Gesch\u00e4tzte Lesezeit\" \/>\n\t<meta name=\"twitter:data1\" content=\"8\u00a0Minuten\" \/>\n<script type=\"application\/ld+json\" class=\"yoast-schema-graph\">{\"@context\":\"https:\\\/\\\/schema.org\",\"@graph\":[{\"@type\":\"WebPage\",\"@id\":\"https:\\\/\\\/festival.hfd.digital\\\/de\\\/praesenzbuehne-heilbronn-2024\\\/\",\"url\":\"https:\\\/\\\/festival.hfd.digital\\\/de\\\/praesenzbuehne-heilbronn-2024\\\/\",\"name\":\"KI-Campus-Stage Heilbronn | University:Future Festival 2024\",\"isPartOf\":{\"@id\":\"https:\\\/\\\/festival.hfd.digital\\\/de\\\/#website\"},\"primaryImageOfPage\":{\"@id\":\"https:\\\/\\\/festival.hfd.digital\\\/de\\\/praesenzbuehne-heilbronn-2024\\\/#primaryimage\"},\"image\":{\"@id\":\"https:\\\/\\\/festival.hfd.digital\\\/de\\\/praesenzbuehne-heilbronn-2024\\\/#primaryimage\"},\"thumbnailUrl\":\"https:\\\/\\\/festival.hfd.digital\\\/de\\\/wp-content\\\/uploads\\\/sites\\\/3\\\/2024\\\/04\\\/Sharepic-Heilbronn-1-1-700x394.png\",\"datePublished\":\"2024-04-03T09:50:02+00:00\",\"dateModified\":\"2024-07-01T10:33:23+00:00\",\"description\":\"Am 06. Juni veranstaltete KI-Campus eine Partnerb\u00fchne des U:FF 2024 in Heilbronn.\",\"inLanguage\":\"de\",\"potentialAction\":[{\"@type\":\"ReadAction\",\"target\":[\"https:\\\/\\\/festival.hfd.digital\\\/de\\\/praesenzbuehne-heilbronn-2024\\\/\"]}]},{\"@type\":\"ImageObject\",\"inLanguage\":\"de\",\"@id\":\"https:\\\/\\\/festival.hfd.digital\\\/de\\\/praesenzbuehne-heilbronn-2024\\\/#primaryimage\",\"url\":\"https:\\\/\\\/festival.hfd.digital\\\/de\\\/wp-content\\\/uploads\\\/sites\\\/3\\\/2024\\\/04\\\/Sharepic-Heilbronn-1-1.png\",\"contentUrl\":\"https:\\\/\\\/festival.hfd.digital\\\/de\\\/wp-content\\\/uploads\\\/sites\\\/3\\\/2024\\\/04\\\/Sharepic-Heilbronn-1-1.png\",\"width\":1920,\"height\":1080},{\"@type\":\"WebSite\",\"@id\":\"https:\\\/\\\/festival.hfd.digital\\\/de\\\/#website\",\"url\":\"https:\\\/\\\/festival.hfd.digital\\\/de\\\/\",\"name\":\"University:Future Festival 2026\",\"description\":\"Das j\u00e4hrliche Festival zur Zukunft der Hochschulbildung.\",\"potentialAction\":[{\"@type\":\"SearchAction\",\"target\":{\"@type\":\"EntryPoint\",\"urlTemplate\":\"https:\\\/\\\/festival.hfd.digital\\\/de\\\/?s={search_term_string}\"},\"query-input\":{\"@type\":\"PropertyValueSpecification\",\"valueRequired\":true,\"valueName\":\"search_term_string\"}}],\"inLanguage\":\"de\"}]}<\/script>\n<!-- \/ Yoast SEO plugin. -->","yoast_head_json":{"title":"KI-Campus-Stage Heilbronn | University:Future Festival 2024","description":"Am 06. Juni veranstaltete KI-Campus eine Partnerb\u00fchne des U:FF 2024 in Heilbronn.","robots":{"index":"index","follow":"follow","max-snippet":"max-snippet:-1","max-image-preview":"max-image-preview:large","max-video-preview":"max-video-preview:-1"},"canonical":"https:\/\/festival.hfd.digital\/de\/praesenzbuehne-heilbronn-2024\/","og_locale":"de_DE","og_type":"article","og_title":"KI-Campus-Stage Heilbronn | University:Future Festival 2024","og_description":"Am 06. Juni veranstaltete KI-Campus eine Partnerb\u00fchne des U:FF 2024 in Heilbronn.","og_url":"https:\/\/festival.hfd.digital\/de\/praesenzbuehne-heilbronn-2024\/","og_site_name":"University:Future Festival 2026","article_modified_time":"2024-07-01T10:33:23+00:00","og_image":[{"width":700,"height":394,"url":"https:\/\/festival.hfd.digital\/de\/wp-content\/uploads\/sites\/3\/2024\/04\/Sharepic-Heilbronn-1-1-700x394.png","type":"image\/png"}],"twitter_card":"summary_large_image","twitter_misc":{"Gesch\u00e4tzte Lesezeit":"8\u00a0Minuten"},"schema":{"@context":"https:\/\/schema.org","@graph":[{"@type":"WebPage","@id":"https:\/\/festival.hfd.digital\/de\/praesenzbuehne-heilbronn-2024\/","url":"https:\/\/festival.hfd.digital\/de\/praesenzbuehne-heilbronn-2024\/","name":"KI-Campus-Stage Heilbronn | University:Future Festival 2024","isPartOf":{"@id":"https:\/\/festival.hfd.digital\/de\/#website"},"primaryImageOfPage":{"@id":"https:\/\/festival.hfd.digital\/de\/praesenzbuehne-heilbronn-2024\/#primaryimage"},"image":{"@id":"https:\/\/festival.hfd.digital\/de\/praesenzbuehne-heilbronn-2024\/#primaryimage"},"thumbnailUrl":"https:\/\/festival.hfd.digital\/de\/wp-content\/uploads\/sites\/3\/2024\/04\/Sharepic-Heilbronn-1-1-700x394.png","datePublished":"2024-04-03T09:50:02+00:00","dateModified":"2024-07-01T10:33:23+00:00","description":"Am 06. Juni veranstaltete KI-Campus eine Partnerb\u00fchne des U:FF 2024 in Heilbronn.","inLanguage":"de","potentialAction":[{"@type":"ReadAction","target":["https:\/\/festival.hfd.digital\/de\/praesenzbuehne-heilbronn-2024\/"]}]},{"@type":"ImageObject","inLanguage":"de","@id":"https:\/\/festival.hfd.digital\/de\/praesenzbuehne-heilbronn-2024\/#primaryimage","url":"https:\/\/festival.hfd.digital\/de\/wp-content\/uploads\/sites\/3\/2024\/04\/Sharepic-Heilbronn-1-1.png","contentUrl":"https:\/\/festival.hfd.digital\/de\/wp-content\/uploads\/sites\/3\/2024\/04\/Sharepic-Heilbronn-1-1.png","width":1920,"height":1080},{"@type":"WebSite","@id":"https:\/\/festival.hfd.digital\/de\/#website","url":"https:\/\/festival.hfd.digital\/de\/","name":"University:Future Festival 2026","description":"Das j\u00e4hrliche Festival zur Zukunft der Hochschulbildung.","potentialAction":[{"@type":"SearchAction","target":{"@type":"EntryPoint","urlTemplate":"https:\/\/festival.hfd.digital\/de\/?s={search_term_string}"},"query-input":{"@type":"PropertyValueSpecification","valueRequired":true,"valueName":"search_term_string"}}],"inLanguage":"de"}]}},"_links":{"self":[{"href":"https:\/\/festival.hfd.digital\/de\/wp-json\/wp\/v2\/pages\/7574","targetHints":{"allow":["GET"]}}],"collection":[{"href":"https:\/\/festival.hfd.digital\/de\/wp-json\/wp\/v2\/pages"}],"about":[{"href":"https:\/\/festival.hfd.digital\/de\/wp-json\/wp\/v2\/types\/page"}],"author":[{"embeddable":true,"href":"https:\/\/festival.hfd.digital\/de\/wp-json\/wp\/v2\/users\/3"}],"replies":[{"embeddable":true,"href":"https:\/\/festival.hfd.digital\/de\/wp-json\/wp\/v2\/comments?post=7574"}],"version-history":[{"count":96,"href":"https:\/\/festival.hfd.digital\/de\/wp-json\/wp\/v2\/pages\/7574\/revisions"}],"predecessor-version":[{"id":9623,"href":"https:\/\/festival.hfd.digital\/de\/wp-json\/wp\/v2\/pages\/7574\/revisions\/9623"}],"wp:attachment":[{"href":"https:\/\/festival.hfd.digital\/de\/wp-json\/wp\/v2\/media?parent=7574"}],"curies":[{"name":"wp","href":"https:\/\/api.w.org\/{rel}","templated":true}]}}