{"id":10667,"date":"2025-03-19T17:24:18","date_gmt":"2025-03-19T17:24:18","guid":{"rendered":"https:\/\/festival.hfd.digital\/de\/?page_id=10667"},"modified":"2026-04-10T15:49:02","modified_gmt":"2026-04-10T14:49:02","slug":"praesenzbuehne-graz-2025","status":"publish","type":"page","link":"https:\/\/festival.hfd.digital\/de\/praesenzbuehne-graz-2025\/","title":{"rendered":"AI:Stage Graz 2025"},"content":{"rendered":"\n<h5 class=\"wp-block-heading\">Am Dienstag, den 13. Mai 2025, gab die AI:Stage TU Graz einen Einblick in Anwendungen von K\u00fcnstlicher Intelligenz (KI) f\u00fcr die Hochschulen. Die Partnerb\u00fchne wurde von der Technischen Universit\u00e4t Graz in Kooperation zwischen den Abteilungen Lehr- und Lerntechnologien, sowie Lehr- und Studienentwicklung und dem Digital University Hub veranstaltet.<\/h5>\n\n\n\n<p><\/p>\n\n\n<div class=\"wp-block-image is-style-default\">\n<figure class=\"aligncenter size-large\"><img loading=\"lazy\" decoding=\"async\" width=\"700\" height=\"394\" src=\"https:\/\/festival.hfd.digital\/de\/wp-content\/uploads\/sites\/3\/2025\/03\/Stage-Sharepic_Graz-2-700x394.png\" alt=\"Am 13. Mai 2025 zeigt die AI:Stage TU Graz auf der UFF 25, wie K\u00fcnstliche Intelligenz Hochschulen ver\u00e4ndert.\" class=\"wp-image-11172\" srcset=\"https:\/\/festival.hfd.digital\/de\/wp-content\/uploads\/sites\/3\/2025\/03\/Stage-Sharepic_Graz-2-700x394.png 700w, https:\/\/festival.hfd.digital\/de\/wp-content\/uploads\/sites\/3\/2025\/03\/Stage-Sharepic_Graz-2-250x141.png 250w, https:\/\/festival.hfd.digital\/de\/wp-content\/uploads\/sites\/3\/2025\/03\/Stage-Sharepic_Graz-2-768x432.png 768w, https:\/\/festival.hfd.digital\/de\/wp-content\/uploads\/sites\/3\/2025\/03\/Stage-Sharepic_Graz-2-1536x864.png 1536w, https:\/\/festival.hfd.digital\/de\/wp-content\/uploads\/sites\/3\/2025\/03\/Stage-Sharepic_Graz-2-2048x1152.png 2048w, https:\/\/festival.hfd.digital\/de\/wp-content\/uploads\/sites\/3\/2025\/03\/Stage-Sharepic_Graz-2-120x68.png 120w\" sizes=\"auto, (max-width: 700px) 100vw, 700px\" \/><\/figure>\n<\/div>\n\n\n<p><\/p>\n\n\n\n<p><strong>Eckdaten<\/strong>: Das Programm begann am 13. Mai 2025 um 09.00 Uhr und endete um ca. 17:45 Uhr. F\u00fcr den gem\u00fctlichen Austausch bei Getr\u00e4nke und H\u00e4ppchen war tags\u00fcber gesorgt, daf\u00fcr bedankt sich die B\u00fchne in Graz beim \u00f6sterreichischen <a href=\"https:\/\/eur04.safelinks.protection.outlook.com\/?url=https%3A%2F%2Fwww.bmbwf.gv.at%2F&amp;data=05%7C02%7CJill.Ankawi%40stifterverband.de%7C3d3ea8c2f5ec47a9c95a08dd68575932%7Cc6ff58bc993e4bdb8d106013e2cd361f%7C0%7C0%7C638781446559105350%7CUnknown%7CTWFpbGZsb3d8eyJFbXB0eU1hcGkiOnRydWUsIlYiOiIwLjAuMDAwMCIsIlAiOiJXaW4zMiIsIkFOIjoiTWFpbCIsIldUIjoyfQ%3D%3D%7C0%7C%7C%7C&amp;sdata=qAgFvIYljOjVib2xR5Dry66RBSKDIayIAb%2BVlPeja60%3D&amp;reserved=0\">Bundesministerium f\u00fcr Frauen, Wissenschaft und Forschung<\/a>.<\/p>\n\n\n\n<p><strong>Location<\/strong>: Erdgeschoss des BMT Geb\u00e4udes, Stremayrgasse 16, 8010 Graz. <\/p>\n\n\n\n<p><strong>Anreise<\/strong>: Vom Bahnhof Graz bzw. Verkehrsknotenpunkt Jakominiplatz auskommend nehmen Sie bitte die Stra\u00dfenbahnlinie 6 Richtung \u201cSt. Peter Schulzentrum\u201d bis zur Haltestelle \u201cNeue Technik\u201d. Von dort sind es ca. 5 Gehminuten bis zur Partnerb\u00fchne im BMT Geb\u00e4ude (Stremayrgasse 16, 8010 Graz).<\/p>\n\n\n\n<p><a href=\"#keynotes\">Keynote-Speaker:innen <\/a><br><a href=\"#B\u00fchnenprogramm\">B\u00fchnenprogramm<\/a><br><a href=\"#rahmenprogramm\">Rahmenprogramm<\/a><br><a href=\"#on-demand\">On-Demand<\/a><\/p>\n\n\n\n<h2 class=\"wp-block-heading\" id=\"keynotes\">Keynote-Speaker:innen <\/h2>\n\n\n\n<div class=\"wp-block-columns is-layout-flex wp-container-core-columns-is-layout-9d6595d7 wp-block-columns-is-layout-flex\">\n<div class=\"wp-block-column is-layout-flow wp-block-column-is-layout-flow\">\n<figure class=\"wp-block-image size-full is-style-rounded wp-duotone-unset-1\"><img loading=\"lazy\" decoding=\"async\" width=\"2048\" height=\"1365\" src=\"https:\/\/festival.hfd.digital\/de\/wp-content\/uploads\/sites\/3\/2025\/03\/Maier_Ronald.jpeg\" alt=\"\" class=\"wp-image-10719\" style=\"aspect-ratio:1;object-fit:cover\" srcset=\"https:\/\/festival.hfd.digital\/de\/wp-content\/uploads\/sites\/3\/2025\/03\/Maier_Ronald.jpeg 2048w, https:\/\/festival.hfd.digital\/de\/wp-content\/uploads\/sites\/3\/2025\/03\/Maier_Ronald-250x167.jpeg 250w, https:\/\/festival.hfd.digital\/de\/wp-content\/uploads\/sites\/3\/2025\/03\/Maier_Ronald-700x467.jpeg 700w, https:\/\/festival.hfd.digital\/de\/wp-content\/uploads\/sites\/3\/2025\/03\/Maier_Ronald-768x512.jpeg 768w, https:\/\/festival.hfd.digital\/de\/wp-content\/uploads\/sites\/3\/2025\/03\/Maier_Ronald-1536x1024.jpeg 1536w, https:\/\/festival.hfd.digital\/de\/wp-content\/uploads\/sites\/3\/2025\/03\/Maier_Ronald-120x80.jpeg 120w\" sizes=\"auto, (max-width: 2048px) 100vw, 2048px\" \/><\/figure>\n\n\n\n<p class=\"has-text-align-center\"><strong>Ronald Maier<\/strong><br>Vizerektor f\u00fcr Digitalisierung und Wissenstransfer der Universit\u00e4t Wien<br><\/p>\n<\/div>\n\n\n\n<div class=\"wp-block-column is-layout-flow wp-block-column-is-layout-flow\"><div class=\"wp-block-image is-style-rounded wp-duotone-unset-2\">\n<figure class=\"aligncenter size-full\"><img loading=\"lazy\" decoding=\"async\" width=\"5504\" height=\"8256\" src=\"https:\/\/festival.hfd.digital\/de\/wp-content\/uploads\/sites\/3\/2025\/03\/Seidl_Martina.jpg\" alt=\"\" class=\"wp-image-10718\" style=\"aspect-ratio:1;object-fit:cover\" srcset=\"https:\/\/festival.hfd.digital\/de\/wp-content\/uploads\/sites\/3\/2025\/03\/Seidl_Martina.jpg 5504w, https:\/\/festival.hfd.digital\/de\/wp-content\/uploads\/sites\/3\/2025\/03\/Seidl_Martina-768x1152.jpg 768w, https:\/\/festival.hfd.digital\/de\/wp-content\/uploads\/sites\/3\/2025\/03\/Seidl_Martina-1024x1536.jpg 1024w\" sizes=\"auto, (max-width: 5504px) 100vw, 5504px\" \/><\/figure>\n<\/div>\n\n\n<p class=\"has-text-align-center\"><strong>Martina Seidl<\/strong><br>Professorin f\u00fcr k\u00fcnstliche Intelligenz mit Schwerpunkt auf symbolische Techniken<br>an der Johannes Kepler Universit\u00e4t Linz<\/p>\n<\/div>\n<\/div>\n\n\n\n<h2 class=\"wp-block-heading\">B\u00fchnenprogramm<\/h2>\n\n\n\n<div class=\"wp-block-group\"><div class=\"wp-block-group__inner-container is-layout-constrained wp-block-group-is-layout-constrained\">\n<div class=\"wp-block-group\"><div class=\"wp-block-group__inner-container is-layout-constrained wp-block-group-is-layout-constrained\">\n<figure class=\"wp-block-table is-style-stripes\"><table><thead><tr><th><\/th><th class=\"has-text-align-left\" data-align=\"left\"><strong>AI:Stage TU Graz <\/strong><\/th><th class=\"has-text-align-left\" data-align=\"left\"><strong>Pr\u00e4senz-Workshop Graz I (Seminarraum<\/strong>)<\/th><th class=\"has-text-align-left\" data-align=\"left\"><strong><strong>Pr\u00e4senz-Workshop Graz I<\/strong><\/strong>I (<strong>Bibliothek<\/strong>)<\/th><\/tr><\/thead><tbody><tr><td>09:00&nbsp;\u201309:20&nbsp;Uhr<\/td><td class=\"has-text-align-left\" data-align=\"left\"><a href=\"https:\/\/festival.hfd.digital\/de\/sessions-2025\/?id=879177\">Er\u00f6ffnung und Gru\u00dfworte des Ministeriums<\/a><\/td><td class=\"has-text-align-left\" data-align=\"left\"><\/td><td class=\"has-text-align-left\" data-align=\"left\"><\/td><\/tr><tr><td>09:20&nbsp;\u201310:05&nbsp;Uhr<\/td><td class=\"has-text-align-left\" data-align=\"left\"><a href=\"https:\/\/festival.hfd.digital\/de\/sessions-2025\/?id=879172\">Generative KI f\u00fcr den universit\u00e4ren Unterricht von Logik und formalen Methoden: Geht das? <\/a><\/td><td class=\"has-text-align-left\" data-align=\"left\"><\/td><td class=\"has-text-align-left\" data-align=\"left\"><\/td><\/tr><tr><td><\/td><td class=\"has-text-align-left\" data-align=\"left\"><em><em>Pause <\/em><\/em><\/td><td class=\"has-text-align-left\" data-align=\"left\"><\/td><td class=\"has-text-align-left\" data-align=\"left\"><\/td><\/tr><tr><td>10:20&nbsp;\u201310:50&nbsp;Uhr<\/td><td class=\"has-text-align-left\" data-align=\"left\"><a href=\"https:\/\/festival.hfd.digital\/de\/sessions-2025\/?id=841856\">Rubric-Based Explainable Feedback with AI-Assistance<\/a><\/td><td class=\"has-text-align-left\" data-align=\"left\"><a href=\"https:\/\/festival.hfd.digital\/de\/sessions-2025\/?id=842185\">Normen, Werte, Mythen \u2013 wie formt unser Weltbild unser Bigger Picture?<\/a><br>(bis 12:15&nbsp;Uhr)<\/td><td class=\"has-text-align-left\" data-align=\"left\"><a href=\"https:\/\/festival.hfd.digital\/de\/sessions-2025\/?id=833993\">Pen &amp; Paper &#8211; AI Training: KI spielerisch begreifen<\/a><br>(bis&nbsp;11:25&nbsp;Uhr)<\/td><\/tr><tr><td>10:55&nbsp;\u201311:25&nbsp;Uhr<\/td><td class=\"has-text-align-left\" data-align=\"left\"><a href=\"https:\/\/festival.hfd.digital\/de\/sessions-2025\/?id=839069\">AI in Education: Empowering Students to become the Teacher<\/a><\/td><td class=\"has-text-align-left\" data-align=\"left\"><\/td><td class=\"has-text-align-left\" data-align=\"left\"><\/td><\/tr><tr><td><\/td><td class=\"has-text-align-left\" data-align=\"left\"><em><em>Pause <\/em><\/em><\/td><td class=\"has-text-align-left\" data-align=\"left\"><\/td><td class=\"has-text-align-left\" data-align=\"left\"><\/td><\/tr><tr><td>11:40&nbsp;\u201312:10&nbsp;Uhr<\/td><td class=\"has-text-align-left\" data-align=\"left\"><a href=\"https:\/\/festival.hfd.digital\/de\/sessions-2025\/?id=838196\">\/imagine The Fully Licensed University<\/a><\/td><td class=\"has-text-align-left\" data-align=\"left\"><\/td><td class=\"has-text-align-left\" data-align=\"left\"><a href=\"https:\/\/festival.hfd.digital\/de\/sessions-2025\/?id=880638\">KI trifft ARS: mehr Interaktion &amp; motivierende Lehre<\/a><br>(bis 12:45&nbsp;Uhr)<\/td><\/tr><tr><td>12:15&nbsp;\u201312:45&nbsp;Uhr<\/td><td class=\"has-text-align-left\" data-align=\"left\"><a href=\"https:\/\/festival.hfd.digital\/de\/sessions-2025\/?id=841533\">Academic Writing: A Field Experiment Testing GPT&#8217;s Ability to Foster Clarity and Efficiency<\/a><\/td><td class=\"has-text-align-left\" data-align=\"left\"><\/td><td class=\"has-text-align-left\" data-align=\"left\"><\/td><\/tr><tr><td><\/td><td class=\"has-text-align-left\" data-align=\"left\"><em>Mittagspause<\/em><\/td><td class=\"has-text-align-left\" data-align=\"left\"><\/td><td class=\"has-text-align-left\" data-align=\"left\"><\/td><\/tr><tr><td>13:45&nbsp;\u201314:50&nbsp;Uhr<\/td><td class=\"has-text-align-left\" data-align=\"left\"><a href=\"https:\/\/festival.hfd.digital\/de\/sessions-2025\/?id=879176\">Shifting Gears: Kooperation als Standard f\u00fcr Hochschulen in der digitalen Transformation <\/a><\/td><td class=\"has-text-align-left\" data-align=\"left\"><\/td><td class=\"has-text-align-left\" data-align=\"left\"><\/td><\/tr><tr><td><\/td><td class=\"has-text-align-left\" data-align=\"left\"><em><em>Pause <\/em><\/em><\/td><td class=\"has-text-align-left\" data-align=\"left\"><\/td><td class=\"has-text-align-left\" data-align=\"left\"><\/td><\/tr><tr><td>15:05&nbsp;\u201315:35&nbsp;Uhr<\/td><td class=\"has-text-align-left\" data-align=\"left\"><a href=\"https:\/\/festival.hfd.digital\/de\/sessions-2025\/?id=885690\">AI Empowerment: Der Schl\u00fcssel zu nachhaltiger KI-Integration<\/a><br><\/td><td class=\"has-text-align-left\" data-align=\"left\"><a href=\"https:\/\/festival.hfd.digital\/de\/sessions-2025\/?id=841420\">Re:imagine Critical Thinking: Wie Gamification unser KI-Verst\u00e4ndnis revolutioniert?<\/a><br>(bis&nbsp;16:10&nbsp;Uhr)<\/td><td class=\"has-text-align-left\" data-align=\"left\"><a href=\"https:\/\/festival.hfd.digital\/de\/sessions-2025\/?id=841955\">Shapeshifting Emotion: KI f\u00fcr produktive Diskussionen<\/a><br>(bis&nbsp;17:00&nbsp;Uhr)<\/td><\/tr><tr><td>15:40&nbsp;\u201316:10&nbsp;Uhr<\/td><td class=\"has-text-align-left\" data-align=\"left\"><a href=\"https:\/\/festival.hfd.digital\/de\/sessions-2025\/?id=842008\">Digitale Labore \u2013 Stand der Dinge mit ChatGPT<\/a><\/td><td class=\"has-text-align-left\" data-align=\"left\"><\/td><td class=\"has-text-align-left\" data-align=\"left\"><\/td><\/tr><tr><td><\/td><td class=\"has-text-align-left\" data-align=\"left\"><em><em>Pause <\/em><\/em><\/td><td class=\"has-text-align-left\" data-align=\"left\"><\/td><td class=\"has-text-align-left\" data-align=\"left\"><\/td><\/tr><tr><td>&nbsp;16:25&nbsp;\u2013&nbsp;16:55&nbsp;Uhr<\/td><td class=\"has-text-align-left\" data-align=\"left\"><a href=\"https:\/\/festival.hfd.digital\/de\/sessions-2025\/?id=841690\">KI-Use-Cases in Studium und Lehre \u2013 eine Tour d&#8217;Horizon<\/a> <br><\/td><td class=\"has-text-align-left\" data-align=\"left\"><a href=\"https:\/\/festival.hfd.digital\/de\/sessions-2025\/?id=842203\">Mythos AI? Ein kritischer Blick auf implizite Annahmen unserer Technologie-Zuk\u00fcnfte<\/a><br>(bis&nbsp;17:30&nbsp;Uhr)<\/td><td class=\"has-text-align-left\" data-align=\"left\"><\/td><\/tr><tr><td>17:00&nbsp;\u201317:30&nbsp;Uhr<\/td><td class=\"has-text-align-left\" data-align=\"left\"><a href=\"https:\/\/festival.hfd.digital\/de\/sessions-2025\/?id=838936\">Fakt oder Fiktion: Kausale Inferenz und erkl\u00e4rbare KI in der Hochschulbildung<\/a><\/td><td class=\"has-text-align-left\" data-align=\"left\"><\/td><td class=\"has-text-align-left\" data-align=\"left\"><\/td><\/tr><tr><td>17.30 &#8211; 17.50 Uhr<\/td><td class=\"has-text-align-left\" data-align=\"left\"><a href=\"https:\/\/festival.hfd.digital\/de\/sessions-2025\/?id=888554\">Verabschiedung AI:Stage TU Graz<\/a><\/td><td class=\"has-text-align-left\" data-align=\"left\"><\/td><td class=\"has-text-align-left\" data-align=\"left\"><\/td><\/tr><\/tbody><\/table><\/figure>\n<\/div><\/div>\n<\/div><\/div>\n\n\n\n<p><br>Alle B\u00fchnenprogrammpunkte der AI:Stage Graz finden Sie in unserer Programm\u00fcbersicht.<\/p>\n\n\n\n<div class=\"wp-block-buttons is-layout-flex wp-block-buttons-is-layout-flex\">\n<div class=\"wp-block-button has-custom-font-size has-medium-font-size\"><a class=\"wp-block-button__link wp-element-button\" href=\"https:\/\/festival.hfd.digital\/de\/programm-2025\/\" target=\"_blank\" rel=\"noreferrer noopener\">Hier geht es zur Programm\u00fcbersicht<\/a><\/div>\n<\/div>\n\n\n\n<h2 class=\"wp-block-heading\" id=\"rahmenprogramm\"><strong>Rahmenprogramm<\/strong><\/h2>\n\n\n\n<p><strong>Workshops, Meetups, St\u00e4nde, Vernetzungsm\u00f6glichkeiten und vieles mehr <\/strong>wurde auf der\u00a0U:FF-Partnerb\u00fchne AI:Stage TU Graz den Besucher:innen geboten.\u00a0<\/p>\n\n\n\n<p><strong>Kernthema<\/strong>: <strong>Einblicke in die Bedeutung von K\u00fcnstlicher Intelligenz (KI) f\u00fcr die Hochschulen.\u00a0<\/strong><br>Angesichts der Fortschritte und der Auswirkungen von KI-Technologien auf verschiedene Lebensbereiche \u2013 insbesondere eben aber auch im Hochschulbereich &#8211; war es wichtig, dass Expert:innen, Hochschulangeh\u00f6rige und Interessierte zusammenkommen, um die Chancen und Herausforderungen von KI zu beleuchten. Durch den Austausch von Ideen und ersten Erfahrungen wollten wir das Verst\u00e4ndnis f\u00fcr den KI-Einsatz an der Hochschule f\u00f6rdern und deren Potenzial f\u00fcr die Zukunft aufzeigen. Unser Ziel war es eigene KI-Applikationen die an der Hochschule, sowohl in Forschung, Lehre oder Verwaltung Anwendung finden, darzustellen und zu diskutieren oder deren Auswirkungen kritisch zu reflektieren. <br><br><strong>Jajaja, neeneeneee &#8211; \u00fcber Affen reden<\/strong><br>Ein freundliches \u00c4ffchen, entstanden aus einer Socke, beobachtete uns aufmerksam, folgte unseren Gesten und kommuniziert mit einem \u00c4ffchen-Gegen\u00fcber am Monitor: die Installation \u201eJajaja, neeneeneee &#8211; \u00fcber Affen reden\u201c schaffte eine spontane, herzerw\u00e4rmende Verbindung zwischen Menschen und Stoffaffen. Charmant auffordernd funktionierte diese Interaktion \u00fcber Kulturen und Generationen hinweg und stellte gleichzeitig Fragen nach der \u00dcberwindung von Distanz: Was bringt uns dazu, N\u00e4he zu empfinden?<br>&#8211; Anne Brannys<\/p>\n\n\n\n<p><strong>Shapeshifting: Emotion \u2013 Empowerment durch KI<\/strong><br>Welche Geschichten werden \u00fcber uns erz\u00e4hlt und wie erlangen wir die Deutungshoheit dar\u00fcber? Die Installation &#8222;Shapeshifting: Emotion&#8220; stellte sich diesen Fragen und bot interaktive Ans\u00e4tze im Spannungsfeld Mensch\/k\u00fcnstliche Intelligenz. Besucher*innen des Festivals konnten vor Ort Teil der Arbeit werden &#8211; und ihren Beitrag zur Idee der selbstbestimmten Narration leisten.<br>&#8211; Elena Ziegler<\/p>\n\n\n\n<h2 class=\"wp-block-heading\" id=\"on-demand\">On-Demand<\/h2>\n\n\n\n<p>Videos von der AI:Stage Graz finden Sie nach dem Festival auf dem YouTube-Kanal des Hochschulforums Digitalisierung.<\/p>\n\n\n\n<p>Die Pr\u00e4senzb\u00fchne in Graz wird organisiert von der <a href=\"https:\/\/www.tugraz.at\/home\">Technischen Universit\u00e4t Graz<\/a>.<\/p>\n\n\n\n<div class=\"wp-block-buttons is-layout-flex wp-block-buttons-is-layout-flex\">\n<div class=\"wp-block-button\"><a class=\"wp-block-button__link wp-element-button\" href=\"https:\/\/festival.hfd.digital\/de\/tickets\/\">Sichern Sie sich hier ihr Ticket<\/a><\/div>\n<\/div>\n\n\n\n<p><\/p>\n","protected":false},"excerpt":{"rendered":"Am Dienstag, den 13. Mai 2025, gab die AI:Stage TU Graz einen Einblick in Anwendungen von K\u00fcnstlicher Intelligenz (KI) f\u00fcr die Hochschulen. Die Partnerb\u00fchne wurde von der Technischen Universit\u00e4t Graz in Kooperation zwischen den Abteilungen Lehr- und Lerntechnologien, sowie Lehr- und Studienentwicklung und dem Digital University Hub veranstaltet. Eckdaten: Das Programm begann am 13. Mai&#8230; <a class=\"view-article\" href=\"https:\/\/festival.hfd.digital\/de\/praesenzbuehne-graz-2025\/\">View Article<\/a>","protected":false},"author":3,"featured_media":0,"parent":0,"menu_order":0,"comment_status":"closed","ping_status":"closed","template":"","meta":{"_acf_changed":false,"inline_featured_image":false,"footnotes":""},"class_list":["post-10667","page","type-page","status-publish","hentry"],"acf":[],"yoast_head":"<!-- This site is optimized with the Yoast SEO plugin v27.3 - https:\/\/yoast.com\/product\/yoast-seo-wordpress\/ -->\n<title>AI:Stage Graz 2025 - University:Future Festival 2026<\/title>\n<meta name=\"description\" content=\"Am 13. Mai 2025 zeigt die AI:Stage TU Graz auf der UFF 25, wie K\u00fcnstliche Intelligenz Hochschulen ver\u00e4ndert.\" \/>\n<meta name=\"robots\" content=\"index, follow, max-snippet:-1, max-image-preview:large, max-video-preview:-1\" \/>\n<link rel=\"canonical\" href=\"https:\/\/festival.hfd.digital\/de\/praesenzbuehne-graz-2025\/\" \/>\n<meta property=\"og:locale\" content=\"de_DE\" \/>\n<meta property=\"og:type\" content=\"article\" \/>\n<meta property=\"og:title\" content=\"AI:Stage TU Graz\" \/>\n<meta property=\"og:description\" content=\"Am 13. Mai 2025 zeigt die AI:Stage TU Graz auf der UFF 25, wie K\u00fcnstliche Intelligenz Hochschulen ver\u00e4ndert.\" \/>\n<meta property=\"og:url\" content=\"https:\/\/festival.hfd.digital\/de\/praesenzbuehne-graz-2025\/\" \/>\n<meta property=\"og:site_name\" content=\"University:Future Festival 2026\" \/>\n<meta property=\"article:modified_time\" content=\"2026-04-10T14:49:02+00:00\" \/>\n<meta property=\"og:image\" content=\"https:\/\/festival.hfd.digital\/de\/wp-content\/uploads\/sites\/3\/2025\/03\/Stage-Sharepic_Graz-700x394.png\" \/>\n\t<meta property=\"og:image:width\" content=\"700\" \/>\n\t<meta property=\"og:image:height\" content=\"394\" \/>\n\t<meta property=\"og:image:type\" content=\"image\/png\" \/>\n<meta name=\"twitter:card\" content=\"summary_large_image\" \/>\n<meta name=\"twitter:label1\" content=\"Gesch\u00e4tzte Lesezeit\" \/>\n\t<meta name=\"twitter:data1\" content=\"5\u00a0Minuten\" \/>\n<script type=\"application\/ld+json\" class=\"yoast-schema-graph\">{\"@context\":\"https:\\\/\\\/schema.org\",\"@graph\":[{\"@type\":\"WebPage\",\"@id\":\"https:\\\/\\\/festival.hfd.digital\\\/de\\\/praesenzbuehne-graz-2025\\\/\",\"url\":\"https:\\\/\\\/festival.hfd.digital\\\/de\\\/praesenzbuehne-graz-2025\\\/\",\"name\":\"AI:Stage Graz 2025 - University:Future Festival 2026\",\"isPartOf\":{\"@id\":\"https:\\\/\\\/festival.hfd.digital\\\/de\\\/#website\"},\"primaryImageOfPage\":{\"@id\":\"https:\\\/\\\/festival.hfd.digital\\\/de\\\/praesenzbuehne-graz-2025\\\/#primaryimage\"},\"image\":{\"@id\":\"https:\\\/\\\/festival.hfd.digital\\\/de\\\/praesenzbuehne-graz-2025\\\/#primaryimage\"},\"thumbnailUrl\":\"https:\\\/\\\/festival.hfd.digital\\\/de\\\/wp-content\\\/uploads\\\/sites\\\/3\\\/2025\\\/03\\\/Stage-Sharepic_Graz-2-700x394.png\",\"datePublished\":\"2025-03-19T17:24:18+00:00\",\"dateModified\":\"2026-04-10T14:49:02+00:00\",\"description\":\"Am 13. Mai 2025 zeigt die AI:Stage TU Graz auf der UFF 25, wie K\u00fcnstliche Intelligenz Hochschulen ver\u00e4ndert.\",\"inLanguage\":\"de\",\"potentialAction\":[{\"@type\":\"ReadAction\",\"target\":[\"https:\\\/\\\/festival.hfd.digital\\\/de\\\/praesenzbuehne-graz-2025\\\/\"]}]},{\"@type\":\"ImageObject\",\"inLanguage\":\"de\",\"@id\":\"https:\\\/\\\/festival.hfd.digital\\\/de\\\/praesenzbuehne-graz-2025\\\/#primaryimage\",\"url\":\"https:\\\/\\\/festival.hfd.digital\\\/de\\\/wp-content\\\/uploads\\\/sites\\\/3\\\/2025\\\/03\\\/Stage-Sharepic_Graz-2.png\",\"contentUrl\":\"https:\\\/\\\/festival.hfd.digital\\\/de\\\/wp-content\\\/uploads\\\/sites\\\/3\\\/2025\\\/03\\\/Stage-Sharepic_Graz-2.png\",\"width\":5760,\"height\":3240},{\"@type\":\"WebSite\",\"@id\":\"https:\\\/\\\/festival.hfd.digital\\\/de\\\/#website\",\"url\":\"https:\\\/\\\/festival.hfd.digital\\\/de\\\/\",\"name\":\"University:Future Festival 2026\",\"description\":\"Das j\u00e4hrliche Festival zur Zukunft der Hochschulbildung.\",\"potentialAction\":[{\"@type\":\"SearchAction\",\"target\":{\"@type\":\"EntryPoint\",\"urlTemplate\":\"https:\\\/\\\/festival.hfd.digital\\\/de\\\/?s={search_term_string}\"},\"query-input\":{\"@type\":\"PropertyValueSpecification\",\"valueRequired\":true,\"valueName\":\"search_term_string\"}}],\"inLanguage\":\"de\"}]}<\/script>\n<!-- \/ Yoast SEO plugin. -->","yoast_head_json":{"title":"AI:Stage Graz 2025 - University:Future Festival 2026","description":"Am 13. Mai 2025 zeigt die AI:Stage TU Graz auf der UFF 25, wie K\u00fcnstliche Intelligenz Hochschulen ver\u00e4ndert.","robots":{"index":"index","follow":"follow","max-snippet":"max-snippet:-1","max-image-preview":"max-image-preview:large","max-video-preview":"max-video-preview:-1"},"canonical":"https:\/\/festival.hfd.digital\/de\/praesenzbuehne-graz-2025\/","og_locale":"de_DE","og_type":"article","og_title":"AI:Stage TU Graz","og_description":"Am 13. Mai 2025 zeigt die AI:Stage TU Graz auf der UFF 25, wie K\u00fcnstliche Intelligenz Hochschulen ver\u00e4ndert.","og_url":"https:\/\/festival.hfd.digital\/de\/praesenzbuehne-graz-2025\/","og_site_name":"University:Future Festival 2026","article_modified_time":"2026-04-10T14:49:02+00:00","og_image":[{"width":700,"height":394,"url":"https:\/\/festival.hfd.digital\/de\/wp-content\/uploads\/sites\/3\/2025\/03\/Stage-Sharepic_Graz-700x394.png","type":"image\/png"}],"twitter_card":"summary_large_image","twitter_misc":{"Gesch\u00e4tzte Lesezeit":"5\u00a0Minuten"},"schema":{"@context":"https:\/\/schema.org","@graph":[{"@type":"WebPage","@id":"https:\/\/festival.hfd.digital\/de\/praesenzbuehne-graz-2025\/","url":"https:\/\/festival.hfd.digital\/de\/praesenzbuehne-graz-2025\/","name":"AI:Stage Graz 2025 - University:Future Festival 2026","isPartOf":{"@id":"https:\/\/festival.hfd.digital\/de\/#website"},"primaryImageOfPage":{"@id":"https:\/\/festival.hfd.digital\/de\/praesenzbuehne-graz-2025\/#primaryimage"},"image":{"@id":"https:\/\/festival.hfd.digital\/de\/praesenzbuehne-graz-2025\/#primaryimage"},"thumbnailUrl":"https:\/\/festival.hfd.digital\/de\/wp-content\/uploads\/sites\/3\/2025\/03\/Stage-Sharepic_Graz-2-700x394.png","datePublished":"2025-03-19T17:24:18+00:00","dateModified":"2026-04-10T14:49:02+00:00","description":"Am 13. Mai 2025 zeigt die AI:Stage TU Graz auf der UFF 25, wie K\u00fcnstliche Intelligenz Hochschulen ver\u00e4ndert.","inLanguage":"de","potentialAction":[{"@type":"ReadAction","target":["https:\/\/festival.hfd.digital\/de\/praesenzbuehne-graz-2025\/"]}]},{"@type":"ImageObject","inLanguage":"de","@id":"https:\/\/festival.hfd.digital\/de\/praesenzbuehne-graz-2025\/#primaryimage","url":"https:\/\/festival.hfd.digital\/de\/wp-content\/uploads\/sites\/3\/2025\/03\/Stage-Sharepic_Graz-2.png","contentUrl":"https:\/\/festival.hfd.digital\/de\/wp-content\/uploads\/sites\/3\/2025\/03\/Stage-Sharepic_Graz-2.png","width":5760,"height":3240},{"@type":"WebSite","@id":"https:\/\/festival.hfd.digital\/de\/#website","url":"https:\/\/festival.hfd.digital\/de\/","name":"University:Future Festival 2026","description":"Das j\u00e4hrliche Festival zur Zukunft der Hochschulbildung.","potentialAction":[{"@type":"SearchAction","target":{"@type":"EntryPoint","urlTemplate":"https:\/\/festival.hfd.digital\/de\/?s={search_term_string}"},"query-input":{"@type":"PropertyValueSpecification","valueRequired":true,"valueName":"search_term_string"}}],"inLanguage":"de"}]}},"_links":{"self":[{"href":"https:\/\/festival.hfd.digital\/de\/wp-json\/wp\/v2\/pages\/10667","targetHints":{"allow":["GET"]}}],"collection":[{"href":"https:\/\/festival.hfd.digital\/de\/wp-json\/wp\/v2\/pages"}],"about":[{"href":"https:\/\/festival.hfd.digital\/de\/wp-json\/wp\/v2\/types\/page"}],"author":[{"embeddable":true,"href":"https:\/\/festival.hfd.digital\/de\/wp-json\/wp\/v2\/users\/3"}],"replies":[{"embeddable":true,"href":"https:\/\/festival.hfd.digital\/de\/wp-json\/wp\/v2\/comments?post=10667"}],"version-history":[{"count":54,"href":"https:\/\/festival.hfd.digital\/de\/wp-json\/wp\/v2\/pages\/10667\/revisions"}],"predecessor-version":[{"id":12686,"href":"https:\/\/festival.hfd.digital\/de\/wp-json\/wp\/v2\/pages\/10667\/revisions\/12686"}],"wp:attachment":[{"href":"https:\/\/festival.hfd.digital\/de\/wp-json\/wp\/v2\/media?parent=10667"}],"curies":[{"name":"wp","href":"https:\/\/api.w.org\/{rel}","templated":true}]}}