{"id":10648,"date":"2025-03-20T09:21:01","date_gmt":"2025-03-20T09:21:01","guid":{"rendered":"https:\/\/festival.hfd.digital\/de\/?page_id=10648"},"modified":"2026-04-10T15:57:55","modified_gmt":"2026-04-10T14:57:55","slug":"praesenzbuehne-nuernberg-2025","status":"publish","type":"page","link":"https:\/\/festival.hfd.digital\/de\/praesenzbuehne-nuernberg-2025\/","title":{"rendered":"Shifting:Stage N\u00fcrnberg 2025"},"content":{"rendered":"\n<h5 class=\"wp-block-heading\">Am Mittwoch, den 14. Mai 2025, gab die Shifting:Stage in N\u00fcrnberg einen Einblick in innovative Lehr-Lernans\u00e4tze und stellt neueste Forschungsergebnisse im Festival-Track \u201eInnovative Learning\u201d vor. Die Partnerb\u00fchne wurde von der Technischen Hochschule N\u00fcrnberg Georg Simon Ohm und der Technischen Universit\u00e4t N\u00fcrnberg veranstaltet.<\/h5>\n\n\n\n<p><\/p>\n\n\n<div class=\"wp-block-image is-style-default\">\n<figure class=\"aligncenter size-large\"><img loading=\"lazy\" decoding=\"async\" width=\"700\" height=\"394\" src=\"https:\/\/festival.hfd.digital\/de\/wp-content\/uploads\/sites\/3\/2025\/03\/Stage-Sharepic_Shifting-Stage-Nuernberg-1-700x394.png\" alt=\"Am Mittwoch, den 14. Mai 2025, gibt die Shifting:Stage in N\u00fcrnberg einen Einblick in innovative Lehr-Lernans\u00e4tze und stellt neueste Forschungsergebnisse im Festival-Track \u201eInnovative Learning\u201d vor.\" class=\"wp-image-11169\" srcset=\"https:\/\/festival.hfd.digital\/de\/wp-content\/uploads\/sites\/3\/2025\/03\/Stage-Sharepic_Shifting-Stage-Nuernberg-1-700x394.png 700w, https:\/\/festival.hfd.digital\/de\/wp-content\/uploads\/sites\/3\/2025\/03\/Stage-Sharepic_Shifting-Stage-Nuernberg-1-250x141.png 250w, https:\/\/festival.hfd.digital\/de\/wp-content\/uploads\/sites\/3\/2025\/03\/Stage-Sharepic_Shifting-Stage-Nuernberg-1-768x432.png 768w, https:\/\/festival.hfd.digital\/de\/wp-content\/uploads\/sites\/3\/2025\/03\/Stage-Sharepic_Shifting-Stage-Nuernberg-1-1536x864.png 1536w, https:\/\/festival.hfd.digital\/de\/wp-content\/uploads\/sites\/3\/2025\/03\/Stage-Sharepic_Shifting-Stage-Nuernberg-1-2048x1152.png 2048w, https:\/\/festival.hfd.digital\/de\/wp-content\/uploads\/sites\/3\/2025\/03\/Stage-Sharepic_Shifting-Stage-Nuernberg-1-120x68.png 120w\" sizes=\"auto, (max-width: 700px) 100vw, 700px\" \/><\/figure>\n<\/div>\n\n\n<p><\/p>\n\n\n\n<p><strong>Eckdaten<\/strong>: Das Programm begann am 14. Mai um 09:00 Uhr und endete um 17:30 Uhr. Im Anschluss konnten sich die Teilnehmenden bis 19:00 Uhr bei H\u00e4ppchen, Getr\u00e4nken und Musik weiter austauschen.<\/p>\n\n\n\n<p><strong>Location<\/strong>: <a href=\"https:\/\/leonardo-zentrum.de\/\" target=\"_blank\" rel=\"noreferrer noopener\">LEONARDO Zentrum f\u00fcr Kreativit\u00e4t und Innovation<\/a>, Karl-Grillenberger-Str. 3A, 90402 N\u00fcrnberg.<\/p>\n\n\n\n<p><strong>Anreise<\/strong>: &nbsp;Mit \u00f6ffentlichen Verkehrsmitteln ab Hauptbahnhof U1 Richtung F\u00fcrth, Haltestelle \u201eWei\u00dfer Turm\u201c, ca. 5 Min. Fu\u00dfweg. Mit dem Auto kostenpflichtiges Parkhaus \u201eW\u00d6HRL\u201c in der Karl-Grillenberger-Str. 1B, 90402 N\u00fcrnberg.<\/p>\n\n\n\n<p><a href=\"#keynotes\">Keynote-Speaker:innen<\/a><br><a href=\"#buehnenprogramm\">B\u00fchnenprogramm<\/a><br><a href=\"#rahmenprogramm\">Rahmenprogramm<br><\/a><a href=\"#abendprogramm\">Abendprogramm<\/a><br><a href=\"#on-demand\">On-Demand<\/a><\/p>\n\n\n\n<h2 class=\"wp-block-heading\" id=\"keynotes\">Keynote-Speaker:innen (Auswahl)<\/h2>\n\n\n\n<div class=\"wp-block-columns is-layout-flex wp-container-core-columns-is-layout-9d6595d7 wp-block-columns-is-layout-flex\">\n<div class=\"wp-block-column is-layout-flow wp-block-column-is-layout-flow\">\n<figure class=\"wp-block-image size-large is-style-rounded wp-duotone-unset-1\"><img loading=\"lazy\" decoding=\"async\" width=\"700\" height=\"467\" src=\"https:\/\/festival.hfd.digital\/de\/wp-content\/uploads\/sites\/3\/2025\/03\/isa-jahnke-700x467.jpg\" alt=\"\" class=\"wp-image-10786\" style=\"aspect-ratio:1;object-fit:cover\" srcset=\"https:\/\/festival.hfd.digital\/de\/wp-content\/uploads\/sites\/3\/2025\/03\/isa-jahnke-700x467.jpg 700w, https:\/\/festival.hfd.digital\/de\/wp-content\/uploads\/sites\/3\/2025\/03\/isa-jahnke-250x167.jpg 250w, https:\/\/festival.hfd.digital\/de\/wp-content\/uploads\/sites\/3\/2025\/03\/isa-jahnke-768x512.jpg 768w, https:\/\/festival.hfd.digital\/de\/wp-content\/uploads\/sites\/3\/2025\/03\/isa-jahnke-120x80.jpg 120w, https:\/\/festival.hfd.digital\/de\/wp-content\/uploads\/sites\/3\/2025\/03\/isa-jahnke.jpg 1486w\" sizes=\"auto, (max-width: 700px) 100vw, 700px\" \/><\/figure>\n\n\n\n<p class=\"has-text-align-center\"><strong>Isa Jahnke<\/strong><a href=\"https:\/\/festival.hfd.digital\/de\/speakerinnen-2024\/?id=c29f0288-bcfd-4464-a2dd-c3257a74b636\"><br><\/a>Gr\u00fcndungsvizepr\u00e4sidentin f\u00fcr Studium, Lehre, Internationales, Professor of Learning Technologies at University of Technology N\u00fcrnberg<\/p>\n<\/div>\n\n\n\n<div class=\"wp-block-column is-style-rounded is-layout-flow wp-block-column-is-layout-flow\">\n<figure class=\"wp-block-image size-full is-resized is-style-rounded wp-duotone-unset-2\"><img loading=\"lazy\" decoding=\"async\" width=\"2000\" height=\"2000\" src=\"https:\/\/festival.hfd.digital\/de\/wp-content\/uploads\/sites\/3\/2025\/03\/tanja-kaiser.jpg\" alt=\"\" class=\"wp-image-10652\" style=\"aspect-ratio:1;object-fit:cover;width:241px;height:auto\" srcset=\"https:\/\/festival.hfd.digital\/de\/wp-content\/uploads\/sites\/3\/2025\/03\/tanja-kaiser.jpg 2000w, https:\/\/festival.hfd.digital\/de\/wp-content\/uploads\/sites\/3\/2025\/03\/tanja-kaiser-250x250.jpg 250w, https:\/\/festival.hfd.digital\/de\/wp-content\/uploads\/sites\/3\/2025\/03\/tanja-kaiser-700x700.jpg 700w, https:\/\/festival.hfd.digital\/de\/wp-content\/uploads\/sites\/3\/2025\/03\/tanja-kaiser-150x150.jpg 150w, https:\/\/festival.hfd.digital\/de\/wp-content\/uploads\/sites\/3\/2025\/03\/tanja-kaiser-768x768.jpg 768w, https:\/\/festival.hfd.digital\/de\/wp-content\/uploads\/sites\/3\/2025\/03\/tanja-kaiser-1536x1536.jpg 1536w, https:\/\/festival.hfd.digital\/de\/wp-content\/uploads\/sites\/3\/2025\/03\/tanja-kaiser-120x120.jpg 120w\" sizes=\"auto, (max-width: 2000px) 100vw, 2000px\" \/><\/figure>\n\n\n\n<p class=\"has-text-align-center\"><strong>Tanja Kaiser<\/strong><br>Wissenschaftlerin, Multi-Robot Systems Satellite Lab, Technische Universit\u00e4t N\u00fcrnberg<\/p>\n<\/div>\n\n\n\n<div class=\"wp-block-column is-layout-flow wp-block-column-is-layout-flow\">\n<figure class=\"wp-block-image size-full is-style-rounded wp-duotone-unset-3\"><img loading=\"lazy\" decoding=\"async\" width=\"1707\" height=\"2560\" src=\"https:\/\/festival.hfd.digital\/de\/wp-content\/uploads\/sites\/3\/2025\/03\/DSF0045-Bearbeitet_kleiner-scaled.jpg\" alt=\"\" class=\"wp-image-11160\" style=\"aspect-ratio:1;object-fit:cover\" srcset=\"https:\/\/festival.hfd.digital\/de\/wp-content\/uploads\/sites\/3\/2025\/03\/DSF0045-Bearbeitet_kleiner-scaled.jpg 1707w, https:\/\/festival.hfd.digital\/de\/wp-content\/uploads\/sites\/3\/2025\/03\/DSF0045-Bearbeitet_kleiner-250x375.jpg 250w, https:\/\/festival.hfd.digital\/de\/wp-content\/uploads\/sites\/3\/2025\/03\/DSF0045-Bearbeitet_kleiner-700x1050.jpg 700w, https:\/\/festival.hfd.digital\/de\/wp-content\/uploads\/sites\/3\/2025\/03\/DSF0045-Bearbeitet_kleiner-768x1152.jpg 768w, https:\/\/festival.hfd.digital\/de\/wp-content\/uploads\/sites\/3\/2025\/03\/DSF0045-Bearbeitet_kleiner-1024x1536.jpg 1024w, https:\/\/festival.hfd.digital\/de\/wp-content\/uploads\/sites\/3\/2025\/03\/DSF0045-Bearbeitet_kleiner-1365x2048.jpg 1365w, https:\/\/festival.hfd.digital\/de\/wp-content\/uploads\/sites\/3\/2025\/03\/DSF0045-Bearbeitet_kleiner-120x180.jpg 120w\" sizes=\"auto, (max-width: 1707px) 100vw, 1707px\" \/><\/figure>\n\n\n\n<p class=\"has-text-align-center\"><strong>        Carolin Freier<\/strong> <br>Professorin f\u00fcr Theorien und Handlungslehre<br>in der Sozialen Arbeit der TH N\u00fcrnberg<\/p>\n<\/div>\n\n\n\n<div class=\"wp-block-column is-layout-flow wp-block-column-is-layout-flow\">\n<figure class=\"wp-block-image size-full is-style-rounded wp-duotone-unset-4\"><img loading=\"lazy\" decoding=\"async\" width=\"981\" height=\"928\" src=\"https:\/\/festival.hfd.digital\/de\/wp-content\/uploads\/sites\/3\/2025\/03\/natalie-kiesler-1.jpg\" alt=\"\" class=\"wp-image-10651\" style=\"aspect-ratio:1;object-fit:cover\" srcset=\"https:\/\/festival.hfd.digital\/de\/wp-content\/uploads\/sites\/3\/2025\/03\/natalie-kiesler-1.jpg 981w, https:\/\/festival.hfd.digital\/de\/wp-content\/uploads\/sites\/3\/2025\/03\/natalie-kiesler-1-250x236.jpg 250w, https:\/\/festival.hfd.digital\/de\/wp-content\/uploads\/sites\/3\/2025\/03\/natalie-kiesler-1-700x662.jpg 700w, https:\/\/festival.hfd.digital\/de\/wp-content\/uploads\/sites\/3\/2025\/03\/natalie-kiesler-1-768x727.jpg 768w, https:\/\/festival.hfd.digital\/de\/wp-content\/uploads\/sites\/3\/2025\/03\/natalie-kiesler-1-120x114.jpg 120w\" sizes=\"auto, (max-width: 981px) 100vw, 981px\" \/><\/figure>\n\n\n\n<p class=\"has-text-align-center\"><strong>Natalie Kiesler<\/strong><br>Professur Lehren und Lernen an Hochschulen, TH N\u00fcrnberg<\/p>\n<\/div>\n<\/div>\n\n\n\n<h2 class=\"wp-block-heading\" id=\"buehnenprogramm\">B\u00fchnenprogramm<\/h2>\n\n\n\n<figure class=\"wp-block-table is-style-stripes\"><table><thead><tr><th><\/th><th class=\"has-text-align-left\" data-align=\"left\"><strong>Shifting:Stage N\u00fcrnberg<\/strong><\/th><th class=\"has-text-align-left\" data-align=\"left\">Pr\u00e4senz-Workshops N\u00fcrnberg I<\/th><th>Pr\u00e4senz-Workshops N\u00fcrnberg II<\/th><\/tr><\/thead><tbody><tr><td>09:00&nbsp;\u201309:30&nbsp;Uhr<\/td><td class=\"has-text-align-left\" data-align=\"left\"><a href=\"https:\/\/festival.hfd.digital\/de\/sessions-2025\/?id=879189\">Er\u00f6ffnung der Shifting:Stage N\u00fcrnberg<br><\/a><\/td><td class=\"has-text-align-left\" data-align=\"left\"><\/td><td><\/td><\/tr><tr><td>09:35&nbsp;\u201310:05&nbsp;Uhr<\/td><td class=\"has-text-align-left\" data-align=\"left\"><a href=\"https:\/\/festival.hfd.digital\/de\/sessions-2025\/?id=818007\">Learning in Transformation &#8211; Erste Erfahrungen aus dem AI &amp; Robotics Studienprogramm<\/a><\/td><td class=\"has-text-align-left\" data-align=\"left\"><\/td><td><\/td><\/tr><tr><td><\/td><td class=\"has-text-align-left\" data-align=\"left\"><em><em>Pause <\/em><\/em><\/td><td class=\"has-text-align-left\" data-align=\"left\"><\/td><td><\/td><\/tr><tr><td>10:20&nbsp;\u201310:50&nbsp;Uhr<\/td><td class=\"has-text-align-left\" data-align=\"left\"><a href=\"https:\/\/festival.hfd.digital\/de\/sessions-2025\/?id=842148\">Beyond the Hype: Generative KI in der Hochschullehre<\/a><\/td><td class=\"has-text-align-left\" data-align=\"left\"><a href=\"https:\/\/festival.hfd.digital\/de\/sessions-2025\/?id=889862\">Lern- und Selbstmanagement im Ingenieurstudium \u2013 Lehre und Peer-Coaching<\/a><br>(10:45 &#8211; 12:15 Uhr)<\/td><td><br><a href=\"https:\/\/festival.hfd.digital\/de\/sessions-2025\/?id=889863\">Mit empamos zu motivierendem Lernen: Wie Spielelemente den Lernalltag bereichern<\/a><br>(11:00 &#8211; 12:45 Uhr)<br><\/td><\/tr><tr><td><\/td><td class=\"has-text-align-left\" data-align=\"left\"><em><em>Pause <\/em><\/em><\/td><td class=\"has-text-align-left\" data-align=\"left\"><\/td><td><\/td><\/tr><tr><td>10:55 \u2013<br>11:25 Uhr <\/td><td class=\"has-text-align-left\" data-align=\"left\"><a href=\"https:\/\/festival.hfd.digital\/de\/sessions-2025\/?id=890804\">Von passiv zu aktiv: Interaktive digitale Lehrkonzepte im MINT-Studium<\/a><\/td><td class=\"has-text-align-left\" data-align=\"left\"><\/td><td><\/td><\/tr><tr><td><\/td><td class=\"has-text-align-left\" data-align=\"left\"><em>Pause<\/em><\/td><td class=\"has-text-align-left\" data-align=\"left\"><\/td><td><\/td><\/tr><tr><td>11:40&nbsp;\u201312:10&nbsp;Uhr<\/td><td class=\"has-text-align-left\" data-align=\"left\"><a href=\"https:\/\/festival.hfd.digital\/de\/sessions-2025\/?id=842228\"><\/a><a href=\"https:\/\/festival.hfd.digital\/de\/sessions-2025\/?id=841860\">SCALE-UP to-go<\/a><\/td><td class=\"has-text-align-left\" data-align=\"left\"><\/td><td><\/td><\/tr><tr><td>12:15&nbsp;\u201312:45&nbsp;Uhr<\/td><td class=\"has-text-align-left\" data-align=\"left\"><a href=\"https:\/\/festival.hfd.digital\/de\/sessions-2025\/?id=818081\"><\/a><a href=\"https:\/\/festival.hfd.digital\/de\/sessions-2025\/?id=841995\">Imagine all the People &#8230; Innovative Designlehre \u2013 Innovative Case Studies.<\/a><\/td><td class=\"has-text-align-left\" data-align=\"left\"><\/td><td><\/td><\/tr><tr><td><\/td><td class=\"has-text-align-left\" data-align=\"left\"><em>Mittagspause<\/em><\/td><td class=\"has-text-align-left\" data-align=\"left\"><\/td><td><\/td><\/tr><tr><td>13:45&nbsp;\u201314:15&nbsp;Uhr<\/td><td class=\"has-text-align-left\" data-align=\"left\"><a href=\"https:\/\/festival.hfd.digital\/de\/sessions-2025\/?id=838131\">Ready for the Future? &#8211; Lehren und lernen mit dem digitalen Hochschulassistenzsystem &#8222;HAnS&#8220; | University:Future Festival 2025<\/a><\/td><td class=\"has-text-align-left\" data-align=\"left\"><a href=\"https:\/\/festival.hfd.digital\/de\/sessions-2025\/?id=889865\">Hochschulstrategie trifft Studiengangentwicklung \u2013 Wechselseitige Impulse f\u00fcr Profilbildung und Innovation<\/a><br>(bis 15:45 Uhr)<\/td><td><a href=\"https:\/\/festival.hfd.digital\/de\/sessions-2025\/?id=841950\">Asynchrone Lernpakete per Chatbot gestalten<\/a><br>(bis 15:00&nbsp;Uhr)<\/td><\/tr><tr><td>14:20&nbsp;\u201314:50&nbsp;Uhr<\/td><td class=\"has-text-align-left\" data-align=\"left\"><a href=\"https:\/\/festival.hfd.digital\/de\/sessions-2025\/?id=841860\"><\/a><a href=\"https:\/\/festival.hfd.digital\/de\/sessions-2025\/?id=841499\">Stress erleben, Kompetenzen entwickeln \u2013 Virtual Reality Notaufnahme f\u00fcr Medizinstudierende<\/a><\/td><td class=\"has-text-align-left\" data-align=\"left\"><\/td><td><\/td><\/tr><tr><td><\/td><td class=\"has-text-align-left\" data-align=\"left\"><em>Pause <\/em><\/td><td class=\"has-text-align-left\" data-align=\"left\"><\/td><td><\/td><\/tr><tr><td>15:05&nbsp;\u201315:35&nbsp;Uhr<\/td><td class=\"has-text-align-left\" data-align=\"left\"><a href=\"https:\/\/festival.hfd.digital\/de\/sessions-2025\/?id=818205\"><\/a><a href=\"https:\/\/festival.hfd.digital\/de\/sessions-2025\/?id=841680\">\/imagine transformative Transferstrategien<\/a><\/td><td class=\"has-text-align-left\" data-align=\"left\"><\/td><td><\/td><\/tr><tr><td>15:40&nbsp;\u201316:10&nbsp;Uhr<\/td><td class=\"has-text-align-left\" data-align=\"left\"><a href=\"https:\/\/festival.hfd.digital\/de\/sessions-2025\/?id=818205\">Kleine Ma\u00dfnahmen gro\u00dfe Wirkung? Mit Verhaltens\u00f6konomik zum Studienerfolg.<\/a><\/td><td class=\"has-text-align-left\" data-align=\"left\"><a href=\"https:\/\/festival.hfd.digital\/de\/sessions-2025\/?id=889869\">Gelingensbedingungen innovativer und projektorientierter Studieng\u00e4nge<\/a><br>(15:45 &#8211; 17:45 Uhr)<\/td><td><\/td><\/tr><tr><td><\/td><td class=\"has-text-align-left\" data-align=\"left\"><em><em>Pause <\/em><\/em><\/td><td class=\"has-text-align-left\" data-align=\"left\"><\/td><td><\/td><\/tr><tr><td>16:25&nbsp;\u201316:55&nbsp;Uhr<\/td><td class=\"has-text-align-left\" data-align=\"left\"><a href=\"https:\/\/festival.hfd.digital\/de\/sessions-2025\/?id=842228\">Gemeinsam mit Studierenden transformatives Lernen gestalten<\/a><\/td><td class=\"has-text-align-left\" data-align=\"left\"><\/td><td><\/td><\/tr><tr><td>17:00&nbsp;\u201317:30&nbsp;Uhr<\/td><td class=\"has-text-align-left\" data-align=\"left\"><a href=\"https:\/\/festival.hfd.digital\/de\/sessions-2025\/?id=841542\">Mit Lernfreude zu gesellschaftlicher Handlungsf\u00e4higkeit<\/a><\/td><td class=\"has-text-align-left\" data-align=\"left\"><\/td><td><\/td><\/tr><\/tbody><\/table><\/figure>\n\n\n\n<p><\/p>\n\n\n\n<div class=\"wp-block-buttons is-layout-flex wp-block-buttons-is-layout-flex\">\n<div class=\"wp-block-button has-custom-font-size has-medium-font-size\"><a class=\"wp-block-button__link wp-element-button\" href=\"https:\/\/festival.hfd.digital\/de\/programm-2025\/\" target=\"_blank\" rel=\"noreferrer noopener\">Hier geht es zur Programm\u00fcbersicht<\/a><\/div>\n<\/div>\n\n\n\n<h2 class=\"wp-block-heading\" id=\"rahmenprogramm\"><strong>Rahmenprogramm<\/strong><\/h2>\n\n\n\n<p>Workshops, Meetups, Aktionsst\u00e4nde, Ausstellungen, Installationen und vieles mehr \u2013 im Rahmen der N\u00fcrnberger U:FF-Partnerb\u00fchne Shifting:Stage war parallel zum Programm auf der Hauptb\u00fchne einiges geboten!<\/p>\n\n\n\n<h3 class=\"wp-block-heading\"><strong>Workshops<\/strong><\/h3>\n\n\n\n<p><strong>Workshop: Lern- und Selbstmanagement im Ingenieurstudium \u2013 Lehre und Peer-Coaching<\/strong><br>Mit dem Kursmodul \u201eLern- und Selbstmanagement\u201c f\u00fcr Studierende im ersten Semester eines Ingenieurstudiums haben wir ein Lehr- und Lernformat entwickelt, das Studierende darin unterst\u00fctzt, mit gezielten Lernmethoden und -techniken sowie Selbstmanagementstrategien ihr Studium erfolgreich zu bew\u00e4ltigen. \u201eImagine\u201c, es gibt ein Angebot und alle gehen gerne hin.<br>Das Besondere bei diesem Format waren die Inhalte und das Format: Kombination von Vorlesungen und vertiefenden Peer-Coaching-Einheiten, die im Tandem von einem Lehrenden und einem erfahrenen systemischen Coach gemeinsam geplant und gestaltet werden.<\/p>\n\n\n\n<p><strong>Workshop: Mit empamos zu motivierendem Lernen: Wie Spielelemente den Lernalltag bereichern<\/strong><br>Was macht Spiele so faszinierend, dass wir bereit sind, stundenlang in fremde Welten abzutauchen und Herausforderungen mit Begeisterung zu meistern? Und warum f\u00e4llt es uns oft so schwer, diese Motivation auf Lernkontexte zu \u00fcbertragen? In diesem Workshop entdeckten Sie, wie Sie die Prinzipien von Spielen gezielt nutzen k\u00f6nnen, um Lernen an Hochschulen motivierender zu gestalten.<\/p>\n\n\n\n<p>Im Kern stand das praxiserprobte Gamification-Framework empamos (Empirische Analyse motivierender Spielelemente), mit dem wir Lehr- und Lernsituationen aus der Perspektive einer Spieleentwicklerin betrachten. Gemeinsam analysierten wir, was Lernumgebungen oft demotivierend macht und wie wir sie gezielt weiterentwickeln k\u00f6nnen.\u00a0<\/p>\n\n\n\n<p><strong>Workshop: Hochschulstrategie trifft Studiengangentwicklung \u2013 Wechselseitige Impulse f\u00fcr Profilbildung und Innovation<\/strong><br>Wie lassen sich strategische Ziele einer Hochschule wirkungsvoll in das Studienangebot integrieren? Und wie tr\u00e4gt eine gezielte Curriculumentwicklung zur Profilbildung und St\u00e4rkung der Hochschulidentit\u00e4t bei?\u00a0\u00a0<br>In diesem interaktiven Workshop experimentierten wir mit kreativen Methoden, um Hochschulstrategien real und erlebbar in Lehre und Studieng\u00e4nge zu integrieren. Gemeinsam entwickelten wir innovative Ans\u00e4tze, um strategische Ziele in Curricula zu verankern und das Profil der Hochschule nachhaltig zu sch\u00e4rfen.\u00a0<\/p>\n\n\n\n<p><strong>Workshop: Asynchrone Lernpakete per Chatbot gestalten<\/strong><br>Stell dir vor, es ist Lehre und alle machen mit \u2013 selbst dann, wenn sie es nicht ins Seminar schaffen. Asynchrone Lernpakete k\u00f6nnen dabei helfen, die L\u00fccken im Lehrbetrieb zu schlie\u00dfen, die entstehen, wenn Studierende oder gar die Lehrenden selbst ausfallen. Die Aufbereitung der hierf\u00fcr erforderlichen Materialien, die meist nur in einer f\u00fcr synchrone Lehre konzipierten Fassung vorliegen, erfordert Zeit und Energie. K\u00f6nnte k\u00fcnstliche Intelligenz hier Abhilfe schaffen? In diesem Workshop wollten wir gemeinsam mit Ihnen testen und kritisch diskutieren, ob und wie KI-basierte Chatbots Lehrende in der Hochschulbildung beim Erstellen asynchroner Lerneinheiten unterst\u00fctzen k\u00f6nnen.<\/p>\n\n\n\n<p><strong>Workshop: Gelingensbedingungen innovativer und projektorientierter Studieng\u00e4nge\u00a0<\/strong><br>Was sind die Gelingensbedingungen innovativer und projektorientierter Studieng\u00e4nge? Welche Grundvoraussetzungen, Ziele und Visionen brauchen innovative und projektorientierte Studieng\u00e4nge und welche Art der Unterst\u00fctzung brauchen sie von Stakeholdern wie Kollegium, Hochschulleitung und -verwaltung, Ministerien (rechtliche Rahmenbedingungen) und der Berufspraxis? Im Workshop sollten Grundlagen f\u00fcr Entwurfsmuster entwickelt werden.<\/p>\n\n\n\n<h3 class=\"wp-block-heading\"><strong>Netzwerken und weitere Aktionen<\/strong><\/h3>\n\n\n\n<p><strong>Netzwerktreffen zum kompetenzorientierten digitalen Pr\u00fcfen<\/strong><br>Das offene Netzwerktreffen des bayerischen Verbundprojekts ii.oo: Mit dem Ziel, die Pr\u00fcfungskultur der Zukunft zu gestalten, bieten Lehrende verschiedener Fachrichtungen Einblicke in ihre Good Practices aus vier Projektjahren. Tauschen Sie sich hochschul\u00fcbergreifend aus, diskutieren Sie innovative Pr\u00fcfungsformate und vernetzen Sie sich in entspannter Atmosph\u00e4re<\/p>\n\n\n\n<p><strong>Crowdstorming: KI in der Lehre gemeinsam entdecken<\/strong><br>Welche KI-Tools k\u00f6nnen wie die Lehre bereichern? In diesem offenen Raum der Technischen Universit\u00e4t N\u00fcrnberg (UTN) sammelten, testeten und diskutierten wir innovative Werkzeuge und Einsatzszenarien. <\/p>\n\n\n\n<p><strong>Das Online Writing Lab (OWL) \u2013 Wissenschaftliches Schreiben digital erleben<\/strong><br>Das Online Writing Lab (OWL) der Technischen Hochschule N\u00fcrnberg pr\u00e4sentierte sich mit einem interaktiven Stand. An einem \u00fcberdimensionalen Screen konnte die digitale Plattform direkt getestet werden. \u00dcberall im Geb\u00e4ude erm\u00f6glichten QR-Code-Aufkleber einen mobilen Zugang zum OWL. Ein Highlight war der Schreibtypentest, der nicht nur online, sondern auch analog erlebbar war \u2013 erg\u00e4nzt durch pers\u00f6nliche Gespr\u00e4che mit den Macher:innen des OWL. Exklusive Goodie Bags mit OWL-Souvenirs boten eine Erinnerung an die Welt des digitalen wissenschaftlichen Schreibens.<\/p>\n\n\n\n<p><strong>Imagine all the People &#8230; Innovative Designlehre \u2013 Innovative Case Studies.<\/strong><br>Vor dem Hintergrund, dass eine innovative, kreative Praxis heute in den komplexen Kontexten des 21. Jahrhunderts stattfand, besch\u00e4ftigten wir uns an der HfK*G modul\u00fcbergreifend mit dem Thema \u201eImagine &#8230;\u201c, nach dem Song von John Lennon. Wir griffen Lennons Vision auf und bezogen uns auf die transformative Kraft des Designs. In einer hybriden Ausstellung zeigten Studierende crossmediale Art Works, pr\u00e4sentierten den offenen kreativen Prozess von der Identifizierung der Problemstellungen \u00fcber die Recherchephase, der Ideenentwicklung und den iterativen Phasen bis hin zur Umsetzung des kreativen Outputs mit Hilfe von KI Tools. <\/p>\n\n\n\n<p><strong>LEO Labs<\/strong><br>Willkommen in den LEO Labs! Der gemeinsame Makerspace der Technischen Hochschule N\u00fcrnberg, Hochschule f\u00fcr Musik N\u00fcrnberg und Akademie der Bildenden K\u00fcnste N\u00fcrnberg war ein Ort, der Lernen, Lehren, kreatives Arbeiten und interdisziplin\u00e4ren Austausch vereinte. Die LEO Labs bestanden aus mehreren Werkst\u00e4tten und Laboren \u2013 von Analogwerkstatt bis hin zum Tonstudio. Beim U:FF wurden mehrere Aktionen angeboten, die die Kreativit\u00e4t anregten.<\/p>\n\n\n\n<p><strong>Kitchen Stories<\/strong><br>Das Interessanteste an Konferenzen sind die Pausen. Und bei Partys gibt es einen Ort, an dem unz\u00e4hlige Menschen bereits unz\u00e4hlige Gemeinsamkeiten entdeckt haben. Wir packten beides in eins und luden zum radikalen informellen Austausch in einen verkannten Lernort: die K\u00fcche.<\/p>\n\n\n\n<h4 class=\"wp-block-heading\" id=\"abendprogramm\">Abendveranstaltung<\/h4>\n\n\n\n<p>Im Anschluss zum Programm konnten sich die Teilnehmenden bis 19:00 Uhr bei H\u00e4ppchen, Getr\u00e4nken und Musik weiter austauschen.<\/p>\n\n\n\n<h2 class=\"wp-block-heading\" id=\"on-demand\">On-Demand<\/h2>\n\n\n\n<p>Videos von der Shifting:Stage N\u00fcrnberg finden Sie nach dem U:FF 25 auf dem YouTube-Kanal des Hochschulforums Digitalisierung.<\/p>\n\n\n\n<p>Die Pr\u00e4senzb\u00fchne in N\u00fcrnberg wird organisiert von der <a href=\"https:\/\/www.th-nuernberg.de\/\" target=\"_blank\" rel=\"noreferrer noopener\">Technischen Hochschule<\/a>&nbsp;und der <a href=\"https:\/\/www.utn.de\/\" target=\"_blank\" rel=\"noreferrer noopener\">Technische Universit\u00e4t<\/a> N\u00fcrnberg.&nbsp;<\/p>\n\n\n\n<figure class=\"wp-block-gallery has-nested-images columns-default is-cropped wp-block-gallery-5 is-layout-flex wp-block-gallery-is-layout-flex\">\n<figure class=\"wp-block-image size-large\"><img loading=\"lazy\" decoding=\"async\" width=\"700\" height=\"467\" data-id=\"10781\" src=\"https:\/\/festival.hfd.digital\/de\/wp-content\/uploads\/sites\/3\/2025\/03\/UFF_Kitchen-Stories_1_\u00a9-Felix-Zeiss-2-700x467.jpg\" alt=\"\" class=\"wp-image-10781\" srcset=\"https:\/\/festival.hfd.digital\/de\/wp-content\/uploads\/sites\/3\/2025\/03\/UFF_Kitchen-Stories_1_\u00a9-Felix-Zeiss-2-700x467.jpg 700w, https:\/\/festival.hfd.digital\/de\/wp-content\/uploads\/sites\/3\/2025\/03\/UFF_Kitchen-Stories_1_\u00a9-Felix-Zeiss-2-250x167.jpg 250w, https:\/\/festival.hfd.digital\/de\/wp-content\/uploads\/sites\/3\/2025\/03\/UFF_Kitchen-Stories_1_\u00a9-Felix-Zeiss-2-768x512.jpg 768w, https:\/\/festival.hfd.digital\/de\/wp-content\/uploads\/sites\/3\/2025\/03\/UFF_Kitchen-Stories_1_\u00a9-Felix-Zeiss-2-1536x1024.jpg 1536w, https:\/\/festival.hfd.digital\/de\/wp-content\/uploads\/sites\/3\/2025\/03\/UFF_Kitchen-Stories_1_\u00a9-Felix-Zeiss-2-2048x1365.jpg 2048w, https:\/\/festival.hfd.digital\/de\/wp-content\/uploads\/sites\/3\/2025\/03\/UFF_Kitchen-Stories_1_\u00a9-Felix-Zeiss-2-120x80.jpg 120w\" sizes=\"auto, (max-width: 700px) 100vw, 700px\" \/><\/figure>\n\n\n\n<figure class=\"wp-block-image size-large\"><img loading=\"lazy\" decoding=\"async\" width=\"700\" height=\"467\" data-id=\"10779\" src=\"https:\/\/festival.hfd.digital\/de\/wp-content\/uploads\/sites\/3\/2025\/03\/UFF_Lego-Workshop_\u00a9-Felix-Zeiss-3-700x467.jpg\" alt=\"\" class=\"wp-image-10779\" srcset=\"https:\/\/festival.hfd.digital\/de\/wp-content\/uploads\/sites\/3\/2025\/03\/UFF_Lego-Workshop_\u00a9-Felix-Zeiss-3-700x467.jpg 700w, https:\/\/festival.hfd.digital\/de\/wp-content\/uploads\/sites\/3\/2025\/03\/UFF_Lego-Workshop_\u00a9-Felix-Zeiss-3-250x167.jpg 250w, https:\/\/festival.hfd.digital\/de\/wp-content\/uploads\/sites\/3\/2025\/03\/UFF_Lego-Workshop_\u00a9-Felix-Zeiss-3-768x512.jpg 768w, https:\/\/festival.hfd.digital\/de\/wp-content\/uploads\/sites\/3\/2025\/03\/UFF_Lego-Workshop_\u00a9-Felix-Zeiss-3-1536x1024.jpg 1536w, https:\/\/festival.hfd.digital\/de\/wp-content\/uploads\/sites\/3\/2025\/03\/UFF_Lego-Workshop_\u00a9-Felix-Zeiss-3-2048x1365.jpg 2048w, https:\/\/festival.hfd.digital\/de\/wp-content\/uploads\/sites\/3\/2025\/03\/UFF_Lego-Workshop_\u00a9-Felix-Zeiss-3-120x80.jpg 120w\" sizes=\"auto, (max-width: 700px) 100vw, 700px\" \/><\/figure>\n\n\n\n<figure class=\"wp-block-image size-large\"><img loading=\"lazy\" decoding=\"async\" width=\"700\" height=\"467\" data-id=\"10780\" src=\"https:\/\/festival.hfd.digital\/de\/wp-content\/uploads\/sites\/3\/2025\/03\/UFF_SPEAKER_INNEN_BroekerThomas_WolfMartina_\u00a9-Felix-Zeiss-3-700x467.jpg\" alt=\"\" class=\"wp-image-10780\" srcset=\"https:\/\/festival.hfd.digital\/de\/wp-content\/uploads\/sites\/3\/2025\/03\/UFF_SPEAKER_INNEN_BroekerThomas_WolfMartina_\u00a9-Felix-Zeiss-3-700x467.jpg 700w, https:\/\/festival.hfd.digital\/de\/wp-content\/uploads\/sites\/3\/2025\/03\/UFF_SPEAKER_INNEN_BroekerThomas_WolfMartina_\u00a9-Felix-Zeiss-3-250x167.jpg 250w, https:\/\/festival.hfd.digital\/de\/wp-content\/uploads\/sites\/3\/2025\/03\/UFF_SPEAKER_INNEN_BroekerThomas_WolfMartina_\u00a9-Felix-Zeiss-3-768x512.jpg 768w, https:\/\/festival.hfd.digital\/de\/wp-content\/uploads\/sites\/3\/2025\/03\/UFF_SPEAKER_INNEN_BroekerThomas_WolfMartina_\u00a9-Felix-Zeiss-3-1536x1024.jpg 1536w, https:\/\/festival.hfd.digital\/de\/wp-content\/uploads\/sites\/3\/2025\/03\/UFF_SPEAKER_INNEN_BroekerThomas_WolfMartina_\u00a9-Felix-Zeiss-3-2048x1365.jpg 2048w, https:\/\/festival.hfd.digital\/de\/wp-content\/uploads\/sites\/3\/2025\/03\/UFF_SPEAKER_INNEN_BroekerThomas_WolfMartina_\u00a9-Felix-Zeiss-3-120x80.jpg 120w\" sizes=\"auto, (max-width: 700px) 100vw, 700px\" \/><\/figure>\n<\/figure>\n\n\n\n<div class=\"wp-block-buttons is-layout-flex wp-block-buttons-is-layout-flex\">\n<div class=\"wp-block-button\"><a class=\"wp-block-button__link wp-element-button\" href=\"https:\/\/festival.hfd.digital\/de\/tickets\/\">Sichern Sie sich hier ihr Ticket<\/a><\/div>\n<\/div>\n","protected":false},"excerpt":{"rendered":"Am Mittwoch, den 14. Mai 2025, gab die Shifting:Stage in N\u00fcrnberg einen Einblick in innovative Lehr-Lernans\u00e4tze und stellt neueste Forschungsergebnisse im Festival-Track \u201eInnovative Learning\u201d vor. Die Partnerb\u00fchne wurde von der Technischen Hochschule N\u00fcrnberg Georg Simon Ohm und der Technischen Universit\u00e4t N\u00fcrnberg veranstaltet. Eckdaten: Das Programm begann am 14. Mai um 09:00 Uhr und endete um&#8230; <a class=\"view-article\" href=\"https:\/\/festival.hfd.digital\/de\/praesenzbuehne-nuernberg-2025\/\">View Article<\/a>","protected":false},"author":3,"featured_media":0,"parent":0,"menu_order":0,"comment_status":"closed","ping_status":"closed","template":"","meta":{"_acf_changed":false,"inline_featured_image":false,"footnotes":""},"class_list":["post-10648","page","type-page","status-publish","hentry"],"acf":[],"yoast_head":"<!-- This site is optimized with the Yoast SEO plugin v27.3 - https:\/\/yoast.com\/product\/yoast-seo-wordpress\/ -->\n<title>Shifting:Stage N\u00fcrnberg 2025 - University:Future Festival 2026<\/title>\n<meta name=\"description\" content=\"Am 14. Mai 2025 pr\u00e4sentiert die Shifting:Stage N\u00fcrnberg auf der UFF 25 innovative Lehr-Lernans\u00e4tze und neueste Forschung\" \/>\n<meta name=\"robots\" content=\"index, follow, max-snippet:-1, max-image-preview:large, max-video-preview:-1\" \/>\n<link rel=\"canonical\" href=\"https:\/\/festival.hfd.digital\/de\/praesenzbuehne-nuernberg-2025\/\" \/>\n<meta property=\"og:locale\" content=\"de_DE\" \/>\n<meta property=\"og:type\" content=\"article\" \/>\n<meta property=\"og:title\" content=\"Shifting-Stage N\u00fcrnberg\" \/>\n<meta property=\"og:description\" content=\"Am 14. Mai 2025 pr\u00e4sentiert die Shifting-Stage N\u00fcrnberg auf der UFF 25 innovative Lehr-Lernans\u00e4tze und neueste Forschung\" \/>\n<meta property=\"og:url\" content=\"https:\/\/festival.hfd.digital\/de\/praesenzbuehne-nuernberg-2025\/\" \/>\n<meta property=\"og:site_name\" content=\"University:Future Festival 2026\" \/>\n<meta property=\"article:modified_time\" content=\"2026-04-10T14:57:55+00:00\" \/>\n<meta property=\"og:image\" content=\"https:\/\/festival.hfd.digital\/de\/wp-content\/uploads\/sites\/3\/2025\/03\/Stage-Sharepic_Shifting-Stage-Nuernberg-700x394.png\" \/>\n\t<meta property=\"og:image:width\" content=\"700\" \/>\n\t<meta property=\"og:image:height\" content=\"394\" \/>\n\t<meta property=\"og:image:type\" content=\"image\/png\" \/>\n<meta name=\"twitter:card\" content=\"summary_large_image\" \/>\n<meta name=\"twitter:label1\" content=\"Gesch\u00e4tzte Lesezeit\" \/>\n\t<meta name=\"twitter:data1\" content=\"9\u00a0Minuten\" \/>\n<script type=\"application\/ld+json\" class=\"yoast-schema-graph\">{\"@context\":\"https:\\\/\\\/schema.org\",\"@graph\":[{\"@type\":\"WebPage\",\"@id\":\"https:\\\/\\\/festival.hfd.digital\\\/de\\\/praesenzbuehne-nuernberg-2025\\\/\",\"url\":\"https:\\\/\\\/festival.hfd.digital\\\/de\\\/praesenzbuehne-nuernberg-2025\\\/\",\"name\":\"Shifting:Stage N\u00fcrnberg 2025 - University:Future Festival 2026\",\"isPartOf\":{\"@id\":\"https:\\\/\\\/festival.hfd.digital\\\/de\\\/#website\"},\"primaryImageOfPage\":{\"@id\":\"https:\\\/\\\/festival.hfd.digital\\\/de\\\/praesenzbuehne-nuernberg-2025\\\/#primaryimage\"},\"image\":{\"@id\":\"https:\\\/\\\/festival.hfd.digital\\\/de\\\/praesenzbuehne-nuernberg-2025\\\/#primaryimage\"},\"thumbnailUrl\":\"https:\\\/\\\/festival.hfd.digital\\\/de\\\/wp-content\\\/uploads\\\/sites\\\/3\\\/2025\\\/03\\\/Stage-Sharepic_Shifting-Stage-Nuernberg-1-700x394.png\",\"datePublished\":\"2025-03-20T09:21:01+00:00\",\"dateModified\":\"2026-04-10T14:57:55+00:00\",\"description\":\"Am 14. Mai 2025 pr\u00e4sentiert die Shifting:Stage N\u00fcrnberg auf der UFF 25 innovative Lehr-Lernans\u00e4tze und neueste Forschung\",\"inLanguage\":\"de\",\"potentialAction\":[{\"@type\":\"ReadAction\",\"target\":[\"https:\\\/\\\/festival.hfd.digital\\\/de\\\/praesenzbuehne-nuernberg-2025\\\/\"]}]},{\"@type\":\"ImageObject\",\"inLanguage\":\"de\",\"@id\":\"https:\\\/\\\/festival.hfd.digital\\\/de\\\/praesenzbuehne-nuernberg-2025\\\/#primaryimage\",\"url\":\"https:\\\/\\\/festival.hfd.digital\\\/de\\\/wp-content\\\/uploads\\\/sites\\\/3\\\/2025\\\/03\\\/Stage-Sharepic_Shifting-Stage-Nuernberg-1.png\",\"contentUrl\":\"https:\\\/\\\/festival.hfd.digital\\\/de\\\/wp-content\\\/uploads\\\/sites\\\/3\\\/2025\\\/03\\\/Stage-Sharepic_Shifting-Stage-Nuernberg-1.png\",\"width\":5760,\"height\":3240},{\"@type\":\"WebSite\",\"@id\":\"https:\\\/\\\/festival.hfd.digital\\\/de\\\/#website\",\"url\":\"https:\\\/\\\/festival.hfd.digital\\\/de\\\/\",\"name\":\"University:Future Festival 2026\",\"description\":\"Das j\u00e4hrliche Festival zur Zukunft der Hochschulbildung.\",\"potentialAction\":[{\"@type\":\"SearchAction\",\"target\":{\"@type\":\"EntryPoint\",\"urlTemplate\":\"https:\\\/\\\/festival.hfd.digital\\\/de\\\/?s={search_term_string}\"},\"query-input\":{\"@type\":\"PropertyValueSpecification\",\"valueRequired\":true,\"valueName\":\"search_term_string\"}}],\"inLanguage\":\"de\"}]}<\/script>\n<!-- \/ Yoast SEO plugin. -->","yoast_head_json":{"title":"Shifting:Stage N\u00fcrnberg 2025 - University:Future Festival 2026","description":"Am 14. Mai 2025 pr\u00e4sentiert die Shifting:Stage N\u00fcrnberg auf der UFF 25 innovative Lehr-Lernans\u00e4tze und neueste Forschung","robots":{"index":"index","follow":"follow","max-snippet":"max-snippet:-1","max-image-preview":"max-image-preview:large","max-video-preview":"max-video-preview:-1"},"canonical":"https:\/\/festival.hfd.digital\/de\/praesenzbuehne-nuernberg-2025\/","og_locale":"de_DE","og_type":"article","og_title":"Shifting-Stage N\u00fcrnberg","og_description":"Am 14. Mai 2025 pr\u00e4sentiert die Shifting-Stage N\u00fcrnberg auf der UFF 25 innovative Lehr-Lernans\u00e4tze und neueste Forschung","og_url":"https:\/\/festival.hfd.digital\/de\/praesenzbuehne-nuernberg-2025\/","og_site_name":"University:Future Festival 2026","article_modified_time":"2026-04-10T14:57:55+00:00","og_image":[{"width":700,"height":394,"url":"https:\/\/festival.hfd.digital\/de\/wp-content\/uploads\/sites\/3\/2025\/03\/Stage-Sharepic_Shifting-Stage-Nuernberg-700x394.png","type":"image\/png"}],"twitter_card":"summary_large_image","twitter_misc":{"Gesch\u00e4tzte Lesezeit":"9\u00a0Minuten"},"schema":{"@context":"https:\/\/schema.org","@graph":[{"@type":"WebPage","@id":"https:\/\/festival.hfd.digital\/de\/praesenzbuehne-nuernberg-2025\/","url":"https:\/\/festival.hfd.digital\/de\/praesenzbuehne-nuernberg-2025\/","name":"Shifting:Stage N\u00fcrnberg 2025 - University:Future Festival 2026","isPartOf":{"@id":"https:\/\/festival.hfd.digital\/de\/#website"},"primaryImageOfPage":{"@id":"https:\/\/festival.hfd.digital\/de\/praesenzbuehne-nuernberg-2025\/#primaryimage"},"image":{"@id":"https:\/\/festival.hfd.digital\/de\/praesenzbuehne-nuernberg-2025\/#primaryimage"},"thumbnailUrl":"https:\/\/festival.hfd.digital\/de\/wp-content\/uploads\/sites\/3\/2025\/03\/Stage-Sharepic_Shifting-Stage-Nuernberg-1-700x394.png","datePublished":"2025-03-20T09:21:01+00:00","dateModified":"2026-04-10T14:57:55+00:00","description":"Am 14. Mai 2025 pr\u00e4sentiert die Shifting:Stage N\u00fcrnberg auf der UFF 25 innovative Lehr-Lernans\u00e4tze und neueste Forschung","inLanguage":"de","potentialAction":[{"@type":"ReadAction","target":["https:\/\/festival.hfd.digital\/de\/praesenzbuehne-nuernberg-2025\/"]}]},{"@type":"ImageObject","inLanguage":"de","@id":"https:\/\/festival.hfd.digital\/de\/praesenzbuehne-nuernberg-2025\/#primaryimage","url":"https:\/\/festival.hfd.digital\/de\/wp-content\/uploads\/sites\/3\/2025\/03\/Stage-Sharepic_Shifting-Stage-Nuernberg-1.png","contentUrl":"https:\/\/festival.hfd.digital\/de\/wp-content\/uploads\/sites\/3\/2025\/03\/Stage-Sharepic_Shifting-Stage-Nuernberg-1.png","width":5760,"height":3240},{"@type":"WebSite","@id":"https:\/\/festival.hfd.digital\/de\/#website","url":"https:\/\/festival.hfd.digital\/de\/","name":"University:Future Festival 2026","description":"Das j\u00e4hrliche Festival zur Zukunft der Hochschulbildung.","potentialAction":[{"@type":"SearchAction","target":{"@type":"EntryPoint","urlTemplate":"https:\/\/festival.hfd.digital\/de\/?s={search_term_string}"},"query-input":{"@type":"PropertyValueSpecification","valueRequired":true,"valueName":"search_term_string"}}],"inLanguage":"de"}]}},"_links":{"self":[{"href":"https:\/\/festival.hfd.digital\/de\/wp-json\/wp\/v2\/pages\/10648","targetHints":{"allow":["GET"]}}],"collection":[{"href":"https:\/\/festival.hfd.digital\/de\/wp-json\/wp\/v2\/pages"}],"about":[{"href":"https:\/\/festival.hfd.digital\/de\/wp-json\/wp\/v2\/types\/page"}],"author":[{"embeddable":true,"href":"https:\/\/festival.hfd.digital\/de\/wp-json\/wp\/v2\/users\/3"}],"replies":[{"embeddable":true,"href":"https:\/\/festival.hfd.digital\/de\/wp-json\/wp\/v2\/comments?post=10648"}],"version-history":[{"count":54,"href":"https:\/\/festival.hfd.digital\/de\/wp-json\/wp\/v2\/pages\/10648\/revisions"}],"predecessor-version":[{"id":12695,"href":"https:\/\/festival.hfd.digital\/de\/wp-json\/wp\/v2\/pages\/10648\/revisions\/12695"}],"wp:attachment":[{"href":"https:\/\/festival.hfd.digital\/de\/wp-json\/wp\/v2\/media?parent=10648"}],"curies":[{"name":"wp","href":"https:\/\/api.w.org\/{rel}","templated":true}]}}